{"id":2296,"date":"2023-02-14T15:32:15","date_gmt":"2023-02-14T15:32:15","guid":{"rendered":"https:\/\/vakantiehuis-oostenrijk.be\/ete"},"modified":"2025-01-24T08:01:22","modified_gmt":"2025-01-24T08:01:22","slug":"ete","status":"publish","type":"page","link":"https:\/\/vakantiehuis-oostenrijk.be\/fr\/ete\/","title":{"rendered":"Vacances d&rsquo;\u00e9t\u00e9 en Autriche"},"content":{"rendered":"<link href=\"https:\/\/fonts.googleapis.com\/css?family=Poppins:100,100i,200,200i,300,300i,400,400i,500,500i,600,600i,700,700i,800,800i,900,900i%7CMontserrat:100,100i,200,200i,300,300i,400,400i,500,500i,600,600i,700,700i,800,800i,900,900i%7CLibre+Baskerville:100,100i,200,200i,300,300i,400,400i,500,500i,600,600i,700,700i,800,800i,900,900i\" rel=\"stylesheet\"><div id=\"layerslider_18_1fntg8g1tzdus\"  class=\"ls-wp-container fitvidsignore ls-selectable\" style=\"width:1200px;height:650px;margin:0 auto;margin-bottom: 0px;\"><div class=\"ls-slide\" data-ls=\"bgsize:auto;duration:3200;transition2d:13;parallaxevent:scroll;parallaxdurationmove:100;parallaxdistance:30;\"><img loading=\"lazy\" decoding=\"async\" width=\"2560\" height=\"1920\" src=\"https:\/\/vakantiehuis-oostenrijk.be\/wp-content\/uploads\/2023\/01\/IMG_2724-Riesneralm-scaled.jpg\" class=\"ls-bg\" alt=\"Riesneralm\" srcset=\"https:\/\/vakantiehuis-oostenrijk.be\/wp-content\/uploads\/2023\/01\/IMG_2724-Riesneralm-scaled.jpg 2560w, https:\/\/vakantiehuis-oostenrijk.be\/wp-content\/uploads\/2023\/01\/IMG_2724-Riesneralm-300x225.jpg 300w, https:\/\/vakantiehuis-oostenrijk.be\/wp-content\/uploads\/2023\/01\/IMG_2724-Riesneralm-1024x768.jpg 1024w, https:\/\/vakantiehuis-oostenrijk.be\/wp-content\/uploads\/2023\/01\/IMG_2724-Riesneralm-768x576.jpg 768w, https:\/\/vakantiehuis-oostenrijk.be\/wp-content\/uploads\/2023\/01\/IMG_2724-Riesneralm-1536x1152.jpg 1536w, https:\/\/vakantiehuis-oostenrijk.be\/wp-content\/uploads\/2023\/01\/IMG_2724-Riesneralm-2048x1536.jpg 2048w\" sizes=\"auto, (max-width: 2560px) 100vw, 2560px\" \/><h1 style=\"letter-spacing:22px;font-family:Montserrat;top:37px;left:214px;mix-blend-mode:soft-light;font-weight:700;font-size:100px;color:#ffffff;\" class=\"ls-l ls-text-layer\" data-ls=\"offsetyin:30;durationin:2000;delayin:300;easingin:easeOutExpo;scalexin:0.8;filterin:sepia(60%);transitionout:false;texttransitionout:true;texttypeout:chars_asc;textshiftout:100;textdurationout:0;texteasingout:easeInBack;textrotateout:360;textscalexout:0.3;textscaleyout:0.3;texttransformoriginout:50% 72.8% 0;hover:true;hovereasingin:easeInOutQuint;hoveropacity:1;parallax:true;parallaxlevel:3;\">Riesneralm<\/h1><h1 style=\"letter-spacing:0.5em;font-family:Libre Baskerville;font-size:18px;color:#ffffff;top:200px;left:272px;\" class=\"ls-l ls-text-layer\" data-ls=\"durationin:1900;delayin:600;easingin:easeOutExpo;scalexin:0.8;transitionout:false;texttransitionout:true;texttypeout:chars_rand;textshiftout:20;textdurationout:400;texteasingout:easeInBack;textstartatout:transitioninend - 0;textscalexout:0.4;textscaleyout:0.4;texttransformoriginout:50% -206.9% 0;parallax:true;parallaxlevel:3;\">O\u00f9 le temps s'est arr\u00eat\u00e9<\/h1><\/div><div class=\"ls-slide\" data-ls=\"duration:7500;transition2d:14;\"><img loading=\"lazy\" decoding=\"async\" width=\"2560\" height=\"1920\" src=\"https:\/\/vakantiehuis-oostenrijk.be\/wp-content\/uploads\/2023\/01\/IMG_4627-Vallei-Donnersbachwald-scaled.jpg\" class=\"ls-bg\" alt=\"Vue sur la vall\u00e9e de Donnersbachtal depuis une randonn\u00e9e au d\u00e9part de Haus Erna\" srcset=\"https:\/\/vakantiehuis-oostenrijk.be\/wp-content\/uploads\/2023\/01\/IMG_4627-Vallei-Donnersbachwald-scaled.jpg 2560w, https:\/\/vakantiehuis-oostenrijk.be\/wp-content\/uploads\/2023\/01\/IMG_4627-Vallei-Donnersbachwald-300x225.jpg 300w, https:\/\/vakantiehuis-oostenrijk.be\/wp-content\/uploads\/2023\/01\/IMG_4627-Vallei-Donnersbachwald-1024x768.jpg 1024w, https:\/\/vakantiehuis-oostenrijk.be\/wp-content\/uploads\/2023\/01\/IMG_4627-Vallei-Donnersbachwald-768x576.jpg 768w, https:\/\/vakantiehuis-oostenrijk.be\/wp-content\/uploads\/2023\/01\/IMG_4627-Vallei-Donnersbachwald-1536x1152.jpg 1536w, https:\/\/vakantiehuis-oostenrijk.be\/wp-content\/uploads\/2023\/01\/IMG_4627-Vallei-Donnersbachwald-2048x1536.jpg 2048w\" sizes=\"auto, (max-width: 2560px) 100vw, 2560px\" \/><p style=\"letter-spacing: 0.25em;font-family:Poppins;font-size:54px;color:#ffffff;top:136px;left:250px;line-height:81px;\" class=\"ls-l ls-text-layer\" data-ls=\"easingin:easeOutExpo;durationout:400;texttransitionin:true;texttypein:chars_asc;textoffsetxin:-300|300;texteasingin:easeOutExpo;textstartatin:transitioninstart + 0;parallaxlevel:0;\">Donnersbachwald<\/p><p style=\"letter-spacing: 0.05em; text-align: center;width:760px;font-family:Poppins;font-size:42px;color:#ffffff;top:232px;left:50%;white-space:normal;\" class=\"ls-l ls-text-layer\" data-ls=\"transitionin:false;durationout:400;texttransitionin:true;texttypein:lines_asc;textoffsetyin:-50;textdurationin:1500;texteasingin:easeOutExpo;textstartatin:transitioninstart + 800;\">Une perle cach\u00e9e<\/p><img loading=\"lazy\" decoding=\"async\" width=\"2560\" height=\"1920\" src=\"https:\/\/vakantiehuis-oostenrijk.be\/wp-content\/uploads\/2023\/01\/IMG_2694-Bloemen-op-de-Riesneralm-scaled.jpg\" class=\"ls-l ls-img-layer\" alt=\"Fleurs sur la Riesneralm\" srcset=\"https:\/\/vakantiehuis-oostenrijk.be\/wp-content\/uploads\/2023\/01\/IMG_2694-Bloemen-op-de-Riesneralm-scaled.jpg 2560w, https:\/\/vakantiehuis-oostenrijk.be\/wp-content\/uploads\/2023\/01\/IMG_2694-Bloemen-op-de-Riesneralm-300x225.jpg 300w, https:\/\/vakantiehuis-oostenrijk.be\/wp-content\/uploads\/2023\/01\/IMG_2694-Bloemen-op-de-Riesneralm-1024x768.jpg 1024w, https:\/\/vakantiehuis-oostenrijk.be\/wp-content\/uploads\/2023\/01\/IMG_2694-Bloemen-op-de-Riesneralm-768x576.jpg 768w, https:\/\/vakantiehuis-oostenrijk.be\/wp-content\/uploads\/2023\/01\/IMG_2694-Bloemen-op-de-Riesneralm-1536x1152.jpg 1536w, https:\/\/vakantiehuis-oostenrijk.be\/wp-content\/uploads\/2023\/01\/IMG_2694-Bloemen-op-de-Riesneralm-2048x1536.jpg 2048w\" sizes=\"auto, (max-width: 2560px) 100vw, 2560px\" style=\"top:338px;left:10px;width:380px;border-width:5px 5px 5px 5px;border-color:#ffffff;height:280px;\" data-ls=\"offsetyin:-100;durationin:1500;delayin:2000;easingin:easeOutExpo;rotatexin:50;transformoriginin:50% 50% -100px;durationout:400;parallaxlevel:0;\"><div style=\"width:220px;height:40px;top:583px;left:100px;background-color:#282828;\" class=\"ls-l ls-html-layer\" data-ls=\"offsetyin:-100;durationin:1500;delayin:2000;easingin:easeOutExpo;rotatexin:50;transformoriginin:50% -33.7% -200px;durationout:400;parallaxlevel:0;\"><\/div><div style=\"font-family:Poppins;font-size:23px;color:#f1f1f1;top:585px;left:167px;font-weight:700;\" class=\"ls-l ls-html-layer\" data-ls=\"offsetyin:-100;durationin:1500;delayin:2000;easingin:easeOutExpo;rotatexin:50;transformoriginin:50.4% -127.3% -300px;durationout:400;parallaxlevel:0;\">Nature<\/div><img loading=\"lazy\" decoding=\"async\" width=\"2000\" height=\"1333\" src=\"https:\/\/vakantiehuis-oostenrijk.be\/wp-content\/uploads\/layerslider\/projects\/Mountain-Bike-%E2%80%93-Main-Slider\/bike4_jpg2-compressor.jpg\" class=\"ls-l ls-img-layer\" alt=\"Biking\" srcset=\"https:\/\/vakantiehuis-oostenrijk.be\/wp-content\/uploads\/layerslider\/projects\/Mountain-Bike-\u2013-Main-Slider\/bike4_jpg2-compressor.jpg 2000w, https:\/\/vakantiehuis-oostenrijk.be\/wp-content\/uploads\/layerslider\/projects\/Mountain-Bike-\u2013-Main-Slider\/bike4_jpg2-compressor-300x200.jpg 300w, https:\/\/vakantiehuis-oostenrijk.be\/wp-content\/uploads\/layerslider\/projects\/Mountain-Bike-\u2013-Main-Slider\/bike4_jpg2-compressor-1024x682.jpg 1024w, https:\/\/vakantiehuis-oostenrijk.be\/wp-content\/uploads\/layerslider\/projects\/Mountain-Bike-\u2013-Main-Slider\/bike4_jpg2-compressor-768x512.jpg 768w, https:\/\/vakantiehuis-oostenrijk.be\/wp-content\/uploads\/layerslider\/projects\/Mountain-Bike-\u2013-Main-Slider\/bike4_jpg2-compressor-1536x1024.jpg 1536w\" sizes=\"auto, (max-width: 2000px) 100vw, 2000px\" style=\"top:338px;left:410px;width:380px;border-width:5px 5px 5px 5px;border-color:#ffffff;height:280px;\" data-ls=\"offsetyin:-100;durationin:1500;delayin:3500;easingin:easeOutExpo;rotatexin:50;transformoriginin:50% 50% -100px;durationout:400;parallaxlevel:0;\"><div style=\"width:220px;height:40px;top:583px;left:491px;background-color:#282828;\" class=\"ls-l ls-html-layer\" data-ls=\"offsetyin:-100;durationin:1500;delayin:3500;easingin:easeOutExpo;rotatexin:50;transformoriginin:50% -33.7% -200px;durationout:400;parallaxlevel:0;\"><\/div><div style=\"font-family:Poppins;font-size:23px;color:#f1f1f1;top:586px;left:50%;font-weight:700;\" class=\"ls-l ls-html-layer\" data-ls=\"offsetyin:-100;durationin:1500;delayin:3500;easingin:easeOutExpo;rotatexin:50;transformoriginin:50.4% -127.3% -300px;durationout:400;parallaxlevel:0;\">Aventure<\/div><img loading=\"lazy\" decoding=\"async\" width=\"490\" height=\"362\" src=\"https:\/\/vakantiehuis-oostenrijk.be\/wp-content\/uploads\/2023\/01\/Schloss_Trautenfels.jpg\" class=\"ls-l ls-img-layer\" alt=\"Schloss Trautenfels\" srcset=\"https:\/\/vakantiehuis-oostenrijk.be\/wp-content\/uploads\/2023\/01\/Schloss_Trautenfels.jpg 490w, https:\/\/vakantiehuis-oostenrijk.be\/wp-content\/uploads\/2023\/01\/Schloss_Trautenfels-300x222.jpg 300w\" sizes=\"auto, (max-width: 490px) 100vw, 490px\" style=\"top:338px;left:810px;width:380px;border-width:5px 5px 5px 5px;border-color:#ffffff;height:280px;\" data-ls=\"offsetyin:-100;durationin:1500;delayin:5000;easingin:easeOutExpo;rotatexin:50;transformoriginin:50% 50% -100px;durationout:400;parallaxlevel:0;\"><div style=\"width:220px;height:40px;top:583px;left:891px;background-color:#282828;\" class=\"ls-l ls-html-layer\" data-ls=\"offsetyin:-100;durationin:1500;delayin:5000;easingin:easeOutExpo;rotatexin:50;transformoriginin:50% -33.7% -200px;durationout:400;parallaxlevel:0;\"><\/div><div style=\"font-family:Poppins;font-size:23px;color:#f1f1f1;top:589px;left:960px;font-weight:700;\" class=\"ls-l ls-html-layer\" data-ls=\"offsetyin:-100;durationin:1500;delayin:5000;easingin:easeOutExpo;rotatexin:50;transformoriginin:50.4% -127.3% -300px;durationout:400;parallaxlevel:0;\">Culture<\/div><\/div><div class=\"ls-slide\" data-ls=\"duration:13500;transition2d:14;\"><img loading=\"lazy\" decoding=\"async\" width=\"2560\" height=\"1920\" src=\"https:\/\/vakantiehuis-oostenrijk.be\/wp-content\/uploads\/2023\/01\/IMG_4627-Vallei-Donnersbachwald-scaled.jpg\" class=\"ls-bg\" alt=\"Vue sur la vall\u00e9e de Donnersbachtal depuis une randonn\u00e9e au d\u00e9part de Haus Erna\" srcset=\"https:\/\/vakantiehuis-oostenrijk.be\/wp-content\/uploads\/2023\/01\/IMG_4627-Vallei-Donnersbachwald-scaled.jpg 2560w, https:\/\/vakantiehuis-oostenrijk.be\/wp-content\/uploads\/2023\/01\/IMG_4627-Vallei-Donnersbachwald-300x225.jpg 300w, https:\/\/vakantiehuis-oostenrijk.be\/wp-content\/uploads\/2023\/01\/IMG_4627-Vallei-Donnersbachwald-1024x768.jpg 1024w, https:\/\/vakantiehuis-oostenrijk.be\/wp-content\/uploads\/2023\/01\/IMG_4627-Vallei-Donnersbachwald-768x576.jpg 768w, https:\/\/vakantiehuis-oostenrijk.be\/wp-content\/uploads\/2023\/01\/IMG_4627-Vallei-Donnersbachwald-1536x1152.jpg 1536w, https:\/\/vakantiehuis-oostenrijk.be\/wp-content\/uploads\/2023\/01\/IMG_4627-Vallei-Donnersbachwald-2048x1536.jpg 2048w\" sizes=\"auto, (max-width: 2560px) 100vw, 2560px\" \/><p style=\"letter-spacing: 0.25em;font-family:Poppins;font-size:54px;color:#ffffff;top:347px;left:250px;line-height:81px;\" class=\"ls-l ls-text-layer\" data-ls=\"easingin:easeOutExpo;durationout:400;texttransitionin:true;texttypein:chars_asc;textoffsetxin:-300|300;texteasingin:easeOutExpo;textstartatin:transitioninstart + 0;parallaxlevel:0;\">Donnersbachwald<\/p><p style=\"letter-spacing: 0.05em; text-align: center;width:760px;font-family:Poppins;font-size:42px;color:#ffffff;top:535px;left:50%;white-space:normal;\" class=\"ls-l ls-text-layer\" data-ls=\"transitionin:false;durationout:400;texttransitionin:true;texttypein:lines_asc;textoffsetyin:-50;textdurationin:1500;texteasingin:easeOutExpo;textstartatin:transitioninstart + 800;\">Des vues extraordinaires<\/p><img loading=\"lazy\" decoding=\"async\" width=\"2560\" height=\"1920\" src=\"https:\/\/vakantiehuis-oostenrijk.be\/wp-content\/uploads\/2023\/01\/IMG_4674-Zicht-op-Finsterkar-Alm-scaled.jpg\" class=\"ls-l ls-img-layer\" alt=\"Vue du refuge Finsterkar Alm\" srcset=\"https:\/\/vakantiehuis-oostenrijk.be\/wp-content\/uploads\/2023\/01\/IMG_4674-Zicht-op-Finsterkar-Alm-scaled.jpg 2560w, https:\/\/vakantiehuis-oostenrijk.be\/wp-content\/uploads\/2023\/01\/IMG_4674-Zicht-op-Finsterkar-Alm-300x225.jpg 300w, https:\/\/vakantiehuis-oostenrijk.be\/wp-content\/uploads\/2023\/01\/IMG_4674-Zicht-op-Finsterkar-Alm-1024x768.jpg 1024w, https:\/\/vakantiehuis-oostenrijk.be\/wp-content\/uploads\/2023\/01\/IMG_4674-Zicht-op-Finsterkar-Alm-768x576.jpg 768w, https:\/\/vakantiehuis-oostenrijk.be\/wp-content\/uploads\/2023\/01\/IMG_4674-Zicht-op-Finsterkar-Alm-1536x1152.jpg 1536w, https:\/\/vakantiehuis-oostenrijk.be\/wp-content\/uploads\/2023\/01\/IMG_4674-Zicht-op-Finsterkar-Alm-2048x1536.jpg 2048w\" sizes=\"auto, (max-width: 2560px) 100vw, 2560px\" style=\"top:45px;left:10px;width:380px;border-width:5px 5px 5px 5px;border-color:#ffffff;height:280px;\" data-ls=\"offsetyin:-100;durationin:1500;delayin:7000;easingin:easeOutExpo;rotatexin:50;transformoriginin:50% 50% -100px;durationout:400;parallaxlevel:0;\"><img loading=\"lazy\" decoding=\"async\" width=\"1920\" height=\"2560\" src=\"https:\/\/vakantiehuis-oostenrijk.be\/wp-content\/uploads\/2023\/01\/IMG_4626-Zicht-op-Donnersbachtal-scaled.jpg\" class=\"ls-l ls-img-layer\" alt=\"Vue sur la vall\u00e9e du Donnersbachtal depuis une promenade de Haus Erna vers Finsterkar Alm.\" srcset=\"https:\/\/vakantiehuis-oostenrijk.be\/wp-content\/uploads\/2023\/01\/IMG_4626-Zicht-op-Donnersbachtal-scaled.jpg 1920w, https:\/\/vakantiehuis-oostenrijk.be\/wp-content\/uploads\/2023\/01\/IMG_4626-Zicht-op-Donnersbachtal-225x300.jpg 225w, https:\/\/vakantiehuis-oostenrijk.be\/wp-content\/uploads\/2023\/01\/IMG_4626-Zicht-op-Donnersbachtal-768x1024.jpg 768w, https:\/\/vakantiehuis-oostenrijk.be\/wp-content\/uploads\/2023\/01\/IMG_4626-Zicht-op-Donnersbachtal-1152x1536.jpg 1152w, https:\/\/vakantiehuis-oostenrijk.be\/wp-content\/uploads\/2023\/01\/IMG_4626-Zicht-op-Donnersbachtal-1536x2048.jpg 1536w\" sizes=\"auto, (max-width: 1920px) 100vw, 1920px\" style=\"top:45px;left:10px;width:380px;border-width:5px 5px 5px 5px;border-color:#ffffff;height:280px;\" data-ls=\"offsetyin:-100;durationin:1500;delayin:2000;easingin:easeOutExpo;rotatexin:50;transformoriginin:50% 50% -100px;durationout:6500;startatout:allinend + 0;parallaxlevel:0;\"><img loading=\"lazy\" decoding=\"async\" width=\"2560\" height=\"1920\" src=\"https:\/\/vakantiehuis-oostenrijk.be\/wp-content\/uploads\/2023\/01\/IMG_5143-Zicht-aan-Morskarbach-Alm-scaled.jpg\" class=\"ls-l ls-img-layer\" alt='Vue sur le refuge \"Morskarbach Alm\"' srcset=\"https:\/\/vakantiehuis-oostenrijk.be\/wp-content\/uploads\/2023\/01\/IMG_5143-Zicht-aan-Morskarbach-Alm-scaled.jpg 2560w, https:\/\/vakantiehuis-oostenrijk.be\/wp-content\/uploads\/2023\/01\/IMG_5143-Zicht-aan-Morskarbach-Alm-300x225.jpg 300w, https:\/\/vakantiehuis-oostenrijk.be\/wp-content\/uploads\/2023\/01\/IMG_5143-Zicht-aan-Morskarbach-Alm-1024x768.jpg 1024w, https:\/\/vakantiehuis-oostenrijk.be\/wp-content\/uploads\/2023\/01\/IMG_5143-Zicht-aan-Morskarbach-Alm-768x576.jpg 768w, https:\/\/vakantiehuis-oostenrijk.be\/wp-content\/uploads\/2023\/01\/IMG_5143-Zicht-aan-Morskarbach-Alm-1536x1152.jpg 1536w, https:\/\/vakantiehuis-oostenrijk.be\/wp-content\/uploads\/2023\/01\/IMG_5143-Zicht-aan-Morskarbach-Alm-2048x1536.jpg 2048w\" sizes=\"auto, (max-width: 2560px) 100vw, 2560px\" style=\"top:45px;left:410px;width:380px;border-width:5px 5px 5px 5px;border-color:#ffffff;height:280px;\" data-ls=\"offsetyin:-100;durationin:1500;delayin:8500;easingin:easeOutExpo;rotatexin:50;transformoriginin:50% 50% -100px;durationout:400;parallaxlevel:0;\"><img loading=\"lazy\" decoding=\"async\" width=\"2560\" height=\"1920\" src=\"https:\/\/vakantiehuis-oostenrijk.be\/wp-content\/uploads\/2023\/01\/IMG_4653-Wandelen-naar-Finsterkar-Alm-scaled.jpg\" class=\"ls-l ls-img-layer\" alt=\"Randonn\u00e9e vers Finsterkar Alm\" srcset=\"https:\/\/vakantiehuis-oostenrijk.be\/wp-content\/uploads\/2023\/01\/IMG_4653-Wandelen-naar-Finsterkar-Alm-scaled.jpg 2560w, https:\/\/vakantiehuis-oostenrijk.be\/wp-content\/uploads\/2023\/01\/IMG_4653-Wandelen-naar-Finsterkar-Alm-300x225.jpg 300w, https:\/\/vakantiehuis-oostenrijk.be\/wp-content\/uploads\/2023\/01\/IMG_4653-Wandelen-naar-Finsterkar-Alm-1024x768.jpg 1024w, https:\/\/vakantiehuis-oostenrijk.be\/wp-content\/uploads\/2023\/01\/IMG_4653-Wandelen-naar-Finsterkar-Alm-768x576.jpg 768w, https:\/\/vakantiehuis-oostenrijk.be\/wp-content\/uploads\/2023\/01\/IMG_4653-Wandelen-naar-Finsterkar-Alm-1536x1152.jpg 1536w, https:\/\/vakantiehuis-oostenrijk.be\/wp-content\/uploads\/2023\/01\/IMG_4653-Wandelen-naar-Finsterkar-Alm-2048x1536.jpg 2048w\" sizes=\"auto, (max-width: 2560px) 100vw, 2560px\" style=\"top:45px;left:410px;width:380px;border-width:5px 5px 5px 5px;border-color:#ffffff;height:280px;\" data-ls=\"offsetyin:-100;durationin:1500;delayin:3500;easingin:easeOutExpo;rotatexin:50;transformoriginin:50% 50% -100px;durationout:7500;startatout:allinend + 0;parallaxlevel:0;\"><img loading=\"lazy\" decoding=\"async\" width=\"2560\" height=\"1920\" src=\"https:\/\/vakantiehuis-oostenrijk.be\/wp-content\/uploads\/2023\/01\/IMG_2678-Zicht-op-Donnersbachdal-scaled.jpg\" class=\"ls-l ls-img-layer\" alt=\"Vue sur Donnersbachwald\" srcset=\"https:\/\/vakantiehuis-oostenrijk.be\/wp-content\/uploads\/2023\/01\/IMG_2678-Zicht-op-Donnersbachdal-scaled.jpg 2560w, https:\/\/vakantiehuis-oostenrijk.be\/wp-content\/uploads\/2023\/01\/IMG_2678-Zicht-op-Donnersbachdal-300x225.jpg 300w, https:\/\/vakantiehuis-oostenrijk.be\/wp-content\/uploads\/2023\/01\/IMG_2678-Zicht-op-Donnersbachdal-1024x768.jpg 1024w, https:\/\/vakantiehuis-oostenrijk.be\/wp-content\/uploads\/2023\/01\/IMG_2678-Zicht-op-Donnersbachdal-768x576.jpg 768w, https:\/\/vakantiehuis-oostenrijk.be\/wp-content\/uploads\/2023\/01\/IMG_2678-Zicht-op-Donnersbachdal-1536x1152.jpg 1536w, https:\/\/vakantiehuis-oostenrijk.be\/wp-content\/uploads\/2023\/01\/IMG_2678-Zicht-op-Donnersbachdal-2048x1536.jpg 2048w\" sizes=\"auto, (max-width: 2560px) 100vw, 2560px\" style=\"top:44px;left:810px;width:380px;border-width:5px 5px 5px 5px;border-color:#ffffff;height:280px;\" data-ls=\"offsetyin:-100;durationin:1500;delayin:10000;easingin:easeOutExpo;rotatexin:50;transformoriginin:50% 50% -100px;durationout:400;parallaxlevel:0;\"><img loading=\"lazy\" decoding=\"async\" width=\"2560\" height=\"1920\" src=\"https:\/\/vakantiehuis-oostenrijk.be\/wp-content\/uploads\/2023\/01\/IMG_4754-Zicht-op-verlaten-huis-scaled.jpg\" class=\"ls-l ls-img-layer\" alt=\"Maison abandonn\u00e9e sur le Planneralm\" srcset=\"https:\/\/vakantiehuis-oostenrijk.be\/wp-content\/uploads\/2023\/01\/IMG_4754-Zicht-op-verlaten-huis-scaled.jpg 2560w, https:\/\/vakantiehuis-oostenrijk.be\/wp-content\/uploads\/2023\/01\/IMG_4754-Zicht-op-verlaten-huis-300x225.jpg 300w, https:\/\/vakantiehuis-oostenrijk.be\/wp-content\/uploads\/2023\/01\/IMG_4754-Zicht-op-verlaten-huis-1024x768.jpg 1024w, https:\/\/vakantiehuis-oostenrijk.be\/wp-content\/uploads\/2023\/01\/IMG_4754-Zicht-op-verlaten-huis-768x576.jpg 768w, https:\/\/vakantiehuis-oostenrijk.be\/wp-content\/uploads\/2023\/01\/IMG_4754-Zicht-op-verlaten-huis-1536x1152.jpg 1536w, https:\/\/vakantiehuis-oostenrijk.be\/wp-content\/uploads\/2023\/01\/IMG_4754-Zicht-op-verlaten-huis-2048x1536.jpg 2048w\" sizes=\"auto, (max-width: 2560px) 100vw, 2560px\" style=\"top:44px;left:810px;width:380px;border-width:5px 5px 5px 5px;border-color:#ffffff;height:280px;\" data-ls=\"offsetyin:-100;durationin:1500;delayin:5000;easingin:easeOutExpo;rotatexin:50;transformoriginin:50% 50% -100px;durationout:8000;startatout:allinend + 0;parallaxlevel:0;\"><\/div><\/div>\n\n<p>Vous cherchez un conseil secret pour vos vacances d&rsquo;\u00e9t\u00e9 en Autriche ? Un petit bijou cach\u00e9 ? Ici, dans le merveilleux village de Donnersbachwald, vous trouverez encore de l&rsquo;authenticit\u00e9. Le village est un peu isol\u00e9 et c&rsquo;est justement ce qui fait son charme. Ici, les anciennes traditions sont toujours vivantes. Le voyageur actif dispose de nombreuses options. Et apr\u00e8s une journ\u00e9e \u00e9puisante, vous pouvez profiter de la belle terrasse couverte du <a href=\"https:\/\/vakantiehuis-oostenrijk.be\/fr\">Haus Erna<\/a> o\u00f9 un barbecue \u00e0 gaz Weber vous attend Ensuite, vous prenez un bain moussant et \u00e9ventuellement encore un sauna, et vous profitez d&rsquo;une nuit de sommeil bien m\u00e9rit\u00e9e.<\/p>\n\n<div class=\"wp-block-stackable-columns stk-block-columns stk-block stk-4614463 stk-block-background stk--has-background-overlay\" data-block-id=\"4614463\"><style>.stk-4614463 {background-color:linear-gradient(40deg, #276144 25%, var(--theme-palette-color-2, #25ad99) 80%) !important;margin-top:50px !important;}.stk-4614463:before{background-image:linear-gradient(40deg, #276144 25%, var(--theme-palette-color-2, #25ad99) 80%) !important;}<\/style><div class=\"stk-row stk-inner-blocks stk-block-content stk-content-align stk-4614463-column\">\n<div class=\"wp-block-stackable-column stk-block-column stk-column stk-block stk-2d5769a\" data-v=\"4\" data-block-id=\"2d5769a\"><div class=\"stk-column-wrapper stk-block-column__content stk-container stk-2d5769a-container stk--no-background stk--no-padding\"><div class=\"stk-block-content stk-inner-blocks stk-2d5769a-inner-blocks\">\n<h3 class=\"wp-block-heading has-text-align-center has-palette-color-6-color has-text-color\">Marcher sans fin<\/h3>\n<\/div><\/div><\/div>\n<\/div><\/div>\n\n<div class=\"wp-block-stackable-columns stk-block-columns stk-block stk-f2d2a04\" data-block-id=\"f2d2a04\"><div class=\"stk-row stk-inner-blocks stk-block-content stk-content-align stk-f2d2a04-column\">\n<div class=\"wp-block-stackable-column stk-block-column stk-column stk-block stk-fe27a0c\" data-v=\"4\" data-block-id=\"fe27a0c\"><style>.stk-fe27a0c-container{min-height:130px !important;}<\/style><div class=\"stk-column-wrapper stk-block-column__content stk-container stk-fe27a0c-container stk--no-background stk--no-padding\"><div class=\"stk-block-content stk-inner-blocks stk-fe27a0c-inner-blocks\">\n<div class=\"wp-block-stackable-card stk-block-card stk-block stk-7824cbe is-style-default\" data-v=\"2\" data-block-id=\"7824cbe\"><style>.stk-7824cbe-container{background-color:var(--theme-palette-color-5, #EBEBEB) !important;border-style:solid !important;}.stk-7824cbe-container:before{background-color:var(--theme-palette-color-5, #EBEBEB) !important;}.stk-7824cbe .stk-block-card__content{min-height:130px !important;}<\/style><div class=\"stk--no-padding stk-container stk-7824cbe-container stk-hover-parent\"><figure class=\"stk-block-card__image stk-img-wrapper stk-image--shape-stretch\"><img loading=\"lazy\" decoding=\"async\" class=\"stk-img wp-image-746\" src=\"https:\/\/vakantiehuis-oostenrijk.be\/wp-content\/uploads\/2023\/01\/IMG_4596-Donnersbachklamm-scaled.jpg\" width=\"2560\" height=\"1920\" alt=\"Donnersbachklamm, un endroit un peu plus frais pendant les chaudes journ\u00e9es d&#039;\u00e9t\u00e9.\" srcset=\"https:\/\/vakantiehuis-oostenrijk.be\/wp-content\/uploads\/2023\/01\/IMG_4596-Donnersbachklamm-scaled.jpg 2560w, https:\/\/vakantiehuis-oostenrijk.be\/wp-content\/uploads\/2023\/01\/IMG_4596-Donnersbachklamm-300x225.jpg 300w, https:\/\/vakantiehuis-oostenrijk.be\/wp-content\/uploads\/2023\/01\/IMG_4596-Donnersbachklamm-1024x768.jpg 1024w, https:\/\/vakantiehuis-oostenrijk.be\/wp-content\/uploads\/2023\/01\/IMG_4596-Donnersbachklamm-768x576.jpg 768w, https:\/\/vakantiehuis-oostenrijk.be\/wp-content\/uploads\/2023\/01\/IMG_4596-Donnersbachklamm-1536x1152.jpg 1536w, https:\/\/vakantiehuis-oostenrijk.be\/wp-content\/uploads\/2023\/01\/IMG_4596-Donnersbachklamm-2048x1536.jpg 2048w\" sizes=\"auto, (max-width: 2560px) 100vw, 2560px\" \/><\/figure><div class=\"stk-container-padding stk-block-card__content\"><div class=\"stk-block-content stk-inner-blocks stk-7824cbe-inner-blocks\">\n<h4 class=\"wp-block-heading has-text-align-center\">Donnersbachklamm<\/h4>\n\n\n\n<div class=\"wp-block-stackable-text stk-block-text stk-block stk-c06607f\" data-block-id=\"c06607f\"><style>.stk-c06607f {min-height:135px !important;}<\/style><p class=\"stk-block-text__text\">Se promener le long de l&rsquo;eau tourbillonnante avec des ponts, des cascades, &#8230; \u00c0 ne pas rater lors de vos vacances d&rsquo;\u00e9t\u00e9 en Autriche.<\/p><\/div>\n<\/div><\/div><\/div><\/div>\n\n\n\n<div class=\"wp-block-stackable-card stk-block-card stk-block stk-8577d43 is-style-default\" data-v=\"2\" data-block-id=\"8577d43\"><style>.stk-8577d43-container{background-color:var(--theme-palette-color-5, #EBEBEB) !important;border-style:solid !important;}.stk-8577d43-container:before{background-color:var(--theme-palette-color-5, #EBEBEB) !important;}.stk-8577d43 .stk-block-card__content{min-height:130px !important;}<\/style><div class=\"stk--no-padding stk-container stk-8577d43-container stk-hover-parent\"><figure class=\"stk-block-card__image stk-img-wrapper stk-image--shape-stretch\"><img loading=\"lazy\" decoding=\"async\" class=\"stk-img wp-image-751\" src=\"https:\/\/vakantiehuis-oostenrijk.be\/wp-content\/uploads\/2023\/01\/IMG_5151-Morskarbachalm-scaled.jpg\" width=\"2560\" height=\"1920\" alt=\"Randonn\u00e9e circulaire au d\u00e9part du M\u00f6rsbachwirt Alm.\" srcset=\"https:\/\/vakantiehuis-oostenrijk.be\/wp-content\/uploads\/2023\/01\/IMG_5151-Morskarbachalm-scaled.jpg 2560w, https:\/\/vakantiehuis-oostenrijk.be\/wp-content\/uploads\/2023\/01\/IMG_5151-Morskarbachalm-300x225.jpg 300w, https:\/\/vakantiehuis-oostenrijk.be\/wp-content\/uploads\/2023\/01\/IMG_5151-Morskarbachalm-1024x768.jpg 1024w, https:\/\/vakantiehuis-oostenrijk.be\/wp-content\/uploads\/2023\/01\/IMG_5151-Morskarbachalm-768x576.jpg 768w, https:\/\/vakantiehuis-oostenrijk.be\/wp-content\/uploads\/2023\/01\/IMG_5151-Morskarbachalm-1536x1152.jpg 1536w, https:\/\/vakantiehuis-oostenrijk.be\/wp-content\/uploads\/2023\/01\/IMG_5151-Morskarbachalm-2048x1536.jpg 2048w\" sizes=\"auto, (max-width: 2560px) 100vw, 2560px\" \/><\/figure><div class=\"stk-container-padding stk-block-card__content\"><div class=\"stk-block-content stk-inner-blocks stk-8577d43-inner-blocks\">\n<h4 class=\"wp-block-heading has-text-align-center\">M\u00f6rsbachwirt Alm<\/h4>\n\n\n\n<div class=\"wp-block-stackable-text stk-block-text stk-block stk-4e7d5b1\" data-block-id=\"4e7d5b1\"><style>.stk-4e7d5b1 {min-height:85px !important;}<\/style><p class=\"stk-block-text__text\">Des vues d\u00e9solantes uniques sur la promenade circulaire qui commence au pittoresque refuge \u00ab\u00a0Morsbachwirt Alm\u00a0\u00bb. <\/p><\/div>\n<\/div><\/div><\/div><\/div>\n<\/div><\/div><\/div>\n\n\n\n<div class=\"wp-block-stackable-column stk-block-column stk-column stk-block stk-a168dd1\" data-v=\"4\" data-block-id=\"a168dd1\"><style>.stk-a168dd1-container{min-height:130px !important;}<\/style><div class=\"stk-column-wrapper stk-block-column__content stk-container stk-a168dd1-container stk--no-background stk--no-padding\"><div class=\"stk-block-content stk-inner-blocks stk-a168dd1-inner-blocks\">\n<div class=\"wp-block-stackable-card stk-block-card stk-block stk-e732fd8 is-style-default\" data-v=\"2\" data-block-id=\"e732fd8\"><style>.stk-e732fd8-container{background-color:var(--theme-palette-color-5, #EBEBEB) !important;border-style:solid !important;}.stk-e732fd8-container:before{background-color:var(--theme-palette-color-5, #EBEBEB) !important;}.stk-e732fd8 .stk-block-card__content{min-height:130px !important;}<\/style><div class=\"stk--no-padding stk-container stk-e732fd8-container stk-hover-parent\"><figure class=\"stk-block-card__image stk-img-wrapper stk-image--shape-stretch\"><img loading=\"lazy\" decoding=\"async\" class=\"stk-img wp-image-748\" src=\"https:\/\/vakantiehuis-oostenrijk.be\/wp-content\/uploads\/2023\/01\/Gipfelbad.jpg\" width=\"2362\" height=\"1575\" alt=\"Pendant les vacances d&#039;\u00e9t\u00e9, rafra\u00eechissez-vous au Gipfelbad, \u00e0 1900 m\u00e8tres d&#039;altitude.\" srcset=\"https:\/\/vakantiehuis-oostenrijk.be\/wp-content\/uploads\/2023\/01\/Gipfelbad.jpg 2362w, https:\/\/vakantiehuis-oostenrijk.be\/wp-content\/uploads\/2023\/01\/Gipfelbad-300x200.jpg 300w, https:\/\/vakantiehuis-oostenrijk.be\/wp-content\/uploads\/2023\/01\/Gipfelbad-1024x683.jpg 1024w, https:\/\/vakantiehuis-oostenrijk.be\/wp-content\/uploads\/2023\/01\/Gipfelbad-768x512.jpg 768w, https:\/\/vakantiehuis-oostenrijk.be\/wp-content\/uploads\/2023\/01\/Gipfelbad-1536x1024.jpg 1536w, https:\/\/vakantiehuis-oostenrijk.be\/wp-content\/uploads\/2023\/01\/Gipfelbad-2048x1366.jpg 2048w\" sizes=\"auto, (max-width: 2362px) 100vw, 2362px\" \/><\/figure><div class=\"stk-container-padding stk-block-card__content\"><div class=\"stk-block-content stk-inner-blocks stk-e732fd8-inner-blocks\">\n<h4 class=\"wp-block-heading has-text-align-center\">Gipfelbad<\/h4>\n\n\n\n<div class=\"wp-block-stackable-text stk-block-text stk-block stk-a736067\" data-block-id=\"a736067\"><style>.stk-a736067 {min-height:135px !important;}<\/style><p class=\"stk-block-text__text\">Piscine panoramique chauff\u00e9e avec vue \u00e0 360\u00b0 sur le sommet du Riesneralm. (belle promenade par le sentier Jaga ou par le t\u00e9l\u00e9ph\u00e9rique)<\/p><\/div>\n<\/div><\/div><\/div><\/div>\n\n\n\n<div class=\"wp-block-stackable-card stk-block-card stk-block stk-94e5a0b is-style-default\" data-v=\"2\" data-block-id=\"94e5a0b\"><style>.stk-94e5a0b-container{background-color:var(--theme-palette-color-5, #EBEBEB) !important;border-style:solid !important;}.stk-94e5a0b-container:before{background-color:var(--theme-palette-color-5, #EBEBEB) !important;}.stk-94e5a0b .stk-block-card__content{min-height:130px !important;}<\/style><div class=\"stk--no-padding stk-container stk-94e5a0b-container stk-hover-parent\"><figure class=\"stk-block-card__image stk-img-wrapper stk-image--shape-stretch\"><img loading=\"lazy\" decoding=\"async\" class=\"stk-img wp-image-752\" src=\"https:\/\/vakantiehuis-oostenrijk.be\/wp-content\/uploads\/2023\/01\/IMG_4935-Deneck-Wandeling--scaled.jpg\" width=\"2560\" height=\"1920\" alt=\"Randonn\u00e9e estivale dans le magnifique Naturpark S\u00f6lkt\u00e4ler.\" srcset=\"https:\/\/vakantiehuis-oostenrijk.be\/wp-content\/uploads\/2023\/01\/IMG_4935-Deneck-Wandeling--scaled.jpg 2560w, https:\/\/vakantiehuis-oostenrijk.be\/wp-content\/uploads\/2023\/01\/IMG_4935-Deneck-Wandeling--300x225.jpg 300w, https:\/\/vakantiehuis-oostenrijk.be\/wp-content\/uploads\/2023\/01\/IMG_4935-Deneck-Wandeling--1024x768.jpg 1024w, https:\/\/vakantiehuis-oostenrijk.be\/wp-content\/uploads\/2023\/01\/IMG_4935-Deneck-Wandeling--768x576.jpg 768w, https:\/\/vakantiehuis-oostenrijk.be\/wp-content\/uploads\/2023\/01\/IMG_4935-Deneck-Wandeling--1536x1152.jpg 1536w, https:\/\/vakantiehuis-oostenrijk.be\/wp-content\/uploads\/2023\/01\/IMG_4935-Deneck-Wandeling--2048x1536.jpg 2048w\" sizes=\"auto, (max-width: 2560px) 100vw, 2560px\" \/><\/figure><div class=\"stk-container-padding stk-block-card__content\"><div class=\"stk-block-content stk-inner-blocks stk-94e5a0b-inner-blocks\">\n<h4 class=\"wp-block-heading has-text-align-center\">S\u00f6lkt\u00e4ler Naturpark<\/h4>\n\n\n\n<div class=\"wp-block-stackable-text stk-block-text stk-block stk-150a487\" data-block-id=\"150a487\"><style>.stk-150a487 {min-height:85px !important;}<\/style><p class=\"stk-block-text__text\">Magnifique randonn\u00e9e le long de 3 lacs de montagne dans l&rsquo;unique S\u00f6lkt\u00e4ler Naturpark. Plus d&rsquo;informations. <a href=\"https:\/\/www.bergfex.fr\/sommer\/steiermark\/touren\/wanderung\/21385,deneck\/\" target=\"_blank\" rel=\"noreferrer noopener\">Plus d&rsquo;infos<\/a>.<\/p><\/div>\n<\/div><\/div><\/div><\/div>\n<\/div><\/div><\/div>\n\n\n\n<div class=\"wp-block-stackable-column stk-block-column stk-column stk-block stk-58090a2\" data-v=\"4\" data-block-id=\"58090a2\"><style>.stk-58090a2-container{min-height:130px !important;}<\/style><div class=\"stk-column-wrapper stk-block-column__content stk-container stk-58090a2-container stk--no-background stk--no-padding\"><div class=\"stk-block-content stk-inner-blocks stk-58090a2-inner-blocks\">\n<div class=\"wp-block-stackable-card stk-block-card stk-block stk-e7686f6 is-style-default\" data-v=\"2\" data-block-id=\"e7686f6\"><style>.stk-e7686f6-container{background-color:var(--theme-palette-color-5, #EBEBEB) !important;border-style:solid !important;}.stk-e7686f6-container:before{background-color:var(--theme-palette-color-5, #EBEBEB) !important;}.stk-e7686f6 .stk-block-card__content{min-height:130px !important;}<\/style><div class=\"stk--no-padding stk-container stk-e7686f6-container stk-hover-parent\"><figure class=\"stk-block-card__image stk-img-wrapper stk-image--shape-stretch\"><img loading=\"lazy\" decoding=\"async\" class=\"stk-img wp-image-750\" src=\"https:\/\/vakantiehuis-oostenrijk.be\/wp-content\/uploads\/2023\/01\/Hochkapelle.jpg\" width=\"751\" height=\"496\" alt=\"Hochkapelle, la plus haute chapelle de Styrie.\" srcset=\"https:\/\/vakantiehuis-oostenrijk.be\/wp-content\/uploads\/2023\/01\/Hochkapelle.jpg 751w, https:\/\/vakantiehuis-oostenrijk.be\/wp-content\/uploads\/2023\/01\/Hochkapelle-300x198.jpg 300w\" sizes=\"auto, (max-width: 751px) 100vw, 751px\" \/><\/figure><div class=\"stk-container-padding stk-block-card__content\"><div class=\"stk-block-content stk-inner-blocks stk-e7686f6-inner-blocks\">\n<h4 class=\"wp-block-heading has-text-align-center\">Hochkapelle<\/h4>\n\n\n\n<div class=\"wp-block-stackable-text stk-block-text stk-block stk-28f616d\" data-block-id=\"28f616d\"><style>.stk-28f616d {min-height:135px !important;}<\/style><p class=\"stk-block-text__text\">La Glattjochkapelle est la plus haute chapelle de Styrie. Il n&rsquo;est accessible qu&rsquo;\u00e0 pied.<\/p><\/div>\n<\/div><\/div><\/div><\/div>\n\n\n\n<div class=\"wp-block-stackable-card stk-block-card stk-block stk-97ffe7b is-style-default\" data-v=\"2\" data-block-id=\"97ffe7b\"><style>.stk-97ffe7b-container{background-color:var(--theme-palette-color-5, #EBEBEB) !important;border-style:solid !important;}.stk-97ffe7b-container:before{background-color:var(--theme-palette-color-5, #EBEBEB) !important;}.stk-97ffe7b .stk-block-card__content{min-height:130px !important;}<\/style><div class=\"stk--no-padding stk-container stk-97ffe7b-container stk-hover-parent\"><figure class=\"stk-block-card__image stk-img-wrapper stk-image--shape-stretch\"><img loading=\"lazy\" decoding=\"async\" class=\"stk-img wp-image-753\" src=\"https:\/\/vakantiehuis-oostenrijk.be\/wp-content\/uploads\/2023\/01\/Grosssee-Tauplitzalm.webp\" width=\"250\" height=\"141\" alt=\"Randonn\u00e9e des 6 lacs \u00e0 Tauplitz\"\/><\/figure><div class=\"stk-container-padding stk-block-card__content\"><div class=\"stk-block-content stk-inner-blocks stk-97ffe7b-inner-blocks\">\n<h4 class=\"wp-block-heading has-text-align-center\">Tauplitz<\/h4>\n\n\n\n<div class=\"wp-block-stackable-text stk-block-text stk-block stk-9605598\" data-block-id=\"9605598\"><style>.stk-9605598 {min-height:85px !important;}<\/style><p class=\"stk-block-text__text\">Randonn\u00e9e aller-retour avec des vues fantastiques le long des 6 lacs de Tauplitz. <a href=\"https:\/\/janneketrektrond.nl\/wandeling-tauplitz\/\" target=\"_blank\" rel=\"noreferrer noopener\">Plus d&rsquo;infos<\/a>.<\/p><\/div>\n<\/div><\/div><\/div><\/div>\n<\/div><\/div><\/div>\n<\/div><\/div>\n\n<div class=\"wp-block-stackable-text stk-block-text stk-block stk-990856c\" data-block-id=\"990856c\"><p class=\"stk-block-text__text\">Besoin de plus d&rsquo;inspiration en mati\u00e8re de randonn\u00e9e ? Consultez les sites suivants : <a href=\"https:\/\/www.schladming-dachstein.at\/en\/regional-and-offerings\/tours\" target=\"_blank\" rel=\"noreferrer noopener\">ici<\/a>, <a href=\"https:\/\/www.komoot.com\/fr-fr\/guide\/34035\/randonnees-autour-de-irdning-donnersbachtal\" target=\"_blank\" rel=\"noreferrer noopener\">ici<\/a> et <a href=\"https:\/\/www.bergfex.fr\/sommer\/donnersbachwald-riesneralm\/touren\/wandern\/\" target=\"_blank\" rel=\"noreferrer noopener\">ici<\/a>. <\/p><\/div>\n\n<div class=\"wp-block-stackable-columns stk-block-columns stk-block stk-0d22c96 stk-block-background stk--has-background-overlay\" data-block-id=\"0d22c96\"><style>.stk-0d22c96 {background-color:linear-gradient(44deg, #276144 25%, var(--theme-palette-color-2, #25ad99) 80%) !important;}.stk-0d22c96:before{background-image:linear-gradient(44deg, #276144 25%, var(--theme-palette-color-2, #25ad99) 80%) !important;}<\/style><div class=\"stk-row stk-inner-blocks stk-block-content stk-content-align stk-0d22c96-column\">\n<div class=\"wp-block-stackable-column stk-block-column stk-column stk-block stk-48dafde\" data-v=\"4\" data-block-id=\"48dafde\"><div class=\"stk-column-wrapper stk-block-column__content stk-container stk-48dafde-container stk--no-background stk--no-padding\"><div class=\"stk-block-content stk-inner-blocks stk-48dafde-inner-blocks\">\n<h3 class=\"wp-block-heading has-text-align-center has-palette-color-6-color has-text-color\">Superbes refuges de montagne<\/h3>\n<\/div><\/div><\/div>\n<\/div><\/div>\n\n<div class=\"wp-block-stackable-columns stk-block-columns stk-block stk-5af594d\" data-block-id=\"5af594d\"><div class=\"stk-row stk-inner-blocks stk-block-content stk-content-align stk-5af594d-column\">\n<div class=\"wp-block-stackable-column stk-block-column stk-column stk-block stk-bcce6e3\" data-v=\"4\" data-block-id=\"bcce6e3\"><style>.stk-bcce6e3-container{min-height:130px !important;}<\/style><div class=\"stk-column-wrapper stk-block-column__content stk-container stk-bcce6e3-container stk--no-background stk--no-padding\"><div class=\"stk-block-content stk-inner-blocks stk-bcce6e3-inner-blocks\">\n<div class=\"wp-block-stackable-card stk-block-card stk-block stk-2611ada is-style-default\" data-v=\"2\" data-block-id=\"2611ada\"><style>.stk-2611ada-container{background-color:var(--theme-palette-color-5, #EBEBEB) !important;border-style:solid !important;}.stk-2611ada-container:before{background-color:var(--theme-palette-color-5, #EBEBEB) !important;}.stk-2611ada .stk-block-card__content{min-height:130px !important;}<\/style><div class=\"stk--no-padding stk-container stk-2611ada-container stk-hover-parent\"><figure class=\"stk-block-card__image stk-img-wrapper stk-image--shape-stretch\"><img loading=\"lazy\" decoding=\"async\" class=\"stk-img wp-image-706\" src=\"https:\/\/vakantiehuis-oostenrijk.be\/wp-content\/uploads\/2023\/01\/IMG_2764-Lechkaralm-scaled.jpg\" width=\"2560\" height=\"1920\" alt=\"Se rafra\u00eechir au refuge L\u00e4rchkar Alm pendant les vacances d&#039;\u00e9t\u00e9.\" srcset=\"https:\/\/vakantiehuis-oostenrijk.be\/wp-content\/uploads\/2023\/01\/IMG_2764-Lechkaralm-scaled.jpg 2560w, https:\/\/vakantiehuis-oostenrijk.be\/wp-content\/uploads\/2023\/01\/IMG_2764-Lechkaralm-300x225.jpg 300w, https:\/\/vakantiehuis-oostenrijk.be\/wp-content\/uploads\/2023\/01\/IMG_2764-Lechkaralm-1024x768.jpg 1024w, https:\/\/vakantiehuis-oostenrijk.be\/wp-content\/uploads\/2023\/01\/IMG_2764-Lechkaralm-768x576.jpg 768w, https:\/\/vakantiehuis-oostenrijk.be\/wp-content\/uploads\/2023\/01\/IMG_2764-Lechkaralm-1536x1152.jpg 1536w, https:\/\/vakantiehuis-oostenrijk.be\/wp-content\/uploads\/2023\/01\/IMG_2764-Lechkaralm-2048x1536.jpg 2048w\" sizes=\"auto, (max-width: 2560px) 100vw, 2560px\" \/><\/figure><div class=\"stk-container-padding stk-block-card__content\"><div class=\"stk-block-content stk-inner-blocks stk-2611ada-inner-blocks\">\n<h4 class=\"wp-block-heading has-text-align-center\">L\u00e4rchkar Alm<\/h4>\n\n\n\n<div class=\"wp-block-stackable-text stk-block-text stk-block stk-c95ecff\" data-block-id=\"c95ecff\"><style>.stk-c95ecff {min-height:135px !important;}<\/style><p class=\"stk-block-text__text\">Envie de remonter le temps de 500 ans ? Vous souhaitez vous impr\u00e9gner de la tranquillit\u00e9 des montagnes apr\u00e8s un long voyage ? Vous pouvez le faire \u00e0 50 minutes de marche de Haus Erna.<\/p><\/div>\n<\/div><\/div><\/div><\/div>\n<\/div><\/div><\/div>\n\n\n\n<div class=\"wp-block-stackable-column stk-block-column stk-column stk-block stk-7d7c917\" data-v=\"4\" data-block-id=\"7d7c917\"><style>.stk-7d7c917-container{min-height:130px !important;}<\/style><div class=\"stk-column-wrapper stk-block-column__content stk-container stk-7d7c917-container stk--no-background stk--no-padding\"><div class=\"stk-block-content stk-inner-blocks stk-7d7c917-inner-blocks\">\n<div class=\"wp-block-stackable-card stk-block-card stk-block stk-bde3915 is-style-default\" data-v=\"2\" data-block-id=\"bde3915\"><style>.stk-bde3915-container{background-color:var(--theme-palette-color-5, #EBEBEB) !important;border-style:solid !important;}.stk-bde3915-container:before{background-color:var(--theme-palette-color-5, #EBEBEB) !important;}.stk-bde3915 .stk-block-card__content{min-height:130px !important;}<\/style><div class=\"stk--no-padding stk-container stk-bde3915-container stk-hover-parent\"><figure class=\"stk-block-card__image stk-img-wrapper stk-image--shape-stretch\"><img loading=\"lazy\" decoding=\"async\" class=\"stk-img wp-image-704\" src=\"https:\/\/vakantiehuis-oostenrijk.be\/wp-content\/uploads\/2023\/01\/IMG_4634-Finsterkaralm-scaled.jpg\" width=\"2560\" height=\"1920\" alt=\"Finsterkaralm, une belle aire de repos lors de la randonn\u00e9e au d\u00e9part de Haus Erna lors des derni\u00e8res vacances d&#039;\u00e9t\u00e9.\" srcset=\"https:\/\/vakantiehuis-oostenrijk.be\/wp-content\/uploads\/2023\/01\/IMG_4634-Finsterkaralm-scaled.jpg 2560w, https:\/\/vakantiehuis-oostenrijk.be\/wp-content\/uploads\/2023\/01\/IMG_4634-Finsterkaralm-300x225.jpg 300w, https:\/\/vakantiehuis-oostenrijk.be\/wp-content\/uploads\/2023\/01\/IMG_4634-Finsterkaralm-1024x768.jpg 1024w, https:\/\/vakantiehuis-oostenrijk.be\/wp-content\/uploads\/2023\/01\/IMG_4634-Finsterkaralm-768x576.jpg 768w, https:\/\/vakantiehuis-oostenrijk.be\/wp-content\/uploads\/2023\/01\/IMG_4634-Finsterkaralm-1536x1152.jpg 1536w, https:\/\/vakantiehuis-oostenrijk.be\/wp-content\/uploads\/2023\/01\/IMG_4634-Finsterkaralm-2048x1536.jpg 2048w\" sizes=\"auto, (max-width: 2560px) 100vw, 2560px\" \/><\/figure><div class=\"stk-container-padding stk-block-card__content\"><div class=\"stk-block-content stk-inner-blocks stk-bde3915-inner-blocks\">\n<h4 class=\"wp-block-heading has-text-align-center\">Finsterkar Alm<\/h4>\n\n\n\n<div class=\"wp-block-stackable-text stk-block-text stk-block stk-718b6c6\" data-block-id=\"718b6c6\"><style>.stk-718b6c6 {min-height:135px !important;}<\/style><p class=\"stk-block-text__text\">Si vous partez en randonn\u00e9e dans les montagnes depuis Haus Erna, vous tomberez sur ce refuge apr\u00e8s une heure de marche et sans rencontrer personne.<\/p><\/div>\n<\/div><\/div><\/div><\/div>\n<\/div><\/div><\/div>\n\n\n\n<div class=\"wp-block-stackable-column stk-block-column stk-column stk-block stk-901031d\" data-v=\"4\" data-block-id=\"901031d\"><style>.stk-901031d-container{min-height:130px !important;}<\/style><div class=\"stk-column-wrapper stk-block-column__content stk-container stk-901031d-container stk--no-background stk--no-padding\"><div class=\"stk-block-content stk-inner-blocks stk-901031d-inner-blocks\">\n<div class=\"wp-block-stackable-card stk-block-card stk-block stk-204a307 is-style-default\" data-v=\"2\" data-block-id=\"204a307\"><style>.stk-204a307-container{background-color:var(--theme-palette-color-5, #EBEBEB) !important;border-style:solid !important;}.stk-204a307-container:before{background-color:var(--theme-palette-color-5, #EBEBEB) !important;}.stk-204a307 .stk-block-card__content{min-height:130px !important;}<\/style><div class=\"stk--no-padding stk-container stk-204a307-container stk-hover-parent\"><figure class=\"stk-block-card__image stk-img-wrapper stk-image--shape-stretch\"><img loading=\"lazy\" decoding=\"async\" class=\"stk-img wp-image-705\" src=\"https:\/\/vakantiehuis-oostenrijk.be\/wp-content\/uploads\/2023\/01\/Stalla-Alm.jpg\" width=\"480\" height=\"640\" alt=\"Stalla alm, o\u00f9 la bi\u00e8re sort d&#039;un r\u00e9servoir d&#039;eau de montagne fra\u00eeche pendant l&#039;\u00e9t\u00e9.\" srcset=\"https:\/\/vakantiehuis-oostenrijk.be\/wp-content\/uploads\/2023\/01\/Stalla-Alm.jpg 480w, https:\/\/vakantiehuis-oostenrijk.be\/wp-content\/uploads\/2023\/01\/Stalla-Alm-225x300.jpg 225w\" sizes=\"auto, (max-width: 480px) 100vw, 480px\" \/><\/figure><div class=\"stk-container-padding stk-block-card__content\"><div class=\"stk-block-content stk-inner-blocks stk-204a307-inner-blocks\">\n<h4 class=\"wp-block-heading has-text-align-center\">Stalla Alm<\/h4>\n\n\n\n<div class=\"wp-block-stackable-text stk-block-text stk-block stk-dc8aa1e\" data-block-id=\"dc8aa1e\"><style>.stk-dc8aa1e {min-height:135px !important;}<\/style><p class=\"stk-block-text__text\">Envie d&rsquo;une bonne bi\u00e8re ? Ici, la bi\u00e8re n&rsquo;est pas refroidie dans le r\u00e9frig\u00e9rateur, mais dans un r\u00e9servoir d&rsquo;eau de montagne glac\u00e9e. Une rafra\u00eechissement bienvenu lors d&rsquo;une randonn\u00e9e en montagne.<\/p><\/div>\n<\/div><\/div><\/div><\/div>\n<\/div><\/div><\/div>\n<\/div><\/div>\n\n<div class=\"wp-block-stackable-columns stk-block-columns stk-block stk-f1e7e16 stk-block-background stk--has-background-overlay\" data-block-id=\"f1e7e16\"><style>.stk-f1e7e16 {background-color:linear-gradient(40deg, #276144 25%, var(--theme-palette-color-2, #25ad99) 80%) !important;}.stk-f1e7e16:before{background-image:linear-gradient(40deg, #276144 25%, var(--theme-palette-color-2, #25ad99) 80%) !important;}<\/style><div class=\"stk-row stk-inner-blocks stk-block-content stk-content-align stk-f1e7e16-column\">\n<div class=\"wp-block-stackable-column stk-block-column stk-column stk-block stk-d77886d\" data-v=\"4\" data-block-id=\"d77886d\"><div class=\"stk-column-wrapper stk-block-column__content stk-container stk-d77886d-container stk--no-background stk--no-padding\"><div class=\"stk-block-content stk-inner-blocks stk-d77886d-inner-blocks\">\n<h3 class=\"wp-block-heading has-text-align-center has-palette-color-6-color has-text-color\">De l&rsquo;action excitante<\/h3>\n<\/div><\/div><\/div>\n<\/div><\/div>\n\n<div class=\"wp-block-stackable-columns stk-block-columns stk-block stk-55630cc\" data-block-id=\"55630cc\"><div class=\"stk-row stk-inner-blocks stk-block-content stk-content-align stk-55630cc-column\">\n<div class=\"wp-block-stackable-column stk-block-column stk-column stk-block stk-f2af33c\" data-v=\"4\" data-block-id=\"f2af33c\"><style>.stk-f2af33c-container{min-height:130px !important;}<\/style><div class=\"stk-column-wrapper stk-block-column__content stk-container stk-f2af33c-container stk--no-background stk--no-padding\"><div class=\"stk-block-content stk-inner-blocks stk-f2af33c-inner-blocks\">\n<div class=\"wp-block-stackable-card stk-block-card stk-block stk-ce4c241 is-style-default\" data-v=\"2\" data-block-id=\"ce4c241\"><style>.stk-ce4c241-container{background-color:var(--theme-palette-color-5, #EBEBEB) !important;border-style:solid !important;}.stk-ce4c241-container:before{background-color:var(--theme-palette-color-5, #EBEBEB) !important;}.stk-ce4c241 .stk-block-card__content{min-height:130px !important;}<\/style><div class=\"stk--no-padding stk-container stk-ce4c241-container stk-hover-parent\"><figure class=\"stk-block-card__image stk-img-wrapper stk-image--shape-stretch\"><img loading=\"lazy\" decoding=\"async\" class=\"stk-img wp-image-502\" src=\"https:\/\/vakantiehuis-oostenrijk.be\/wp-content\/uploads\/layerslider\/projects\/Mountain-Bike-\u2013-Main-Slider\/bike4_jpg2-compressor.jpg\" width=\"2000\" height=\"1333\" alt=\"Le v\u00e9lo \u00e9lectrique, une activit\u00e9 sympa pendant les vacances d&#039;\u00e9t\u00e9.\" srcset=\"https:\/\/vakantiehuis-oostenrijk.be\/wp-content\/uploads\/layerslider\/projects\/Mountain-Bike-\u2013-Main-Slider\/bike4_jpg2-compressor.jpg 2000w, https:\/\/vakantiehuis-oostenrijk.be\/wp-content\/uploads\/layerslider\/projects\/Mountain-Bike-\u2013-Main-Slider\/bike4_jpg2-compressor-300x200.jpg 300w, https:\/\/vakantiehuis-oostenrijk.be\/wp-content\/uploads\/layerslider\/projects\/Mountain-Bike-\u2013-Main-Slider\/bike4_jpg2-compressor-1024x682.jpg 1024w, https:\/\/vakantiehuis-oostenrijk.be\/wp-content\/uploads\/layerslider\/projects\/Mountain-Bike-\u2013-Main-Slider\/bike4_jpg2-compressor-768x512.jpg 768w, https:\/\/vakantiehuis-oostenrijk.be\/wp-content\/uploads\/layerslider\/projects\/Mountain-Bike-\u2013-Main-Slider\/bike4_jpg2-compressor-1536x1024.jpg 1536w\" sizes=\"auto, (max-width: 2000px) 100vw, 2000px\" \/><\/figure><div class=\"stk-container-padding stk-block-card__content\"><div class=\"stk-block-content stk-inner-blocks stk-ce4c241-inner-blocks\">\n<h4 class=\"wp-block-heading has-text-align-center\">E-biking<\/h4>\n\n\n\n<div class=\"wp-block-stackable-text stk-block-text stk-block stk-bdf96e6\" data-block-id=\"bdf96e6\"><style>.stk-bdf96e6 {min-height:110px !important;}<\/style><p class=\"stk-block-text__text\">Superbe avec le e-bike \u00e0 travers les montagnes. Plus d&rsquo;informations. <a href=\"https:\/\/www.sport-scherz.at\/filiale-riesneralm-bikeverleih-250\" target=\"_blank\" rel=\"noreferrer noopener\">Plus dinfo&rsquo;s<\/a>.<\/p><\/div>\n<\/div><\/div><\/div><\/div>\n<\/div><\/div><\/div>\n\n\n\n<div class=\"wp-block-stackable-column stk-block-column stk-column stk-block stk-740896e\" data-v=\"4\" data-block-id=\"740896e\"><style>.stk-740896e-container{min-height:130px !important;}<\/style><div class=\"stk-column-wrapper stk-block-column__content stk-container stk-740896e-container stk--no-background stk--no-padding\"><div class=\"stk-block-content stk-inner-blocks stk-740896e-inner-blocks\">\n<div class=\"wp-block-stackable-card stk-block-card stk-block stk-ac8c3ab is-style-default\" data-v=\"2\" data-block-id=\"ac8c3ab\"><style>.stk-ac8c3ab-container{background-color:var(--theme-palette-color-5, #EBEBEB) !important;border-style:solid !important;}.stk-ac8c3ab-container:before{background-color:var(--theme-palette-color-5, #EBEBEB) !important;}.stk-ac8c3ab .stk-block-card__content{min-height:130px !important;}<\/style><div class=\"stk--no-padding stk-container stk-ac8c3ab-container stk-hover-parent\"><figure class=\"stk-block-card__image stk-img-wrapper stk-image--shape-stretch\"><img loading=\"lazy\" decoding=\"async\" class=\"stk-img wp-image-721\" src=\"https:\/\/vakantiehuis-oostenrijk.be\/wp-content\/uploads\/2023\/01\/Badesee.jpg\" width=\"1200\" height=\"627\" alt=\"Pendant les jours plus chauds des vacances d&#039;\u00e9t\u00e9, vous pouvez vous rafra\u00eechir gratuitement dans le Badesee de Donnersbachwald.\" srcset=\"https:\/\/vakantiehuis-oostenrijk.be\/wp-content\/uploads\/2023\/01\/Badesee.jpg 1200w, https:\/\/vakantiehuis-oostenrijk.be\/wp-content\/uploads\/2023\/01\/Badesee-300x157.jpg 300w, https:\/\/vakantiehuis-oostenrijk.be\/wp-content\/uploads\/2023\/01\/Badesee-1024x535.jpg 1024w, https:\/\/vakantiehuis-oostenrijk.be\/wp-content\/uploads\/2023\/01\/Badesee-768x401.jpg 768w\" sizes=\"auto, (max-width: 1200px) 100vw, 1200px\" \/><\/figure><div class=\"stk-container-padding stk-block-card__content\"><div class=\"stk-block-content stk-inner-blocks stk-ac8c3ab-inner-blocks\">\n<h4 class=\"wp-block-heading has-text-align-center\">Nager<\/h4>\n\n\n\n<div class=\"wp-block-stackable-text stk-block-text stk-block stk-23fefa5\" data-block-id=\"23fefa5\"><style>.stk-23fefa5 {min-height:110px !important;}<\/style><p class=\"stk-block-text__text\">Se rafra\u00eechir pendant les vacances d&rsquo;\u00e9t\u00e9 dans le Badesee \u00e0 Donnersbachwald. Enti\u00e8rement gratuit.<\/p><\/div>\n<\/div><\/div><\/div><\/div>\n<\/div><\/div><\/div>\n\n\n\n<div class=\"wp-block-stackable-column stk-block-column stk-column stk-block stk-3d2b41b\" data-v=\"4\" data-block-id=\"3d2b41b\"><style>.stk-3d2b41b-container{min-height:130px !important;}<\/style><div class=\"stk-column-wrapper stk-block-column__content stk-container stk-3d2b41b-container stk--no-background stk--no-padding\"><div class=\"stk-block-content stk-inner-blocks stk-3d2b41b-inner-blocks\">\n<div class=\"wp-block-stackable-card stk-block-card stk-block stk-3151d25 is-style-default\" data-v=\"2\" data-block-id=\"3151d25\"><style>.stk-3151d25-container{background-color:var(--theme-palette-color-5, #EBEBEB) !important;border-style:solid !important;}.stk-3151d25-container:before{background-color:var(--theme-palette-color-5, #EBEBEB) !important;}.stk-3151d25 .stk-block-card__content{min-height:130px !important;}<\/style><div class=\"stk--no-padding stk-container stk-3151d25-container stk-hover-parent\"><figure class=\"stk-block-card__image stk-img-wrapper stk-image--shape-stretch\"><img loading=\"lazy\" decoding=\"async\" class=\"stk-img wp-image-723\" src=\"https:\/\/vakantiehuis-oostenrijk.be\/wp-content\/uploads\/2023\/01\/Zipline-Stoderzinken.webp\" width=\"952\" height=\"634\" alt=\"Spectaculaire parapente \u00e0 corde\" srcset=\"https:\/\/vakantiehuis-oostenrijk.be\/wp-content\/uploads\/2023\/01\/Zipline-Stoderzinken.webp 952w, https:\/\/vakantiehuis-oostenrijk.be\/wp-content\/uploads\/2023\/01\/Zipline-Stoderzinken-300x200.webp 300w, https:\/\/vakantiehuis-oostenrijk.be\/wp-content\/uploads\/2023\/01\/Zipline-Stoderzinken-768x511.webp 768w\" sizes=\"auto, (max-width: 952px) 100vw, 952px\" \/><\/figure><div class=\"stk-container-padding stk-block-card__content\"><div class=\"stk-block-content stk-inner-blocks stk-3151d25-inner-blocks\">\n<h4 class=\"wp-block-heading has-text-align-center\">Flotter<\/h4>\n\n\n\n<div class=\"wp-block-stackable-text stk-block-text stk-block stk-cc08161\" data-block-id=\"cc08161\"><style>.stk-cc08161 {min-height:110px !important;}<\/style><p class=\"stk-block-text__text\">Exp\u00e9rience de vol spectaculaire sur le plus grand parcours de parapente \u00e0 corde d&rsquo;Europe (Zipline Stoderzinken). <a href=\"https:\/\/www.zipline.at\/en\" target=\"_blank\" rel=\"noreferrer noopener\">Plus d&rsquo;infos<\/a>.<\/p><\/div>\n<\/div><\/div><\/div><\/div>\n<\/div><\/div><\/div>\n<\/div><\/div>\n\n<div class=\"wp-block-stackable-columns stk-block-columns stk-block stk-a289dd4 stk-block-background stk--has-background-overlay\" data-block-id=\"a289dd4\"><style>.stk-a289dd4 {background-color:linear-gradient(40deg, #276144 25%, var(--theme-palette-color-2, #25ad99) 80%) !important;}.stk-a289dd4:before{background-image:linear-gradient(40deg, #276144 25%, var(--theme-palette-color-2, #25ad99) 80%) !important;}<\/style><div class=\"stk-row stk-inner-blocks stk-block-content stk-content-align stk-a289dd4-column\">\n<div class=\"wp-block-stackable-column stk-block-column stk-column stk-block stk-49da8ba\" data-v=\"4\" data-block-id=\"49da8ba\"><div class=\"stk-column-wrapper stk-block-column__content stk-container stk-49da8ba-container stk--no-background stk--no-padding\"><div class=\"stk-block-content stk-inner-blocks stk-49da8ba-inner-blocks\">\n<h3 class=\"wp-block-heading has-text-align-center has-palette-color-6-color has-text-color\">Culture et tradition<\/h3>\n<\/div><\/div><\/div>\n<\/div><\/div>\n\n<div class=\"wp-block-stackable-columns stk-block-columns stk-block stk-05d9017\" data-block-id=\"05d9017\"><div class=\"stk-row stk-inner-blocks stk-block-content stk-content-align stk-05d9017-column\">\n<div class=\"wp-block-stackable-column stk-block-column stk-column stk-block stk-fd0f5be\" data-v=\"4\" data-block-id=\"fd0f5be\"><style>.stk-fd0f5be-container{min-height:130px !important;}<\/style><div class=\"stk-column-wrapper stk-block-column__content stk-container stk-fd0f5be-container stk--no-background stk--no-padding\"><div class=\"stk-block-content stk-inner-blocks stk-fd0f5be-inner-blocks\">\n<div class=\"wp-block-stackable-card stk-block-card stk-block stk-11d3f67 is-style-default\" data-v=\"2\" data-block-id=\"11d3f67\"><style>.stk-11d3f67-container{background-color:var(--theme-palette-color-5, #EBEBEB) !important;border-style:solid !important;}.stk-11d3f67-container:before{background-color:var(--theme-palette-color-5, #EBEBEB) !important;}.stk-11d3f67 .stk-block-card__content{min-height:130px !important;}<\/style><div class=\"stk--no-padding stk-container stk-11d3f67-container stk-hover-parent\"><figure class=\"stk-block-card__image stk-img-wrapper stk-image--shape-stretch\"><img loading=\"lazy\" decoding=\"async\" class=\"stk-img wp-image-694\" src=\"https:\/\/vakantiehuis-oostenrijk.be\/wp-content\/uploads\/2023\/01\/Schloss_Trautenfels.jpg\" width=\"490\" height=\"362\" alt=\"Un jour de pluie pendant les vacances d&#039;\u00e9t\u00e9? Le Schloss Trautenfels m\u00e9rite certainement d&#039;\u00eatre visit\u00e9. Outre les expositions permanentes, il y a toujours des expositions temporaires.\" srcset=\"https:\/\/vakantiehuis-oostenrijk.be\/wp-content\/uploads\/2023\/01\/Schloss_Trautenfels.jpg 490w, https:\/\/vakantiehuis-oostenrijk.be\/wp-content\/uploads\/2023\/01\/Schloss_Trautenfels-300x222.jpg 300w\" sizes=\"auto, (max-width: 490px) 100vw, 490px\" \/><\/figure><div class=\"stk-container-padding stk-block-card__content\"><div class=\"stk-block-content stk-inner-blocks stk-11d3f67-inner-blocks\">\n<h4 class=\"wp-block-heading has-text-align-center\">Schloss Trautenfels<\/h4>\n\n\n\n<div class=\"wp-block-stackable-text stk-block-text stk-block stk-1a4f737\" data-block-id=\"1a4f737\"><style>.stk-1a4f737 {min-height:160px !important;}<\/style><p class=\"stk-block-text__text\">Ch\u00e2teau baroque avec salles majestueuses, salle des bois de cerfs, vaste collection et expositions sp\u00e9ciales.<\/p><\/div>\n<\/div><\/div><\/div><\/div>\n<\/div><\/div><\/div>\n\n\n\n<div class=\"wp-block-stackable-column stk-block-column stk-column stk-block stk-e92518a\" data-v=\"4\" data-block-id=\"e92518a\"><style>.stk-e92518a-container{min-height:130px !important;}<\/style><div class=\"stk-column-wrapper stk-block-column__content stk-container stk-e92518a-container stk--no-background stk--no-padding\"><div class=\"stk-block-content stk-inner-blocks stk-e92518a-inner-blocks\">\n<div class=\"wp-block-stackable-card stk-block-card stk-block stk-312309f is-style-default\" data-v=\"2\" data-block-id=\"312309f\"><style>.stk-312309f-container{background-color:var(--theme-palette-color-5, #EBEBEB) !important;border-style:solid !important;}.stk-312309f-container:before{background-color:var(--theme-palette-color-5, #EBEBEB) !important;}.stk-312309f .stk-block-card__content{min-height:130px !important;}<\/style><div class=\"stk--no-padding stk-container stk-312309f-container stk-hover-parent\"><figure class=\"stk-block-card__image stk-img-wrapper stk-image--shape-stretch\"><img loading=\"lazy\" decoding=\"async\" class=\"stk-img wp-image-727\" src=\"https:\/\/vakantiehuis-oostenrijk.be\/wp-content\/uploads\/2023\/01\/Klooster-van-Admont.jpg\" width=\"275\" height=\"183\" alt=\"Monast\u00e8re d&#039;Admont\"\/><\/figure><div class=\"stk-container-padding stk-block-card__content\"><div class=\"stk-block-content stk-inner-blocks stk-312309f-inner-blocks\">\n<h4 class=\"wp-block-heading has-text-align-center\">Monast\u00e8re d&rsquo;Admont<\/h4>\n\n\n\n<div class=\"wp-block-stackable-text stk-block-text stk-block stk-67a7d5a\" data-block-id=\"67a7d5a\"><style>.stk-67a7d5a {min-height:160px !important;}<\/style><p class=\"stk-block-text__text\">L&rsquo;abbaye b\u00e9n\u00e9dictine d&rsquo;Admont abrite la plus grande biblioth\u00e8que abbatiale du monde, un mus\u00e9e d&rsquo;histoire naturelle et d&rsquo;histoire de l&rsquo;art, une \u00e9glise abbatiale et bien d&rsquo;autres choses encore.<\/p><\/div>\n<\/div><\/div><\/div><\/div>\n<\/div><\/div><\/div>\n\n\n\n<div class=\"wp-block-stackable-column stk-block-column stk-column stk-block stk-45b7057\" data-v=\"4\" data-block-id=\"45b7057\"><style>.stk-45b7057-container{min-height:130px !important;}<\/style><div class=\"stk-column-wrapper stk-block-column__content stk-container stk-45b7057-container stk--no-background stk--no-padding\"><div class=\"stk-block-content stk-inner-blocks stk-45b7057-inner-blocks\">\n<div class=\"wp-block-stackable-card stk-block-card stk-block stk-e82185e is-style-default\" data-v=\"2\" data-block-id=\"e82185e\"><style>.stk-e82185e-container{background-color:var(--theme-palette-color-5, #EBEBEB) !important;border-style:solid !important;}.stk-e82185e-container:before{background-color:var(--theme-palette-color-5, #EBEBEB) !important;}.stk-e82185e .stk-block-card__content{min-height:130px !important;}<\/style><div class=\"stk--no-padding stk-container stk-e82185e-container stk-hover-parent\"><figure class=\"stk-block-card__image stk-img-wrapper stk-image--shape-stretch\"><img loading=\"lazy\" decoding=\"async\" class=\"stk-img wp-image-730\" src=\"https:\/\/vakantiehuis-oostenrijk.be\/wp-content\/uploads\/2023\/01\/Kasteelruine-Wolkenstein.jpg\" width=\"1200\" height=\"820\" alt=\"Pendant vos vacances d&#039;\u00e9t\u00e9, profitez de la vue fantastique depuis les ruines du ch\u00e2teau de W\u00f6rschach.\" srcset=\"https:\/\/vakantiehuis-oostenrijk.be\/wp-content\/uploads\/2023\/01\/Kasteelruine-Wolkenstein.jpg 1200w, https:\/\/vakantiehuis-oostenrijk.be\/wp-content\/uploads\/2023\/01\/Kasteelruine-Wolkenstein-300x205.jpg 300w, https:\/\/vakantiehuis-oostenrijk.be\/wp-content\/uploads\/2023\/01\/Kasteelruine-Wolkenstein-1024x700.jpg 1024w, https:\/\/vakantiehuis-oostenrijk.be\/wp-content\/uploads\/2023\/01\/Kasteelruine-Wolkenstein-768x525.jpg 768w\" sizes=\"auto, (max-width: 1200px) 100vw, 1200px\" \/><\/figure><div class=\"stk-container-padding stk-block-card__content\"><div class=\"stk-block-content stk-inner-blocks stk-e82185e-inner-blocks\">\n<h4 class=\"wp-block-heading has-text-align-center\">Ruines du ch\u00e2teau<\/h4>\n\n\n\n<div class=\"wp-block-stackable-text stk-block-text stk-block stk-1f0e209\" data-block-id=\"1f0e209\"><style>.stk-1f0e209 {min-height:160px !important;}<\/style><p class=\"stk-block-text__text\">Les ruines du ch\u00e2teau de W\u00f6rschach, construit en 1125 par le comte de Wolkenstein, sont tr\u00e8s populaires, notamment en raison de la vue extraordinaire sur la vall\u00e9e de l&rsquo;Enns.<\/p><\/div>\n<\/div><\/div><\/div><\/div>\n<\/div><\/div><\/div>\n<\/div><\/div>\n\n<div class=\"wp-block-stackable-columns stk-block-columns stk-block stk-87fab25 stk-block-background stk--has-background-overlay\" data-block-id=\"87fab25\"><style>.stk-87fab25 {background-color:linear-gradient(40deg, #276144 25%, var(--theme-palette-color-2, #25ad99) 80%) !important;}.stk-87fab25:before{background-image:linear-gradient(40deg, #276144 25%, var(--theme-palette-color-2, #25ad99) 80%) !important;}<\/style><div class=\"stk-row stk-inner-blocks stk-block-content stk-content-align stk-87fab25-column\">\n<div class=\"wp-block-stackable-column stk-block-column stk-column stk-block stk-99ee18a\" data-v=\"4\" data-block-id=\"99ee18a\"><div class=\"stk-column-wrapper stk-block-column__content stk-container stk-99ee18a-container stk--no-background stk--no-padding\"><div class=\"stk-block-content stk-inner-blocks stk-99ee18a-inner-blocks\">\n<h3 class=\"wp-block-heading has-text-align-center has-palette-color-6-color has-text-color\">Et beaucoup d&rsquo;autres<\/h3>\n<\/div><\/div><\/div>\n<\/div><\/div>\n\n<div class=\"wp-block-stackable-columns stk-block-columns stk-block stk-94184f5\" data-block-id=\"94184f5\"><style>.stk-94184f5 {margin-bottom:9px !important;}<\/style><div class=\"stk-row stk-inner-blocks stk-block-content stk-content-align stk-94184f5-column\">\n<div class=\"wp-block-stackable-column stk-block-column stk-column stk-block stk-cdc658c\" data-v=\"4\" data-block-id=\"cdc658c\"><style>.stk-cdc658c-container{min-height:130px !important;}<\/style><div class=\"stk-column-wrapper stk-block-column__content stk-container stk-cdc658c-container stk--no-background stk--no-padding\"><div class=\"stk-block-content stk-inner-blocks stk-cdc658c-inner-blocks\">\n<div class=\"wp-block-stackable-card stk-block-card stk-block stk-eeba0ee is-style-default\" data-v=\"2\" data-block-id=\"eeba0ee\"><style>.stk-eeba0ee-container{background-color:var(--theme-palette-color-5, #EBEBEB) !important;border-style:solid !important;}.stk-eeba0ee-container:before{background-color:var(--theme-palette-color-5, #EBEBEB) !important;}.stk-eeba0ee .stk-block-card__content{min-height:130px !important;}<\/style><div class=\"stk--no-padding stk-container stk-eeba0ee-container stk-hover-parent\"><figure class=\"stk-block-card__image stk-img-wrapper stk-image--shape-stretch\"><img loading=\"lazy\" decoding=\"async\" class=\"stk-img wp-image-734\" src=\"https:\/\/vakantiehuis-oostenrijk.be\/wp-content\/uploads\/2023\/01\/IMG_4967-kerkje-Purgg-scaled.jpg\" width=\"2560\" height=\"1920\" alt=\"Superbe photo prise par nous-m\u00eames de la petite \u00e9glise de P\u00fcrgg en Autriche.\" srcset=\"https:\/\/vakantiehuis-oostenrijk.be\/wp-content\/uploads\/2023\/01\/IMG_4967-kerkje-Purgg-scaled.jpg 2560w, https:\/\/vakantiehuis-oostenrijk.be\/wp-content\/uploads\/2023\/01\/IMG_4967-kerkje-Purgg-300x225.jpg 300w, https:\/\/vakantiehuis-oostenrijk.be\/wp-content\/uploads\/2023\/01\/IMG_4967-kerkje-Purgg-1024x768.jpg 1024w, https:\/\/vakantiehuis-oostenrijk.be\/wp-content\/uploads\/2023\/01\/IMG_4967-kerkje-Purgg-768x576.jpg 768w, https:\/\/vakantiehuis-oostenrijk.be\/wp-content\/uploads\/2023\/01\/IMG_4967-kerkje-Purgg-1536x1152.jpg 1536w, https:\/\/vakantiehuis-oostenrijk.be\/wp-content\/uploads\/2023\/01\/IMG_4967-kerkje-Purgg-2048x1536.jpg 2048w\" sizes=\"auto, (max-width: 2560px) 100vw, 2560px\" \/><\/figure><div class=\"stk-container-padding stk-block-card__content\"><div class=\"stk-block-content stk-inner-blocks stk-eeba0ee-inner-blocks\">\n<h4 class=\"wp-block-heading has-text-align-center\">P\u00fcrgg<\/h4>\n\n\n\n<div class=\"wp-block-stackable-text stk-block-text stk-block stk-9cc1c46\" data-block-id=\"9cc1c46\"><style>.stk-9cc1c46 {min-height:80px !important;}<\/style><p class=\"stk-block-text__text\">Petit village accueillant avec un restaurant tr\u00e8s d\u00e9licieux (Gasthaus Krenn)<\/p><\/div>\n<\/div><\/div><\/div><\/div>\n<\/div><\/div><\/div>\n\n\n\n<div class=\"wp-block-stackable-column stk-block-column stk-column stk-block stk-dec2ff0\" data-v=\"4\" data-block-id=\"dec2ff0\"><style>.stk-dec2ff0-container{min-height:130px !important;}<\/style><div class=\"stk-column-wrapper stk-block-column__content stk-container stk-dec2ff0-container stk--no-background stk--no-padding\"><div class=\"stk-block-content stk-inner-blocks stk-dec2ff0-inner-blocks\">\n<div class=\"wp-block-stackable-card stk-block-card stk-block stk-d99c5d5 is-style-default\" data-v=\"2\" data-block-id=\"d99c5d5\"><style>.stk-d99c5d5-container{background-color:var(--theme-palette-color-5, #EBEBEB) !important;border-style:solid !important;}.stk-d99c5d5-container:before{background-color:var(--theme-palette-color-5, #EBEBEB) !important;}.stk-d99c5d5 .stk-block-card__content{min-height:130px !important;}<\/style><div class=\"stk--no-padding stk-container stk-d99c5d5-container stk-hover-parent\"><figure class=\"stk-block-card__image stk-img-wrapper stk-image--shape-stretch\"><img loading=\"lazy\" decoding=\"async\" class=\"stk-img wp-image-737\" src=\"https:\/\/vakantiehuis-oostenrijk.be\/wp-content\/uploads\/2023\/01\/Dachstein-Gletsjer.jpeg\" width=\"780\" height=\"400\" alt=\"Dachstein Gletsjer\" srcset=\"https:\/\/vakantiehuis-oostenrijk.be\/wp-content\/uploads\/2023\/01\/Dachstein-Gletsjer.jpeg 780w, https:\/\/vakantiehuis-oostenrijk.be\/wp-content\/uploads\/2023\/01\/Dachstein-Gletsjer-300x154.jpeg 300w, https:\/\/vakantiehuis-oostenrijk.be\/wp-content\/uploads\/2023\/01\/Dachstein-Gletsjer-768x394.jpeg 768w\" sizes=\"auto, (max-width: 780px) 100vw, 780px\" \/><\/figure><div class=\"stk-container-padding stk-block-card__content\"><div class=\"stk-block-content stk-inner-blocks stk-d99c5d5-inner-blocks\">\n<h4 class=\"wp-block-heading has-text-align-center\">Dachstein Gletsjer<\/h4>\n\n\n\n<div class=\"wp-block-stackable-text stk-block-text stk-block stk-b2b282f\" data-block-id=\"b2b282f\"><style>.stk-b2b282f {min-height:80px !important;}<\/style><p class=\"stk-block-text__text\">Vue spectaculaire sur le Sky Walk, le pont suspendu ou l&rsquo;Escalier du n\u00e9ant.<\/p><\/div>\n<\/div><\/div><\/div><\/div>\n<\/div><\/div><\/div>\n\n\n\n<div class=\"wp-block-stackable-column stk-block-column stk-column stk-block stk-e068abe\" data-v=\"4\" data-block-id=\"e068abe\"><style>.stk-e068abe-container{min-height:130px !important;}<\/style><div class=\"stk-column-wrapper stk-block-column__content stk-container stk-e068abe-container stk--no-background stk--no-padding\"><div class=\"stk-block-content stk-inner-blocks stk-e068abe-inner-blocks\">\n<div class=\"wp-block-stackable-card stk-block-card stk-block stk-fb47f38 is-style-default\" data-v=\"2\" data-block-id=\"fb47f38\"><style>.stk-fb47f38-container{background-color:var(--theme-palette-color-5, #EBEBEB) !important;border-style:solid !important;}.stk-fb47f38-container:before{background-color:var(--theme-palette-color-5, #EBEBEB) !important;}.stk-fb47f38 .stk-block-card__content{min-height:130px !important;}<\/style><div class=\"stk--no-padding stk-container stk-fb47f38-container stk-hover-parent\"><figure class=\"stk-block-card__image stk-img-wrapper stk-image--shape-stretch\"><img loading=\"lazy\" decoding=\"async\" class=\"stk-img wp-image-740\" src=\"https:\/\/vakantiehuis-oostenrijk.be\/wp-content\/uploads\/2023\/01\/Salzburg.jpg\" width=\"1500\" height=\"794\" alt=\"Salzbourg, qui vaut plus que la peine d&#039;\u00eatre visit\u00e9e pendant les vacances d&#039;\u00e9t\u00e9.\" srcset=\"https:\/\/vakantiehuis-oostenrijk.be\/wp-content\/uploads\/2023\/01\/Salzburg.jpg 1500w, https:\/\/vakantiehuis-oostenrijk.be\/wp-content\/uploads\/2023\/01\/Salzburg-300x159.jpg 300w, https:\/\/vakantiehuis-oostenrijk.be\/wp-content\/uploads\/2023\/01\/Salzburg-1024x542.jpg 1024w, https:\/\/vakantiehuis-oostenrijk.be\/wp-content\/uploads\/2023\/01\/Salzburg-768x407.jpg 768w\" sizes=\"auto, (max-width: 1500px) 100vw, 1500px\" \/><\/figure><div class=\"stk-container-padding stk-block-card__content\"><div class=\"stk-block-content stk-inner-blocks stk-fb47f38-inner-blocks\">\n<h4 class=\"wp-block-heading has-text-align-center\">Salzbourg<\/h4>\n\n\n\n<div class=\"wp-block-stackable-text stk-block-text stk-block stk-96d58f8\" data-block-id=\"96d58f8\"><style>.stk-96d58f8 {min-height:80px !important;}<\/style><p class=\"stk-block-text__text\">C\u00e9l\u00e8bre pour ses b\u00e2timents baroques qui font partie du patrimoine mondial.<\/p><\/div>\n<\/div><\/div><\/div><\/div>\n<\/div><\/div><\/div>\n<\/div><\/div>\n\n<p>Comme vous pouvez le constater, il y a beaucoup \u00e0 d\u00e9couvrir \u00e0 Donnersbachwald. Pour plus d&rsquo;informations sur l&rsquo;\u00e9t\u00e9 au Riesneralm, cliquez <a href=\"https:\/\/www.schladming-dachstein.at\/en\/summer\/excursion-mountains\/riesneralm-summer\" target=\"_blank\" rel=\"noreferrer noopener\">ici<\/a>.<\/p>\n\n<p>En bref : Donnersbachwald en Styrie, Autriche, est un endroit fantastique pour vos prochaines vacances d&rsquo;\u00e9t\u00e9 en Autriche. Moins connu, mais absolument recommand\u00e9. <\/p>\n\n<p><\/p>\n","protected":false},"excerpt":{"rendered":"<p>Vous cherchez un conseil secret pour vos vacances d&rsquo;\u00e9t\u00e9 en Autriche ? Le magnifique village de Donnersbachwald est un v\u00e9ritable bijou cach\u00e9.<\/p>\n","protected":false},"author":1,"featured_media":2241,"parent":0,"menu_order":0,"comment_status":"closed","ping_status":"closed","template":"","meta":{"footnotes":""},"class_list":["post-2296","page","type-page","status-publish","has-post-thumbnail","hentry"],"blocksy_meta":{"styles_descriptor":{"styles":{"desktop":"","tablet":"","mobile":""},"google_fonts":[],"version":6},"page_title_panel":"","has_hero_section":"disabled","3fe63fb5df46e8d6b7582de4a82dfd2e":"","hero_section":"type-1","hero_elements":[{"id":"custom_title","enabled":true,"heading_tag":"h1","title":"Home","__id":"zfoJsEnsJ-mdVdvT3l_KN"},{"id":"custom_description","enabled":true,"description_visibility":{"desktop":true,"tablet":true,"mobile":false},"__id":"-xGh7-4i2yL8x2NfbmGGv"},{"id":"custom_meta","enabled":false,"meta_elements":[{"id":"author","enabled":true,"label":"By","has_author_avatar":"yes","avatar_size":25},{"id":"post_date","enabled":true,"label":"On","date_format_source":"default","date_format":"M j, Y"},{"id":"updated_date","enabled":false,"label":"On","date_format_source":"default","date_format":"M j, Y"},{"id":"categories","enabled":false,"label":"In","style":"simple"},{"id":"comments","enabled":true}],"page_meta_elements":{"joined":true,"articles_count":true,"comments":true},"__id":"kvKwYuJaTN-_amZZZEcj7"},{"id":"breadcrumbs","enabled":false,"__id":"DTZvnIOPr1imhYIjmlbar"}],"bbb72c50d2c2c12b77ebd11162c56078":"","hero_alignment1":"CT_CSS_SKIP_RULE","hero_margin":40,"hero_alignment2":"center","hero_vertical_alignment":"center","e035f0d57e9d267dca7df4254b4c7b98":"","hero_structure":"narrow","878fa99644e2f90c97b3655cd9e4a71a":"","page_title_bg_type":"featured_image","custom_hero_background":{"attachment_id":null},"page_title_image_size":"full","parallax":{"desktop":false,"tablet":false,"mobile":false},"bd6697b6cbf652c6b207124b537ecd24":"","hero_height":"250px","pageTitleFont":{"family":"Default","variation":"Default","size":"30px","line-height":"CT_CSS_SKIP_RULE","letter-spacing":"CT_CSS_SKIP_RULE","text-transform":"CT_CSS_SKIP_RULE","text-decoration":"CT_CSS_SKIP_RULE"},"pageTitleFontColor":{"default":{"color":"CT_CSS_SKIP_RULEDEFAULT"}},"pageMetaFont":{"family":"Default","variation":"n6","size":"12px","line-height":"1.3","letter-spacing":"CT_CSS_SKIP_RULE","text-transform":"uppercase","text-decoration":"CT_CSS_SKIP_RULE"},"pageMetaFontColor":{"default":{"color":"CT_CSS_SKIP_RULEDEFAULT"},"hover":{"color":"CT_CSS_SKIP_RULEDEFAULT"}},"page_meta_button_type_font_colors":{"default":{"color":"CT_CSS_SKIP_RULEDEFAULT"},"hover":{"color":"CT_CSS_SKIP_RULEDEFAULT"}},"page_meta_button_type_background_colors":{"default":{"color":"CT_CSS_SKIP_RULEDEFAULT"},"hover":{"color":"CT_CSS_SKIP_RULEDEFAULT"}},"pageExcerptFont":{"family":"Default","variation":"Default","size":"CT_CSS_SKIP_RULE","line-height":"CT_CSS_SKIP_RULE","letter-spacing":"CT_CSS_SKIP_RULE","text-transform":"CT_CSS_SKIP_RULE","text-decoration":"CT_CSS_SKIP_RULE"},"pageExcerptColor":{"default":{"color":"CT_CSS_SKIP_RULEDEFAULT"}},"breadcrumbsFont":{"family":"Default","variation":"Default","size":"CT_CSS_SKIP_RULE","line-height":"CT_CSS_SKIP_RULE","letter-spacing":"CT_CSS_SKIP_RULE","text-transform":"CT_CSS_SKIP_RULE","text-decoration":"CT_CSS_SKIP_RULE"},"breadcrumbsFontColor":{"default":{"color":"CT_CSS_SKIP_RULEDEFAULT"},"initial":{"color":"CT_CSS_SKIP_RULEDEFAULT"},"hover":{"color":"CT_CSS_SKIP_RULEDEFAULT"}},"pageTitleOverlay":{"background_type":"color","background_pattern":"type-1","background_image":{"attachment_id":null,"x":0,"y":0},"gradient":"linear-gradient(135deg,rgba(6,147,227,1) 0%,rgb(155,81,224) 100%)","background_repeat":"repeat","background_size":"auto","background_attachment":"scroll","patternColor":{"default":{"color":"#e5e7ea"}},"overlayColor":{"default":{"color":"CT_CSS_SKIP_RULE"}},"backgroundColor":{"default":{"color":"CT_CSS_SKIP_RULE"}}},"pageTitleBackground":{"background_type":"color","background_pattern":"type-1","background_image":{"attachment_id":null,"x":0,"y":0},"gradient":"linear-gradient(135deg,rgba(6,147,227,1) 0%,rgb(155,81,224) 100%)","background_repeat":"repeat","background_size":"auto","background_attachment":"scroll","patternColor":{"default":{"color":"#e5e7ea"}},"overlayColor":{"default":{"color":"CT_CSS_SKIP_RULE"}},"backgroundColor":{"default":{"color":"var(--theme-palette-color-6)"}}},"pageTitlePadding":{"top":"50px","bottom":"50px","left":"auto","right":"auto","linked":true},"1febbf10b45b4dbe6502cef72b579b53":"","page_structure_type":"default","47c13de40756433b4d5b1fc290f64bb8":"","content_style_source":"inherit","content_style":"wide","vertical_spacing_source":"custom","content_area_spacing":"none","background":{"background_type":"color","background_pattern":"type-1","background_image":{"attachment_id":null,"x":0,"y":0},"gradient":"linear-gradient(135deg,rgba(6,147,227,1) 0%,rgb(155,81,224) 100%)","background_repeat":"repeat","background_size":"auto","background_attachment":"scroll","patternColor":{"default":{"color":"#e5e7ea"}},"overlayColor":{"default":{"color":"CT_CSS_SKIP_RULE"}},"backgroundColor":{"default":{"color":"CT_CSS_SKIP_RULE"}}},"content_background":{"background_type":"color","background_pattern":"type-1","background_image":{"attachment_id":null,"x":0,"y":0},"gradient":"linear-gradient(135deg,rgba(6,147,227,1) 0%,rgb(155,81,224) 100%)","background_repeat":"repeat","background_size":"auto","background_attachment":"scroll","patternColor":{"default":{"color":"#e5e7ea"}},"overlayColor":{"default":{"color":"CT_CSS_SKIP_RULE"}},"backgroundColor":{"default":{"color":"var(--theme-palette-color-8)"}}},"content_boxed_shadow":{"inherit":false,"blur":18,"spread":-6,"v_offset":12,"h_offset":0,"inset":false,"enable":true,"color":{"color":"rgba(34, 56, 101, 0.04)"}},"content_boxed_border":{"width":1,"style":"none","color":{"color":"rgba(44,62,80,0.2)"}},"content_boxed_radius":{"top":"3px","bottom":"3px","left":"3px","right":"3px","linked":true},"boxed_content_spacing":{"desktop":{"top":"40px","bottom":"40px","left":"40px","right":"40px","linked":true},"tablet":{"top":"35px","bottom":"35px","left":"35px","right":"35px","linked":true},"mobile":{"top":"20px","bottom":"20px","left":"20px","right":"20px","linked":true}},"2ec7926551c7311fde362fa39ca086cf":"","disable_featured_image":"no","disable_share_box":"no","disable_header":"no","disable_footer":"no","f512ad617f9bab39739a50f2fcdb7e6f":"","0db0ff6daf4874a301406641a274c298":"","c8812d7825019b3c040e9f51419105e1":"","eed063318697d3a5039421affd846398":"","d1b63fe550ad6b536a372786a72edaa8":"","cf2601366d5eb0749e22bd65f520d318":"","47e4d88b5deaa24bb71b87d46125b051":"","01659a59b4cc5d1e5ce279075188da5d":""},"yoast_head":"<!-- This site is optimized with the Yoast SEO plugin v27.5 - https:\/\/yoast.com\/product\/yoast-seo-wordpress\/ -->\n<title>Vacances d&#039;\u00e9t\u00e9 en Autriche | Superbe maison de vacances en Autriche \u00e0 proximit\u00e9 des pistes de ski<\/title>\n<meta name=\"description\" content=\"Vous cherchez un conseil secret pour vos vacances d&#039;\u00e9t\u00e9 en Autriche ? Le magnifique village de Donnersbachwald est un v\u00e9ritable bijou cach\u00e9.\" \/>\n<meta name=\"robots\" content=\"index, follow, max-snippet:-1, max-image-preview:large, max-video-preview:-1\" \/>\n<link rel=\"canonical\" href=\"https:\/\/vakantiehuis-oostenrijk.be\/fr\/ete\/\" \/>\n<meta property=\"og:locale\" content=\"fr_FR\" \/>\n<meta property=\"og:type\" content=\"article\" \/>\n<meta property=\"og:title\" content=\"Vacances d&#039;\u00e9t\u00e9 en Autriche | Superbe maison de vacances en Autriche \u00e0 proximit\u00e9 des pistes de ski\" \/>\n<meta property=\"og:description\" content=\"Vous cherchez un conseil secret pour vos vacances d&#039;\u00e9t\u00e9 en Autriche ? Le magnifique village de Donnersbachwald est un v\u00e9ritable bijou cach\u00e9.\" \/>\n<meta property=\"og:url\" content=\"https:\/\/vakantiehuis-oostenrijk.be\/fr\/ete\/\" \/>\n<meta property=\"og:site_name\" content=\"Superbe maison de vacances en Autriche \u00e0 proximit\u00e9 des pistes de ski\" \/>\n<meta property=\"article:modified_time\" content=\"2025-01-24T08:01:22+00:00\" \/>\n<meta property=\"og:image\" content=\"https:\/\/vakantiehuis-oostenrijk.be\/wp-content\/uploads\/2023\/01\/IMG_4626-Zicht-op-Donnersbachtal-scaled.jpg\" \/>\n\t<meta property=\"og:image:width\" content=\"1920\" \/>\n\t<meta property=\"og:image:height\" content=\"2560\" \/>\n\t<meta property=\"og:image:type\" content=\"image\/jpeg\" \/>\n<meta name=\"twitter:card\" content=\"summary_large_image\" \/>\n<meta name=\"twitter:label1\" content=\"Dur\u00e9e de lecture estim\u00e9e\" \/>\n\t<meta name=\"twitter:data1\" content=\"7 minutes\" \/>\n<script type=\"application\/ld+json\" class=\"yoast-schema-graph\">{\"@context\":\"https:\\\/\\\/schema.org\",\"@graph\":[{\"@type\":\"WebPage\",\"@id\":\"https:\\\/\\\/vakantiehuis-oostenrijk.be\\\/fr\\\/ete\\\/\",\"url\":\"https:\\\/\\\/vakantiehuis-oostenrijk.be\\\/fr\\\/ete\\\/\",\"name\":\"Vacances d'\u00e9t\u00e9 en Autriche | Superbe maison de vacances en Autriche \u00e0 proximit\u00e9 des pistes de ski\",\"isPartOf\":{\"@id\":\"https:\\\/\\\/vakantiehuis-oostenrijk.be\\\/fr\\\/#website\"},\"primaryImageOfPage\":{\"@id\":\"https:\\\/\\\/vakantiehuis-oostenrijk.be\\\/fr\\\/ete\\\/#primaryimage\"},\"image\":{\"@id\":\"https:\\\/\\\/vakantiehuis-oostenrijk.be\\\/fr\\\/ete\\\/#primaryimage\"},\"thumbnailUrl\":\"https:\\\/\\\/vakantiehuis-oostenrijk.be\\\/wp-content\\\/uploads\\\/2023\\\/01\\\/IMG_4626-Zicht-op-Donnersbachtal-scaled.jpg\",\"datePublished\":\"2023-02-14T15:32:15+00:00\",\"dateModified\":\"2025-01-24T08:01:22+00:00\",\"description\":\"Vous cherchez un conseil secret pour vos vacances d'\u00e9t\u00e9 en Autriche ? Le magnifique village de Donnersbachwald est un v\u00e9ritable bijou cach\u00e9.\",\"breadcrumb\":{\"@id\":\"https:\\\/\\\/vakantiehuis-oostenrijk.be\\\/fr\\\/ete\\\/#breadcrumb\"},\"inLanguage\":\"fr-FR\",\"potentialAction\":[{\"@type\":\"ReadAction\",\"target\":[\"https:\\\/\\\/vakantiehuis-oostenrijk.be\\\/fr\\\/ete\\\/\"]}]},{\"@type\":\"ImageObject\",\"inLanguage\":\"fr-FR\",\"@id\":\"https:\\\/\\\/vakantiehuis-oostenrijk.be\\\/fr\\\/ete\\\/#primaryimage\",\"url\":\"https:\\\/\\\/vakantiehuis-oostenrijk.be\\\/wp-content\\\/uploads\\\/2023\\\/01\\\/IMG_4626-Zicht-op-Donnersbachtal-scaled.jpg\",\"contentUrl\":\"https:\\\/\\\/vakantiehuis-oostenrijk.be\\\/wp-content\\\/uploads\\\/2023\\\/01\\\/IMG_4626-Zicht-op-Donnersbachtal-scaled.jpg\",\"width\":1920,\"height\":2560,\"caption\":\"Vue fantastique sur la vall\u00e9e de Donnersbach\"},{\"@type\":\"BreadcrumbList\",\"@id\":\"https:\\\/\\\/vakantiehuis-oostenrijk.be\\\/fr\\\/ete\\\/#breadcrumb\",\"itemListElement\":[{\"@type\":\"ListItem\",\"position\":1,\"name\":\"Home\",\"item\":\"https:\\\/\\\/vakantiehuis-oostenrijk.be\\\/fr\\\/\"},{\"@type\":\"ListItem\",\"position\":2,\"name\":\"Vacances d&rsquo;\u00e9t\u00e9 en Autriche\"}]},{\"@type\":\"WebSite\",\"@id\":\"https:\\\/\\\/vakantiehuis-oostenrijk.be\\\/fr\\\/#website\",\"url\":\"https:\\\/\\\/vakantiehuis-oostenrijk.be\\\/fr\\\/\",\"name\":\"Vakantiehuis - Oostenrijk - Haus Erna - Skivakantie - Zomervakantie\",\"description\":\"Vakantiehuis Haus Erna met overdekt terras, sauna en bubbelbad in Oostenrijk dichtbij de skipiste\",\"publisher\":{\"@id\":\"https:\\\/\\\/vakantiehuis-oostenrijk.be\\\/fr\\\/#organization\"},\"alternateName\":\"Luxe chalet - wellness - dichtbij skigebied - Oostenrijk\",\"potentialAction\":[{\"@type\":\"SearchAction\",\"target\":{\"@type\":\"EntryPoint\",\"urlTemplate\":\"https:\\\/\\\/vakantiehuis-oostenrijk.be\\\/fr\\\/?s={search_term_string}\"},\"query-input\":{\"@type\":\"PropertyValueSpecification\",\"valueRequired\":true,\"valueName\":\"search_term_string\"}}],\"inLanguage\":\"fr-FR\"},{\"@type\":\"Organization\",\"@id\":\"https:\\\/\\\/vakantiehuis-oostenrijk.be\\\/fr\\\/#organization\",\"name\":\"Haus Erna\",\"alternateName\":\"Vakantiehuis Oostenrijk\",\"url\":\"https:\\\/\\\/vakantiehuis-oostenrijk.be\\\/fr\\\/\",\"logo\":{\"@type\":\"ImageObject\",\"inLanguage\":\"fr-FR\",\"@id\":\"https:\\\/\\\/vakantiehuis-oostenrijk.be\\\/fr\\\/#\\\/schema\\\/logo\\\/image\\\/\",\"url\":\"https:\\\/\\\/vakantiehuis-oostenrijk.be\\\/wp-content\\\/uploads\\\/2023\\\/02\\\/Logo-Erna-lijndikte-7-Verkleind-1-e1676494405536.jpg\",\"contentUrl\":\"https:\\\/\\\/vakantiehuis-oostenrijk.be\\\/wp-content\\\/uploads\\\/2023\\\/02\\\/Logo-Erna-lijndikte-7-Verkleind-1-e1676494405536.jpg\",\"width\":100,\"height\":100,\"caption\":\"Haus Erna\"},\"image\":{\"@id\":\"https:\\\/\\\/vakantiehuis-oostenrijk.be\\\/fr\\\/#\\\/schema\\\/logo\\\/image\\\/\"}}]}<\/script>\n<!-- \/ Yoast SEO plugin. -->","yoast_head_json":{"title":"Vacances d'\u00e9t\u00e9 en Autriche | Superbe maison de vacances en Autriche \u00e0 proximit\u00e9 des pistes de ski","description":"Vous cherchez un conseil secret pour vos vacances d'\u00e9t\u00e9 en Autriche ? Le magnifique village de Donnersbachwald est un v\u00e9ritable bijou cach\u00e9.","robots":{"index":"index","follow":"follow","max-snippet":"max-snippet:-1","max-image-preview":"max-image-preview:large","max-video-preview":"max-video-preview:-1"},"canonical":"https:\/\/vakantiehuis-oostenrijk.be\/fr\/ete\/","og_locale":"fr_FR","og_type":"article","og_title":"Vacances d'\u00e9t\u00e9 en Autriche | Superbe maison de vacances en Autriche \u00e0 proximit\u00e9 des pistes de ski","og_description":"Vous cherchez un conseil secret pour vos vacances d'\u00e9t\u00e9 en Autriche ? Le magnifique village de Donnersbachwald est un v\u00e9ritable bijou cach\u00e9.","og_url":"https:\/\/vakantiehuis-oostenrijk.be\/fr\/ete\/","og_site_name":"Superbe maison de vacances en Autriche \u00e0 proximit\u00e9 des pistes de ski","article_modified_time":"2025-01-24T08:01:22+00:00","og_image":[{"width":1920,"height":2560,"url":"https:\/\/vakantiehuis-oostenrijk.be\/wp-content\/uploads\/2023\/01\/IMG_4626-Zicht-op-Donnersbachtal-scaled.jpg","type":"image\/jpeg"}],"twitter_card":"summary_large_image","twitter_misc":{"Dur\u00e9e de lecture estim\u00e9e":"7 minutes"},"schema":{"@context":"https:\/\/schema.org","@graph":[{"@type":"WebPage","@id":"https:\/\/vakantiehuis-oostenrijk.be\/fr\/ete\/","url":"https:\/\/vakantiehuis-oostenrijk.be\/fr\/ete\/","name":"Vacances d'\u00e9t\u00e9 en Autriche | Superbe maison de vacances en Autriche \u00e0 proximit\u00e9 des pistes de ski","isPartOf":{"@id":"https:\/\/vakantiehuis-oostenrijk.be\/fr\/#website"},"primaryImageOfPage":{"@id":"https:\/\/vakantiehuis-oostenrijk.be\/fr\/ete\/#primaryimage"},"image":{"@id":"https:\/\/vakantiehuis-oostenrijk.be\/fr\/ete\/#primaryimage"},"thumbnailUrl":"https:\/\/vakantiehuis-oostenrijk.be\/wp-content\/uploads\/2023\/01\/IMG_4626-Zicht-op-Donnersbachtal-scaled.jpg","datePublished":"2023-02-14T15:32:15+00:00","dateModified":"2025-01-24T08:01:22+00:00","description":"Vous cherchez un conseil secret pour vos vacances d'\u00e9t\u00e9 en Autriche ? Le magnifique village de Donnersbachwald est un v\u00e9ritable bijou cach\u00e9.","breadcrumb":{"@id":"https:\/\/vakantiehuis-oostenrijk.be\/fr\/ete\/#breadcrumb"},"inLanguage":"fr-FR","potentialAction":[{"@type":"ReadAction","target":["https:\/\/vakantiehuis-oostenrijk.be\/fr\/ete\/"]}]},{"@type":"ImageObject","inLanguage":"fr-FR","@id":"https:\/\/vakantiehuis-oostenrijk.be\/fr\/ete\/#primaryimage","url":"https:\/\/vakantiehuis-oostenrijk.be\/wp-content\/uploads\/2023\/01\/IMG_4626-Zicht-op-Donnersbachtal-scaled.jpg","contentUrl":"https:\/\/vakantiehuis-oostenrijk.be\/wp-content\/uploads\/2023\/01\/IMG_4626-Zicht-op-Donnersbachtal-scaled.jpg","width":1920,"height":2560,"caption":"Vue fantastique sur la vall\u00e9e de Donnersbach"},{"@type":"BreadcrumbList","@id":"https:\/\/vakantiehuis-oostenrijk.be\/fr\/ete\/#breadcrumb","itemListElement":[{"@type":"ListItem","position":1,"name":"Home","item":"https:\/\/vakantiehuis-oostenrijk.be\/fr\/"},{"@type":"ListItem","position":2,"name":"Vacances d&rsquo;\u00e9t\u00e9 en Autriche"}]},{"@type":"WebSite","@id":"https:\/\/vakantiehuis-oostenrijk.be\/fr\/#website","url":"https:\/\/vakantiehuis-oostenrijk.be\/fr\/","name":"Vakantiehuis - Oostenrijk - Haus Erna - Skivakantie - Zomervakantie","description":"Vakantiehuis Haus Erna met overdekt terras, sauna en bubbelbad in Oostenrijk dichtbij de skipiste","publisher":{"@id":"https:\/\/vakantiehuis-oostenrijk.be\/fr\/#organization"},"alternateName":"Luxe chalet - wellness - dichtbij skigebied - Oostenrijk","potentialAction":[{"@type":"SearchAction","target":{"@type":"EntryPoint","urlTemplate":"https:\/\/vakantiehuis-oostenrijk.be\/fr\/?s={search_term_string}"},"query-input":{"@type":"PropertyValueSpecification","valueRequired":true,"valueName":"search_term_string"}}],"inLanguage":"fr-FR"},{"@type":"Organization","@id":"https:\/\/vakantiehuis-oostenrijk.be\/fr\/#organization","name":"Haus Erna","alternateName":"Vakantiehuis Oostenrijk","url":"https:\/\/vakantiehuis-oostenrijk.be\/fr\/","logo":{"@type":"ImageObject","inLanguage":"fr-FR","@id":"https:\/\/vakantiehuis-oostenrijk.be\/fr\/#\/schema\/logo\/image\/","url":"https:\/\/vakantiehuis-oostenrijk.be\/wp-content\/uploads\/2023\/02\/Logo-Erna-lijndikte-7-Verkleind-1-e1676494405536.jpg","contentUrl":"https:\/\/vakantiehuis-oostenrijk.be\/wp-content\/uploads\/2023\/02\/Logo-Erna-lijndikte-7-Verkleind-1-e1676494405536.jpg","width":100,"height":100,"caption":"Haus Erna"},"image":{"@id":"https:\/\/vakantiehuis-oostenrijk.be\/fr\/#\/schema\/logo\/image\/"}}]}},"_links":{"self":[{"href":"https:\/\/vakantiehuis-oostenrijk.be\/fr\/wp-json\/wp\/v2\/pages\/2296","targetHints":{"allow":["GET"]}}],"collection":[{"href":"https:\/\/vakantiehuis-oostenrijk.be\/fr\/wp-json\/wp\/v2\/pages"}],"about":[{"href":"https:\/\/vakantiehuis-oostenrijk.be\/fr\/wp-json\/wp\/v2\/types\/page"}],"author":[{"embeddable":true,"href":"https:\/\/vakantiehuis-oostenrijk.be\/fr\/wp-json\/wp\/v2\/users\/1"}],"replies":[{"embeddable":true,"href":"https:\/\/vakantiehuis-oostenrijk.be\/fr\/wp-json\/wp\/v2\/comments?post=2296"}],"version-history":[{"count":4,"href":"https:\/\/vakantiehuis-oostenrijk.be\/fr\/wp-json\/wp\/v2\/pages\/2296\/revisions"}],"predecessor-version":[{"id":4334,"href":"https:\/\/vakantiehuis-oostenrijk.be\/fr\/wp-json\/wp\/v2\/pages\/2296\/revisions\/4334"}],"wp:featuredmedia":[{"embeddable":true,"href":"https:\/\/vakantiehuis-oostenrijk.be\/fr\/wp-json\/wp\/v2\/media\/2241"}],"wp:attachment":[{"href":"https:\/\/vakantiehuis-oostenrijk.be\/fr\/wp-json\/wp\/v2\/media?parent=2296"}],"curies":[{"name":"wp","href":"https:\/\/api.w.org\/{rel}","templated":true}]}}