{"id":1781,"date":"2023-02-14T10:05:06","date_gmt":"2023-02-14T10:05:06","guid":{"rendered":"https:\/\/vakantiehuis-oostenrijk.be\/haus-erna"},"modified":"2025-01-29T20:24:26","modified_gmt":"2025-01-29T20:24:26","slug":"haus-erna","status":"publish","type":"page","link":"https:\/\/vakantiehuis-oostenrijk.be\/de\/","title":{"rendered":"Haus Erna"},"content":{"rendered":"<link href=\"https:\/\/fonts.googleapis.com\/css?family=Oswald:100,100i,200,200i,300,300i,400,400i,500,500i,600,600i,700,700i,800,800i,900,900i\" rel=\"stylesheet\"><div id=\"layerslider_4_1xw959p8kszqc\"  class=\"ls-wp-container fitvidsignore ls-selectable\" style=\"width:1280px;height:720px;margin:0 auto;\"><div class=\"ls-slide\" data-ls=\"duration:4000;transition2d:5;\"><img loading=\"lazy\" decoding=\"async\" width=\"1920\" height=\"1440\" src=\"https:\/\/vakantiehuis-oostenrijk.be\/wp-content\/uploads\/2023\/01\/34-Exterieur-vakantiehuis-zomer.jpg\" class=\"ls-bg\" alt=\"\" srcset=\"https:\/\/vakantiehuis-oostenrijk.be\/wp-content\/uploads\/2023\/01\/34-Exterieur-vakantiehuis-zomer.jpg 1920w, https:\/\/vakantiehuis-oostenrijk.be\/wp-content\/uploads\/2023\/01\/34-Exterieur-vakantiehuis-zomer-300x225.jpg 300w, https:\/\/vakantiehuis-oostenrijk.be\/wp-content\/uploads\/2023\/01\/34-Exterieur-vakantiehuis-zomer-1024x768.jpg 1024w, https:\/\/vakantiehuis-oostenrijk.be\/wp-content\/uploads\/2023\/01\/34-Exterieur-vakantiehuis-zomer-768x576.jpg 768w, https:\/\/vakantiehuis-oostenrijk.be\/wp-content\/uploads\/2023\/01\/34-Exterieur-vakantiehuis-zomer-1536x1152.jpg 1536w\" sizes=\"auto, (max-width: 1920px) 100vw, 1920px\" \/><div style=\"top:181px;left:113px;text-align:initial;font-weight:600;font-style:normal;text-decoration:none;mix-blend-mode:normal;width:393px;height:191px;font-family:Oswald;font-size:60px;color:#ffffff;line-height:60px;white-space:normal;\" class=\"ls-l ls-hide-desktop ls-hide-tablet ls-html-layer\" data-ls=\"offsetxin:-100;offsetxout:100;texttypein:;position:relative;\">Riante chalet met heerlijk overdekt terras<\/div><div style=\"top:181px;left:113px;text-align:initial;font-weight:600;font-style:normal;text-decoration:none;mix-blend-mode:normal;width:393px;height:191px;font-family:Oswald;font-size:60px;color:#ffffff;line-height:60px;white-space:normal;\" class=\"ls-l ls-html-layer\" data-ls=\"offsetxin:-100;offsetxout:100;texttypein:;position:relative;\">Gro\u00dfes Chalet mit sch\u00f6ner \u00fcberdachter Terrasse<\/div><a style=\"\" class=\"ls-l\" href=\"https:\/\/www.villaforyou.com\/ho-12716\/AT.8953.20\" target=\"_blank\" data-ls=\"offsetxin:-100;offsetxout:100;hover:true;hovereasingin:easeInOutQuint;hoverbgcolor:#ffffff;hovercolor:rgba(19, 182, 237, 0.92);position:relative;\"><span style=\"cursor:pointer;top:459px;left:113px;text-align:center;font-weight:400;font-style:normal;text-decoration:none;mix-blend-mode:normal;width:200px;font-family:Oswald;font-size:21px;height:50px;line-height:45px;color:#ffffff;background-color:rgba(19, 182, 237, 0.92);\" class=\"ls-button-layer\">Jetzt buchen<\/span><\/a><img loading=\"lazy\" decoding=\"async\" width=\"1920\" height=\"75\" src=\"https:\/\/vakantiehuis-oostenrijk.be\/wp-content\/uploads\/layerslider\/projects\/Mountain-Bike-%E2%80%93-Main-Slider\/decoration_bottom_white.png\" class=\"ls-l ls-img-layer\" alt=\"\" srcset=\"https:\/\/vakantiehuis-oostenrijk.be\/wp-content\/uploads\/layerslider\/projects\/Mountain-Bike-\u2013-Main-Slider\/decoration_bottom_white.png 1920w, https:\/\/vakantiehuis-oostenrijk.be\/wp-content\/uploads\/layerslider\/projects\/Mountain-Bike-\u2013-Main-Slider\/decoration_bottom_white-300x12.png 300w, https:\/\/vakantiehuis-oostenrijk.be\/wp-content\/uploads\/layerslider\/projects\/Mountain-Bike-\u2013-Main-Slider\/decoration_bottom_white-1024x40.png 1024w, https:\/\/vakantiehuis-oostenrijk.be\/wp-content\/uploads\/layerslider\/projects\/Mountain-Bike-\u2013-Main-Slider\/decoration_bottom_white-768x30.png 768w, https:\/\/vakantiehuis-oostenrijk.be\/wp-content\/uploads\/layerslider\/projects\/Mountain-Bike-\u2013-Main-Slider\/decoration_bottom_white-1536x60.png 1536w\" sizes=\"auto, (max-width: 1920px) 100vw, 1920px\" style=\"top:672px;left:50%;text-align:initial;font-weight:400;font-style:normal;text-decoration:none;mix-blend-mode:normal;width:100%;\" data-ls=\"offsetyin:100lh;texttypein:;static:forever;position:fixed;\"><\/div><div class=\"ls-slide\" data-ls=\"duration:4000;transition2d:5;transitionduration:1000;\"><img loading=\"lazy\" decoding=\"async\" width=\"1920\" height=\"1440\" src=\"https:\/\/vakantiehuis-oostenrijk.be\/wp-content\/uploads\/2023\/01\/01-Eetkamer.jpg\" class=\"ls-bg\" alt=\"Gem\u00fctliches Wohnzimmer\" srcset=\"https:\/\/vakantiehuis-oostenrijk.be\/wp-content\/uploads\/2023\/01\/01-Eetkamer.jpg 1920w, https:\/\/vakantiehuis-oostenrijk.be\/wp-content\/uploads\/2023\/01\/01-Eetkamer-300x225.jpg 300w, https:\/\/vakantiehuis-oostenrijk.be\/wp-content\/uploads\/2023\/01\/01-Eetkamer-1024x768.jpg 1024w, https:\/\/vakantiehuis-oostenrijk.be\/wp-content\/uploads\/2023\/01\/01-Eetkamer-768x576.jpg 768w, https:\/\/vakantiehuis-oostenrijk.be\/wp-content\/uploads\/2023\/01\/01-Eetkamer-1536x1152.jpg 1536w\" sizes=\"auto, (max-width: 1920px) 100vw, 1920px\" \/><div style=\"top:181px;left:113px;text-align:initial;font-weight:600;font-style:normal;text-decoration:none;mix-blend-mode:normal;width:329px;height:190px;font-family:Oswald;font-size:60px;color:#ffffff;line-height:60px;white-space:normal;\" class=\"ls-l ls-html-layer\" data-ls=\"offsetxin:-100;offsetxout:100;texttypein:;position:relative;\">Luxuri\u00f6ses und super gem\u00fctliches interieur<\/div><a style=\"\" class=\"ls-l\" href=\"https:\/\/www.villaforyou.com\/ho-12716\/AT.8953.20\" target=\"_blank\" data-ls=\"offsetxin:-100;offsetxout:100;hover:true;hovereasingin:easeInOutQuint;hoverbgcolor:#ffffff;hovercolor:rgba(19, 182, 237, 0.92);position:relative;\"><span style=\"cursor:pointer;top:459px;left:113px;text-align:center;font-weight:400;font-style:normal;text-decoration:none;mix-blend-mode:normal;width:200px;font-family:Oswald;font-size:24px;height:50px;line-height:50px;color:#ffffff;background-color:rgba(19, 182, 237, 0.92);\" class=\"ls-button-layer\">Jetzt buchen<\/span><\/a><\/div><div class=\"ls-slide\" data-ls=\"duration:4000;transition2d:5;\"><img loading=\"lazy\" decoding=\"async\" width=\"1920\" height=\"1440\" src=\"https:\/\/vakantiehuis-oostenrijk.be\/wp-content\/uploads\/2023\/01\/03-Wellness-met-sauna.jpg\" class=\"ls-bg\" alt=\"Luxuri\u00f6se Wellness mit Sauna, Whirlpool, Doppeldusche und Waschbecken im Chalet Haus Erna in \u00d6sterreich\" srcset=\"https:\/\/vakantiehuis-oostenrijk.be\/wp-content\/uploads\/2023\/01\/03-Wellness-met-sauna.jpg 1920w, https:\/\/vakantiehuis-oostenrijk.be\/wp-content\/uploads\/2023\/01\/03-Wellness-met-sauna-300x225.jpg 300w, https:\/\/vakantiehuis-oostenrijk.be\/wp-content\/uploads\/2023\/01\/03-Wellness-met-sauna-1024x768.jpg 1024w, https:\/\/vakantiehuis-oostenrijk.be\/wp-content\/uploads\/2023\/01\/03-Wellness-met-sauna-768x576.jpg 768w, https:\/\/vakantiehuis-oostenrijk.be\/wp-content\/uploads\/2023\/01\/03-Wellness-met-sauna-1536x1152.jpg 1536w\" sizes=\"auto, (max-width: 1920px) 100vw, 1920px\" \/><a style=\"\" class=\"ls-l\" href=\"https:\/\/www.villaforyou.com\/ho-12716\/AT.8953.20\" target=\"_blank\" data-ls=\"offsetxin:-100;offsetxout:100;hover:true;hovereasingin:easeInOutQuint;hoverbgcolor:#ffffff;hovercolor:rgba(19, 182, 237, 0.92);position:relative;\"><span style=\"cursor:pointer;top:459px;left:113px;text-align:center;font-weight:400;font-style:normal;text-decoration:none;mix-blend-mode:normal;width:200px;font-family:Oswald;font-size:24px;height:50px;line-height:50px;color:#ffffff;background-color:rgba(19, 182, 237, 0.92);\" class=\"ls-button-layer\">Jetzt buchen<\/span><\/a><div style=\"top:181px;left:113px;text-align:initial;font-weight:600;font-style:normal;text-decoration:none;mix-blend-mode:normal;width:452px;height:190px;font-family:Oswald;font-size:60px;color:#ffffff;line-height:60px;white-space:normal;\" class=\"ls-l ls-html-layer\" data-ls=\"offsetxin:-100;offsetxout:100;texttypein:;position:relative;\">Privates Wellness mit Sauna und Whirlwanne<\/div><\/div><div class=\"ls-slide\" data-ls=\"duration:4000;transition2d:5;transitionduration:1000;\"><img loading=\"lazy\" decoding=\"async\" width=\"2560\" height=\"1714\" src=\"https:\/\/vakantiehuis-oostenrijk.be\/wp-content\/uploads\/2023\/01\/skigebiet_riesneralm_n3270-60637-1_raw-scaled.jpg\" class=\"ls-bg\" alt=\"Uniek zicht op het Donnersbachtal vanop de Panorama-piste op de Riesneralm\" srcset=\"https:\/\/vakantiehuis-oostenrijk.be\/wp-content\/uploads\/2023\/01\/skigebiet_riesneralm_n3270-60637-1_raw-scaled.jpg 2560w, https:\/\/vakantiehuis-oostenrijk.be\/wp-content\/uploads\/2023\/01\/skigebiet_riesneralm_n3270-60637-1_raw-300x201.jpg 300w, https:\/\/vakantiehuis-oostenrijk.be\/wp-content\/uploads\/2023\/01\/skigebiet_riesneralm_n3270-60637-1_raw-1024x685.jpg 1024w, https:\/\/vakantiehuis-oostenrijk.be\/wp-content\/uploads\/2023\/01\/skigebiet_riesneralm_n3270-60637-1_raw-768x514.jpg 768w, https:\/\/vakantiehuis-oostenrijk.be\/wp-content\/uploads\/2023\/01\/skigebiet_riesneralm_n3270-60637-1_raw-1536x1028.jpg 1536w, https:\/\/vakantiehuis-oostenrijk.be\/wp-content\/uploads\/2023\/01\/skigebiet_riesneralm_n3270-60637-1_raw-2048x1371.jpg 2048w\" sizes=\"auto, (max-width: 2560px) 100vw, 2560px\" \/><div style=\"top:181px;left:113px;text-align:initial;font-weight:600;font-style:normal;text-decoration:none;mix-blend-mode:normal;width:300px;height:190px;font-family:Oswald;font-size:60px;color:#ffffff;line-height:60px;white-space:normal;\" class=\"ls-l ls-html-layer\" data-ls=\"offsetxin:-100;offsetxout:100;texttypein:;position:relative;\">2 km von der Skipiste<\/div><a style=\"\" class=\"ls-l\" href=\"https:\/\/www.villaforyou.com\/ho-12716\/AT.8953.20\" target=\"_blank\" data-ls=\"offsetxin:-100;offsetxout:100;hover:true;hovereasingin:easeInOutQuint;hoverbgcolor:#ffffff;hovercolor:rgba(19, 182, 237, 0.92);position:relative;\"><span style=\"cursor:pointer;top:459px;left:113px;text-align:center;font-weight:400;font-style:normal;text-decoration:none;mix-blend-mode:normal;width:200px;font-family:Oswald;font-size:24px;height:50px;line-height:50px;color:#ffffff;background-color:rgba(19, 182, 237, 0.92);\" class=\"ls-button-layer\">Jetzt buchen<\/span><\/a><\/div><div class=\"ls-slide\" data-ls=\"duration:4000;transition2d:5;transitionduration:1000;\"><img loading=\"lazy\" decoding=\"async\" width=\"2560\" height=\"1920\" src=\"https:\/\/vakantiehuis-oostenrijk.be\/wp-content\/uploads\/2023\/01\/Wandelen-op-de-Riesneralm-scaled.jpg\" class=\"ls-bg\" alt=\"Grundriss des Erdgeschosses des Chalets\" srcset=\"https:\/\/vakantiehuis-oostenrijk.be\/wp-content\/uploads\/2023\/01\/Wandelen-op-de-Riesneralm-scaled.jpg 2560w, https:\/\/vakantiehuis-oostenrijk.be\/wp-content\/uploads\/2023\/01\/Wandelen-op-de-Riesneralm-300x225.jpg 300w, https:\/\/vakantiehuis-oostenrijk.be\/wp-content\/uploads\/2023\/01\/Wandelen-op-de-Riesneralm-1024x768.jpg 1024w, https:\/\/vakantiehuis-oostenrijk.be\/wp-content\/uploads\/2023\/01\/Wandelen-op-de-Riesneralm-768x576.jpg 768w, https:\/\/vakantiehuis-oostenrijk.be\/wp-content\/uploads\/2023\/01\/Wandelen-op-de-Riesneralm-1536x1152.jpg 1536w, https:\/\/vakantiehuis-oostenrijk.be\/wp-content\/uploads\/2023\/01\/Wandelen-op-de-Riesneralm-2048x1536.jpg 2048w\" sizes=\"auto, (max-width: 2560px) 100vw, 2560px\" \/><div style=\"top:181px;left:113px;text-align:initial;font-weight:600;font-style:normal;text-decoration:none;mix-blend-mode:normal;width:300px;height:190px;font-family:Oswald;font-size:60px;color:#ffffff;line-height:60px;white-space:normal;\" class=\"ls-l ls-html-layer\" data-ls=\"offsetxin:-100;offsetxout:100;texttypein:;position:relative;\">In einer fantastischen Umgebung<\/div><a style=\"\" class=\"ls-l\" href=\"https:\/\/www.villaforyou.com\/ho-12716\/AT.8953.20\" target=\"_blank\" data-ls=\"offsetxin:-100;offsetxout:100;hover:true;hovereasingin:easeInOutQuint;hoverbgcolor:#ffffff;hovercolor:rgba(19, 182, 237, 0.92);position:relative;\"><span style=\"cursor:pointer;top:459px;left:113px;text-align:center;font-weight:400;font-style:normal;text-decoration:none;mix-blend-mode:normal;width:200px;font-family:Oswald;font-size:24px;height:50px;line-height:50px;color:#ffffff;background-color:rgba(19, 182, 237, 0.92);\" class=\"ls-button-layer\">Jetzt buchen<\/span><\/a><\/div><\/div>\n\n<div class=\"wp-block-stackable-columns stk-block-columns stk-block stk-cd7ae4e\" data-block-id=\"cd7ae4e\"><style>.stk-cd7ae4e {margin-top:50px !important;}<\/style><div class=\"stk-row stk-inner-blocks stk-block-content stk-content-align stk-cd7ae4e-column\">\n<div class=\"wp-block-stackable-column stk-block-column stk-column stk-block stk-2e7fa91\" data-v=\"4\" data-block-id=\"2e7fa91\"><div class=\"stk-column-wrapper stk-block-column__content stk-container stk-2e7fa91-container stk--no-background stk--no-padding\"><div class=\"stk-block-content stk-inner-blocks stk-2e7fa91-inner-blocks\">\n<div class=\"wp-block-stackable-image stk-block-image stk-block stk-611ddfa\" data-block-id=\"611ddfa\"><figure><span class=\"stk-img-wrapper stk-image--shape-stretch stk--has-lightbox\"><img loading=\"lazy\" decoding=\"async\" class=\"stk-img wp-image-775\" src=\"https:\/\/vakantiehuis-oostenrijk.be\/wp-content\/uploads\/2023\/01\/IMG_4431-Vooraanzicht-scaled.jpg\" width=\"2560\" height=\"1920\" alt=\"Einzigartiges Ferienchalet im malerischen Donnersbachwald, 2 km von der Skipiste entfernt. Was f&#xFC;r ein sch&#xF6;ner Ort, sowohl im Sommer als auch im Winter.\" srcset=\"https:\/\/vakantiehuis-oostenrijk.be\/wp-content\/uploads\/2023\/01\/IMG_4431-Vooraanzicht-scaled.jpg 2560w, https:\/\/vakantiehuis-oostenrijk.be\/wp-content\/uploads\/2023\/01\/IMG_4431-Vooraanzicht-300x225.jpg 300w, https:\/\/vakantiehuis-oostenrijk.be\/wp-content\/uploads\/2023\/01\/IMG_4431-Vooraanzicht-1024x768.jpg 1024w, https:\/\/vakantiehuis-oostenrijk.be\/wp-content\/uploads\/2023\/01\/IMG_4431-Vooraanzicht-768x576.jpg 768w, https:\/\/vakantiehuis-oostenrijk.be\/wp-content\/uploads\/2023\/01\/IMG_4431-Vooraanzicht-1536x1152.jpg 1536w, https:\/\/vakantiehuis-oostenrijk.be\/wp-content\/uploads\/2023\/01\/IMG_4431-Vooraanzicht-2048x1536.jpg 2048w\" sizes=\"auto, (max-width: 2560px) 100vw, 2560px\" \/><\/span><\/figure><\/div>\n<\/div><\/div><\/div>\n\n\n\n<div class=\"wp-block-stackable-column stk-block-column stk-column stk-block stk-eb1d0fa\" data-v=\"4\" data-block-id=\"eb1d0fa\"><div class=\"stk-column-wrapper stk-block-column__content stk-container stk-eb1d0fa-container stk--no-background stk--no-padding\"><div class=\"stk-block-content stk-inner-blocks stk-eb1d0fa-inner-blocks\">\n<div class=\"wp-block-stackable-heading stk-block-heading stk-block-heading--v2 stk-block stk-5bc7d43\" id=\"over-haus-erna\" data-block-id=\"5bc7d43\"><style>.stk-5bc7d43 {margin-bottom:20px !important;}.stk-5bc7d43 .stk-block-heading__text{line-height:1.2em !important;}<\/style><h2 class=\"stk-block-heading__text stk-block-heading--use-theme-margins\">\u00dcber Haus Erna<\/h2><\/div>\n\n\n\n<div class=\"wp-block-stackable-text stk-block-text stk-block stk-576d1ac\" data-block-id=\"576d1ac\"><style>.stk-576d1ac {margin-bottom:10px !important;}<\/style><p class=\"stk-block-text__text\">Sie suchen ein luxuri\u00f6ses Ferienhaus in \u00d6sterreich? Dann k\u00f6nnte Haus Erna das Richtige f\u00fcr Sie sein.<\/p><\/div>\n\n\n\n<div class=\"wp-block-stackable-text stk-block-text stk-block stk-4e60bcb\" data-block-id=\"4e60bcb\"><style>.stk-4e60bcb {margin-bottom:10px !important;}<\/style><p class=\"stk-block-text__text\">Wenn wir an \u00d6sterreich denken, fallen uns spontan Tirol und Salzburg ein. Aber Steiermark, wo ist das? Genau das macht den Charme dieser Region aus. Hier findet man noch die unber\u00fchrte Natur und Traditionen, die man anderswo nur schwer findet.<\/p><\/div>\n\n\n\n<div class=\"wp-block-stackable-text stk-block-text stk-block stk-0f69897\" data-block-id=\"0f69897\"><style>.stk-0f69897 {margin-bottom:10px !important;}<\/style><p class=\"stk-block-text__text\">Donnersbachwald ist ein verstecktes Perle. Es ist ein kleines malerisches Dorf, das am Ende des Tals liegt. Die Stra\u00dfe h\u00f6rt direkt hinter dem Dorf auf, kein Durchgangsverkehr, von hier aus geht es zu Fu\u00df oder mit dem Fahrrad weiter. Kein Massentourismus, nur die Natur, Ihre Reisegesellschaft und gelegentlich eine einsame Bergh\u00fctte.<\/p><\/div>\n\n\n\n<div class=\"wp-block-stackable-text stk-block-text stk-block stk-fe2e012\" data-block-id=\"fe2e012\"><style>.stk-fe2e012 {margin-bottom:10px !important;}<\/style><p class=\"stk-block-text__text\">In dieser m\u00e4rchenhaften Umgebung liegt das Haus Erna, eine Oase des Luxus. Das Chalet bietet Platz f\u00fcr bis zu 10 Personen und ist mit allem modernen Komfort ausgestattet. Im Sommer k\u00f6nnen Sie in der Lounge unter der \u00fcberdachten Terrasse herrlich vor sich hin tr\u00e4umen. Im Winter k\u00f6nnen Sie sich nach dem Skifahren im luxuri\u00f6sen Spa mit finnischer Sauna, doppelter Regendusche und Whirlwanne entspannen.<\/p><\/div>\n\n\n\n<div class=\"wp-block-stackable-button-group stk-block-button-group stk-block stk-a8249be\" data-block-id=\"a8249be\"><style>.stk-a8249be .stk-button-group{flex-direction:row !important;}@media screen and (max-width:999px){.stk-a8249be .stk-button-group{flex-direction:row !important;}}@media screen and (max-width:689px){.stk-a8249be .stk-button-group{flex-direction:row !important;}}<\/style><div class=\"stk-row stk-inner-blocks stk-block-content stk-button-group\">\n<div class=\"wp-block-stackable-button stk-block-button stk-block stk-1a2e1d4\" data-block-id=\"1a2e1d4\"><style>.stk-1a2e1d4 .stk-button{background:#9d9a53 !important;}<\/style><a class=\"stk-link stk-button stk--hover-effect-darken\" href=\"https:\/\/vakantiehuis-oostenrijk.be\/chalet-oostenrijk\/\" title=\"https:\/\/vakantiehuis-oostenrijk.be\/de\/chalet\" rel=\"https:\/\/vakantiehuis-oostenrijk.be\/chalet\"><span class=\"stk-button__inner-text\">Mehr infos<\/span><\/a><\/div>\n<\/div><\/div>\n<\/div><\/div><\/div>\n<\/div><\/div>\n\n<div class=\"wp-block-stackable-columns stk-block-columns stk-block stk-f65767d stk-block-background\" data-block-id=\"f65767d\"><style>.stk-f65767d {background-color:var(--theme-palette-color-5, #EBEBEB) !important;margin-bottom:-12px !important;}.stk-f65767d:before{background-color:var(--theme-palette-color-5, #EBEBEB) !important;}<\/style><div class=\"stk-row stk-inner-blocks stk-block-content stk-content-align stk-f65767d-column\">\n<div class=\"wp-block-stackable-column stk-block-column stk-column stk-block stk-980f93f\" data-v=\"4\" data-block-id=\"980f93f\"><div class=\"stk-column-wrapper stk-block-column__content stk-container stk-980f93f-container stk--no-background stk--no-padding\"><div class=\"stk-block-content stk-inner-blocks stk-980f93f-inner-blocks\">\n<figure data-wp-context=\"{&quot;imageId&quot;:&quot;69f5f303a5c57&quot;}\" data-wp-interactive=\"core\/image\" data-wp-key=\"69f5f303a5c57\" class=\"wp-block-image aligncenter size-large wp-lightbox-container\"><img loading=\"lazy\" decoding=\"async\" width=\"1024\" height=\"768\" data-wp-class--hide=\"state.isContentHidden\" data-wp-class--show=\"state.isContentVisible\" data-wp-init=\"callbacks.setButtonStyles\" data-wp-on--click=\"actions.showLightbox\" data-wp-on--load=\"callbacks.setButtonStyles\" data-wp-on-window--resize=\"callbacks.setButtonStyles\" src=\"https:\/\/vakantiehuis-oostenrijk.be\/wp-content\/uploads\/2023\/01\/29-Inkomhal-1024x768.jpg\" alt=\"Chalet Haus Erna in &#xD6;sterreich - Eingangshalle mit Altholz verkleidet\" class=\"wp-image-567\" srcset=\"https:\/\/vakantiehuis-oostenrijk.be\/wp-content\/uploads\/2023\/01\/29-Inkomhal-1024x768.jpg 1024w, https:\/\/vakantiehuis-oostenrijk.be\/wp-content\/uploads\/2023\/01\/29-Inkomhal-300x225.jpg 300w, https:\/\/vakantiehuis-oostenrijk.be\/wp-content\/uploads\/2023\/01\/29-Inkomhal-768x576.jpg 768w, https:\/\/vakantiehuis-oostenrijk.be\/wp-content\/uploads\/2023\/01\/29-Inkomhal-1536x1152.jpg 1536w, https:\/\/vakantiehuis-oostenrijk.be\/wp-content\/uploads\/2023\/01\/29-Inkomhal.jpg 1920w\" sizes=\"auto, (max-width: 1024px) 100vw, 1024px\" \/><button\n\t\t\tclass=\"lightbox-trigger\"\n\t\t\ttype=\"button\"\n\t\t\taria-haspopup=\"dialog\"\n\t\t\taria-label=\"Vergr\u00f6\u00dfern\"\n\t\t\tdata-wp-init=\"callbacks.initTriggerButton\"\n\t\t\tdata-wp-on--click=\"actions.showLightbox\"\n\t\t\tdata-wp-style--right=\"state.imageButtonRight\"\n\t\t\tdata-wp-style--top=\"state.imageButtonTop\"\n\t\t>\n\t\t\t<svg xmlns=\"http:\/\/www.w3.org\/2000\/svg\" width=\"12\" height=\"12\" fill=\"none\" viewBox=\"0 0 12 12\">\n\t\t\t\t<path fill=\"#fff\" d=\"M2 0a2 2 0 0 0-2 2v2h1.5V2a.5.5 0 0 1 .5-.5h2V0H2Zm2 10.5H2a.5.5 0 0 1-.5-.5V8H0v2a2 2 0 0 0 2 2h2v-1.5ZM8 12v-1.5h2a.5.5 0 0 0 .5-.5V8H12v2a2 2 0 0 1-2 2H8Zm2-12a2 2 0 0 1 2 2v2h-1.5V2a.5.5 0 0 0-.5-.5H8V0h2Z\" \/>\n\t\t\t<\/svg>\n\t\t<\/button><figcaption class=\"wp-element-caption\">Stimmungsvolle Eingangshalle mit Altholz<\/figcaption><\/figure>\n<\/div><\/div><\/div>\n\n\n\n<div class=\"wp-block-stackable-column stk-block-column stk-column stk-block stk-cdac8dc\" data-v=\"4\" data-block-id=\"cdac8dc\"><div class=\"stk-column-wrapper stk-block-column__content stk-container stk-cdac8dc-container stk--no-background stk--no-padding\"><div class=\"stk-block-content stk-inner-blocks stk-cdac8dc-inner-blocks\">\n<figure data-wp-context=\"{&quot;imageId&quot;:&quot;69f5f303a631b&quot;}\" data-wp-interactive=\"core\/image\" data-wp-key=\"69f5f303a631b\" class=\"wp-block-image aligncenter size-large wp-lightbox-container\"><img loading=\"lazy\" decoding=\"async\" width=\"1024\" height=\"768\" data-wp-class--hide=\"state.isContentHidden\" data-wp-class--show=\"state.isContentVisible\" data-wp-init=\"callbacks.setButtonStyles\" data-wp-on--click=\"actions.showLightbox\" data-wp-on--load=\"callbacks.setButtonStyles\" data-wp-on-window--resize=\"callbacks.setButtonStyles\" src=\"https:\/\/vakantiehuis-oostenrijk.be\/wp-content\/uploads\/2023\/01\/28-Vestiaire-en-wasplaats-1024x768.jpg\" alt=\"Ferienhaus Haus Erna in &#xD6;sterreich - Garderobe und Waschraum\" class=\"wp-image-566\" srcset=\"https:\/\/vakantiehuis-oostenrijk.be\/wp-content\/uploads\/2023\/01\/28-Vestiaire-en-wasplaats-1024x768.jpg 1024w, https:\/\/vakantiehuis-oostenrijk.be\/wp-content\/uploads\/2023\/01\/28-Vestiaire-en-wasplaats-300x225.jpg 300w, https:\/\/vakantiehuis-oostenrijk.be\/wp-content\/uploads\/2023\/01\/28-Vestiaire-en-wasplaats-768x576.jpg 768w, https:\/\/vakantiehuis-oostenrijk.be\/wp-content\/uploads\/2023\/01\/28-Vestiaire-en-wasplaats-1536x1152.jpg 1536w, https:\/\/vakantiehuis-oostenrijk.be\/wp-content\/uploads\/2023\/01\/28-Vestiaire-en-wasplaats.jpg 1920w\" sizes=\"auto, (max-width: 1024px) 100vw, 1024px\" \/><button\n\t\t\tclass=\"lightbox-trigger\"\n\t\t\ttype=\"button\"\n\t\t\taria-haspopup=\"dialog\"\n\t\t\taria-label=\"Vergr\u00f6\u00dfern\"\n\t\t\tdata-wp-init=\"callbacks.initTriggerButton\"\n\t\t\tdata-wp-on--click=\"actions.showLightbox\"\n\t\t\tdata-wp-style--right=\"state.imageButtonRight\"\n\t\t\tdata-wp-style--top=\"state.imageButtonTop\"\n\t\t>\n\t\t\t<svg xmlns=\"http:\/\/www.w3.org\/2000\/svg\" width=\"12\" height=\"12\" fill=\"none\" viewBox=\"0 0 12 12\">\n\t\t\t\t<path fill=\"#fff\" d=\"M2 0a2 2 0 0 0-2 2v2h1.5V2a.5.5 0 0 1 .5-.5h2V0H2Zm2 10.5H2a.5.5 0 0 1-.5-.5V8H0v2a2 2 0 0 0 2 2h2v-1.5ZM8 12v-1.5h2a.5.5 0 0 0 .5-.5V8H12v2a2 2 0 0 1-2 2H8Zm2-12a2 2 0 0 1 2 2v2h-1.5V2a.5.5 0 0 0-.5-.5H8V0h2Z\" \/>\n\t\t\t<\/svg>\n\t\t<\/button><figcaption class=\"wp-element-caption\">Praktischer Waschraum mit Garderobe<\/figcaption><\/figure>\n<\/div><\/div><\/div>\n\n\n\n<div class=\"wp-block-stackable-column stk-block-column stk-column stk-block stk-320d432\" data-v=\"4\" data-block-id=\"320d432\"><div class=\"stk-column-wrapper stk-block-column__content stk-container stk-320d432-container stk--no-background stk--no-padding\"><div class=\"stk-block-content stk-inner-blocks stk-320d432-inner-blocks\">\n<figure data-wp-context=\"{&quot;imageId&quot;:&quot;69f5f303a6986&quot;}\" data-wp-interactive=\"core\/image\" data-wp-key=\"69f5f303a6986\" class=\"wp-block-image aligncenter size-large wp-lightbox-container\"><img loading=\"lazy\" decoding=\"async\" width=\"1024\" height=\"768\" data-wp-class--hide=\"state.isContentHidden\" data-wp-class--show=\"state.isContentVisible\" data-wp-init=\"callbacks.setButtonStyles\" data-wp-on--click=\"actions.showLightbox\" data-wp-on--load=\"callbacks.setButtonStyles\" data-wp-on-window--resize=\"callbacks.setButtonStyles\" src=\"https:\/\/vakantiehuis-oostenrijk.be\/wp-content\/uploads\/2025\/01\/6-Woonkamer-83498-1024x768.jpg\" alt=\"Haus Erna - Dieses Ferienhaus in &#xD6;sterreich verf&#xFC;gt &#xFC;ber einen gem&#xFC;tlichen Sitzbereich\" class=\"wp-image-4092\" srcset=\"https:\/\/vakantiehuis-oostenrijk.be\/wp-content\/uploads\/2025\/01\/6-Woonkamer-83498-1024x768.jpg 1024w, https:\/\/vakantiehuis-oostenrijk.be\/wp-content\/uploads\/2025\/01\/6-Woonkamer-83498-300x225.jpg 300w, https:\/\/vakantiehuis-oostenrijk.be\/wp-content\/uploads\/2025\/01\/6-Woonkamer-83498-768x576.jpg 768w, https:\/\/vakantiehuis-oostenrijk.be\/wp-content\/uploads\/2025\/01\/6-Woonkamer-83498-1536x1152.jpg 1536w, https:\/\/vakantiehuis-oostenrijk.be\/wp-content\/uploads\/2025\/01\/6-Woonkamer-83498.jpg 1920w\" sizes=\"auto, (max-width: 1024px) 100vw, 1024px\" \/><button\n\t\t\tclass=\"lightbox-trigger\"\n\t\t\ttype=\"button\"\n\t\t\taria-haspopup=\"dialog\"\n\t\t\taria-label=\"Vergr\u00f6\u00dfern\"\n\t\t\tdata-wp-init=\"callbacks.initTriggerButton\"\n\t\t\tdata-wp-on--click=\"actions.showLightbox\"\n\t\t\tdata-wp-style--right=\"state.imageButtonRight\"\n\t\t\tdata-wp-style--top=\"state.imageButtonTop\"\n\t\t>\n\t\t\t<svg xmlns=\"http:\/\/www.w3.org\/2000\/svg\" width=\"12\" height=\"12\" fill=\"none\" viewBox=\"0 0 12 12\">\n\t\t\t\t<path fill=\"#fff\" d=\"M2 0a2 2 0 0 0-2 2v2h1.5V2a.5.5 0 0 1 .5-.5h2V0H2Zm2 10.5H2a.5.5 0 0 1-.5-.5V8H0v2a2 2 0 0 0 2 2h2v-1.5ZM8 12v-1.5h2a.5.5 0 0 0 .5-.5V8H12v2a2 2 0 0 1-2 2H8Zm2-12a2 2 0 0 1 2 2v2h-1.5V2a.5.5 0 0 0-.5-.5H8V0h2Z\" \/>\n\t\t\t<\/svg>\n\t\t<\/button><figcaption class=\"wp-element-caption\">Gem\u00fctliche Sitzecke mit stimmungsvoller Beleuchtung<\/figcaption><\/figure>\n<\/div><\/div><\/div>\n<\/div><\/div>\n\n<div class=\"wp-block-stackable-columns stk-block-columns stk-block stk-f7f6b53 stk-block-background\" data-block-id=\"f7f6b53\"><style>.stk-f7f6b53 {background-color:var(--theme-palette-color-5, #EBEBEB) !important;margin-top:-27px !important;margin-bottom:-12px !important;}.stk-f7f6b53:before{background-color:var(--theme-palette-color-5, #EBEBEB) !important;}<\/style><div class=\"stk-row stk-inner-blocks stk-block-content stk-content-align stk-f7f6b53-column\">\n<div class=\"wp-block-stackable-column stk-block-column stk-column stk-block stk-e2a1013\" data-v=\"4\" data-block-id=\"e2a1013\"><div class=\"stk-column-wrapper stk-block-column__content stk-container stk-e2a1013-container stk--no-background stk--no-padding\"><div class=\"stk-block-content stk-inner-blocks stk-e2a1013-inner-blocks\">\n<figure data-wp-context=\"{&quot;imageId&quot;:&quot;69f5f303a6f3b&quot;}\" data-wp-interactive=\"core\/image\" data-wp-key=\"69f5f303a6f3b\" class=\"wp-block-image aligncenter size-large wp-lightbox-container\"><img loading=\"lazy\" decoding=\"async\" width=\"1024\" height=\"768\" data-wp-class--hide=\"state.isContentHidden\" data-wp-class--show=\"state.isContentVisible\" data-wp-init=\"callbacks.setButtonStyles\" data-wp-on--click=\"actions.showLightbox\" data-wp-on--load=\"callbacks.setButtonStyles\" data-wp-on-window--resize=\"callbacks.setButtonStyles\" src=\"https:\/\/vakantiehuis-oostenrijk.be\/wp-content\/uploads\/2023\/01\/Chalet-eethoek-en-keuken-1024x768.jpg\" alt=\"Gem&#xFC;tlicher Essbereich und K&#xFC;che im Luxus-Chalet Haus Erna in &#xD6;sterreich\" class=\"wp-image-579\" srcset=\"https:\/\/vakantiehuis-oostenrijk.be\/wp-content\/uploads\/2023\/01\/Chalet-eethoek-en-keuken-1024x768.jpg 1024w, https:\/\/vakantiehuis-oostenrijk.be\/wp-content\/uploads\/2023\/01\/Chalet-eethoek-en-keuken-300x225.jpg 300w, https:\/\/vakantiehuis-oostenrijk.be\/wp-content\/uploads\/2023\/01\/Chalet-eethoek-en-keuken-768x576.jpg 768w, https:\/\/vakantiehuis-oostenrijk.be\/wp-content\/uploads\/2023\/01\/Chalet-eethoek-en-keuken-1536x1152.jpg 1536w, https:\/\/vakantiehuis-oostenrijk.be\/wp-content\/uploads\/2023\/01\/Chalet-eethoek-en-keuken-2048x1536.jpg 2048w\" sizes=\"auto, (max-width: 1024px) 100vw, 1024px\" \/><button\n\t\t\tclass=\"lightbox-trigger\"\n\t\t\ttype=\"button\"\n\t\t\taria-haspopup=\"dialog\"\n\t\t\taria-label=\"Vergr\u00f6\u00dfern\"\n\t\t\tdata-wp-init=\"callbacks.initTriggerButton\"\n\t\t\tdata-wp-on--click=\"actions.showLightbox\"\n\t\t\tdata-wp-style--right=\"state.imageButtonRight\"\n\t\t\tdata-wp-style--top=\"state.imageButtonTop\"\n\t\t>\n\t\t\t<svg xmlns=\"http:\/\/www.w3.org\/2000\/svg\" width=\"12\" height=\"12\" fill=\"none\" viewBox=\"0 0 12 12\">\n\t\t\t\t<path fill=\"#fff\" d=\"M2 0a2 2 0 0 0-2 2v2h1.5V2a.5.5 0 0 1 .5-.5h2V0H2Zm2 10.5H2a.5.5 0 0 1-.5-.5V8H0v2a2 2 0 0 0 2 2h2v-1.5ZM8 12v-1.5h2a.5.5 0 0 0 .5-.5V8H12v2a2 2 0 0 1-2 2H8Zm2-12a2 2 0 0 1 2 2v2h-1.5V2a.5.5 0 0 0-.5-.5H8V0h2Z\" \/>\n\t\t\t<\/svg>\n\t\t<\/button><figcaption class=\"wp-element-caption\">Esstisch mit dimmbarer Beleuchtung<\/figcaption><\/figure>\n<\/div><\/div><\/div>\n\n\n\n<div class=\"wp-block-stackable-column stk-block-column stk-column stk-block stk-fea669f\" data-v=\"4\" data-block-id=\"fea669f\"><div class=\"stk-column-wrapper stk-block-column__content stk-container stk-fea669f-container stk--no-background stk--no-padding\"><div class=\"stk-block-content stk-inner-blocks stk-fea669f-inner-blocks\">\n<figure data-wp-context=\"{&quot;imageId&quot;:&quot;69f5f303a741d&quot;}\" data-wp-interactive=\"core\/image\" data-wp-key=\"69f5f303a741d\" class=\"wp-block-image aligncenter size-large wp-lightbox-container\"><img loading=\"lazy\" decoding=\"async\" width=\"1024\" height=\"768\" data-wp-class--hide=\"state.isContentHidden\" data-wp-class--show=\"state.isContentVisible\" data-wp-init=\"callbacks.setButtonStyles\" data-wp-on--click=\"actions.showLightbox\" data-wp-on--load=\"callbacks.setButtonStyles\" data-wp-on-window--resize=\"callbacks.setButtonStyles\" src=\"https:\/\/vakantiehuis-oostenrijk.be\/wp-content\/uploads\/2023\/01\/Chalet-Keuken-1024x768.jpg\" alt=\"Das Ferienhaus Haus Erna in &#xD6;sterreich verf&#xFC;gt &#xFC;ber eine modern ausgestattete K&#xFC;che.\" class=\"wp-image-582\" srcset=\"https:\/\/vakantiehuis-oostenrijk.be\/wp-content\/uploads\/2023\/01\/Chalet-Keuken-1024x768.jpg 1024w, https:\/\/vakantiehuis-oostenrijk.be\/wp-content\/uploads\/2023\/01\/Chalet-Keuken-300x225.jpg 300w, https:\/\/vakantiehuis-oostenrijk.be\/wp-content\/uploads\/2023\/01\/Chalet-Keuken-768x576.jpg 768w, https:\/\/vakantiehuis-oostenrijk.be\/wp-content\/uploads\/2023\/01\/Chalet-Keuken-1536x1152.jpg 1536w, https:\/\/vakantiehuis-oostenrijk.be\/wp-content\/uploads\/2023\/01\/Chalet-Keuken.jpg 1920w\" sizes=\"auto, (max-width: 1024px) 100vw, 1024px\" \/><button\n\t\t\tclass=\"lightbox-trigger\"\n\t\t\ttype=\"button\"\n\t\t\taria-haspopup=\"dialog\"\n\t\t\taria-label=\"Vergr\u00f6\u00dfern\"\n\t\t\tdata-wp-init=\"callbacks.initTriggerButton\"\n\t\t\tdata-wp-on--click=\"actions.showLightbox\"\n\t\t\tdata-wp-style--right=\"state.imageButtonRight\"\n\t\t\tdata-wp-style--top=\"state.imageButtonTop\"\n\t\t>\n\t\t\t<svg xmlns=\"http:\/\/www.w3.org\/2000\/svg\" width=\"12\" height=\"12\" fill=\"none\" viewBox=\"0 0 12 12\">\n\t\t\t\t<path fill=\"#fff\" d=\"M2 0a2 2 0 0 0-2 2v2h1.5V2a.5.5 0 0 1 .5-.5h2V0H2Zm2 10.5H2a.5.5 0 0 1-.5-.5V8H0v2a2 2 0 0 0 2 2h2v-1.5ZM8 12v-1.5h2a.5.5 0 0 0 .5-.5V8H12v2a2 2 0 0 1-2 2H8Zm2-12a2 2 0 0 1 2 2v2h-1.5V2a.5.5 0 0 0-.5-.5H8V0h2Z\" \/>\n\t\t\t<\/svg>\n\t\t<\/button><figcaption class=\"wp-element-caption\">Modern ausgestattete K\u00fcche<\/figcaption><\/figure>\n<\/div><\/div><\/div>\n\n\n\n<div class=\"wp-block-stackable-column stk-block-column stk-column stk-block stk-833d25a\" data-v=\"4\" data-block-id=\"833d25a\"><div class=\"stk-column-wrapper stk-block-column__content stk-container stk-833d25a-container stk--no-background stk--no-padding\"><div class=\"stk-block-content stk-inner-blocks stk-833d25a-inner-blocks\">\n<figure data-wp-context=\"{&quot;imageId&quot;:&quot;69f5f303a792a&quot;}\" data-wp-interactive=\"core\/image\" data-wp-key=\"69f5f303a792a\" class=\"wp-block-image aligncenter size-large wp-lightbox-container\"><img loading=\"lazy\" decoding=\"async\" width=\"1024\" height=\"768\" data-wp-class--hide=\"state.isContentHidden\" data-wp-class--show=\"state.isContentVisible\" data-wp-init=\"callbacks.setButtonStyles\" data-wp-on--click=\"actions.showLightbox\" data-wp-on--load=\"callbacks.setButtonStyles\" data-wp-on-window--resize=\"callbacks.setButtonStyles\" src=\"https:\/\/vakantiehuis-oostenrijk.be\/wp-content\/uploads\/2023\/01\/03-Wellness-met-sauna-1024x768.jpg\" alt=\"Luxuri&#xF6;se Wellness mit Sauna, Whirlwanne, Doppeldusche und Waschbecken im Chalet Haus Erna in &#xD6;sterreich\" class=\"wp-image-532\" srcset=\"https:\/\/vakantiehuis-oostenrijk.be\/wp-content\/uploads\/2023\/01\/03-Wellness-met-sauna-1024x768.jpg 1024w, https:\/\/vakantiehuis-oostenrijk.be\/wp-content\/uploads\/2023\/01\/03-Wellness-met-sauna-300x225.jpg 300w, https:\/\/vakantiehuis-oostenrijk.be\/wp-content\/uploads\/2023\/01\/03-Wellness-met-sauna-768x576.jpg 768w, https:\/\/vakantiehuis-oostenrijk.be\/wp-content\/uploads\/2023\/01\/03-Wellness-met-sauna-1536x1152.jpg 1536w, https:\/\/vakantiehuis-oostenrijk.be\/wp-content\/uploads\/2023\/01\/03-Wellness-met-sauna.jpg 1920w\" sizes=\"auto, (max-width: 1024px) 100vw, 1024px\" \/><button\n\t\t\tclass=\"lightbox-trigger\"\n\t\t\ttype=\"button\"\n\t\t\taria-haspopup=\"dialog\"\n\t\t\taria-label=\"Vergr\u00f6\u00dfern\"\n\t\t\tdata-wp-init=\"callbacks.initTriggerButton\"\n\t\t\tdata-wp-on--click=\"actions.showLightbox\"\n\t\t\tdata-wp-style--right=\"state.imageButtonRight\"\n\t\t\tdata-wp-style--top=\"state.imageButtonTop\"\n\t\t>\n\t\t\t<svg xmlns=\"http:\/\/www.w3.org\/2000\/svg\" width=\"12\" height=\"12\" fill=\"none\" viewBox=\"0 0 12 12\">\n\t\t\t\t<path fill=\"#fff\" d=\"M2 0a2 2 0 0 0-2 2v2h1.5V2a.5.5 0 0 1 .5-.5h2V0H2Zm2 10.5H2a.5.5 0 0 1-.5-.5V8H0v2a2 2 0 0 0 2 2h2v-1.5ZM8 12v-1.5h2a.5.5 0 0 0 .5-.5V8H12v2a2 2 0 0 1-2 2H8Zm2-12a2 2 0 0 1 2 2v2h-1.5V2a.5.5 0 0 0-.5-.5H8V0h2Z\" \/>\n\t\t\t<\/svg>\n\t\t<\/button><figcaption class=\"wp-element-caption\">Privates Spa mit Sauna und Whirlwanne<\/figcaption><\/figure>\n<\/div><\/div><\/div>\n<\/div><\/div>\n\n<div class=\"wp-block-stackable-columns stk-block-columns stk-block stk-9c0ae0d stk-block-background\" data-block-id=\"9c0ae0d\"><style>.stk-9c0ae0d {background-color:var(--theme-palette-color-5, #EBEBEB) !important;margin-top:-27px !important;margin-bottom:4px !important;}.stk-9c0ae0d:before{background-color:var(--theme-palette-color-5, #EBEBEB) !important;}<\/style><div class=\"stk-row stk-inner-blocks stk-block-content stk-content-align stk-9c0ae0d-column\">\n<div class=\"wp-block-stackable-column stk-block-column stk-column stk-block stk-b77965d\" data-v=\"4\" data-block-id=\"b77965d\"><div class=\"stk-column-wrapper stk-block-column__content stk-container stk-b77965d-container stk--no-background stk--no-padding\"><div class=\"stk-block-content stk-inner-blocks stk-b77965d-inner-blocks\">\n<figure data-wp-context=\"{&quot;imageId&quot;:&quot;69f5f303a7e67&quot;}\" data-wp-interactive=\"core\/image\" data-wp-key=\"69f5f303a7e67\" class=\"wp-block-image aligncenter size-large wp-lightbox-container\"><img loading=\"lazy\" decoding=\"async\" width=\"1024\" height=\"768\" data-wp-class--hide=\"state.isContentHidden\" data-wp-class--show=\"state.isContentVisible\" data-wp-init=\"callbacks.setButtonStyles\" data-wp-on--click=\"actions.showLightbox\" data-wp-on--load=\"callbacks.setButtonStyles\" data-wp-on-window--resize=\"callbacks.setButtonStyles\" src=\"https:\/\/vakantiehuis-oostenrijk.be\/wp-content\/uploads\/2023\/01\/20-Bubbelbad-1024x768.jpg\" alt=\"Das Ferienhaus Haus Erna in &#xD6;sterreich verf&#xFC;gt &#xFC;ber einen Whirlpool und eine doppelte Regendusche.\" class=\"wp-image-583\" srcset=\"https:\/\/vakantiehuis-oostenrijk.be\/wp-content\/uploads\/2023\/01\/20-Bubbelbad-1024x768.jpg 1024w, https:\/\/vakantiehuis-oostenrijk.be\/wp-content\/uploads\/2023\/01\/20-Bubbelbad-300x225.jpg 300w, https:\/\/vakantiehuis-oostenrijk.be\/wp-content\/uploads\/2023\/01\/20-Bubbelbad-768x576.jpg 768w, https:\/\/vakantiehuis-oostenrijk.be\/wp-content\/uploads\/2023\/01\/20-Bubbelbad-1536x1152.jpg 1536w, https:\/\/vakantiehuis-oostenrijk.be\/wp-content\/uploads\/2023\/01\/20-Bubbelbad.jpg 1920w\" sizes=\"auto, (max-width: 1024px) 100vw, 1024px\" \/><button\n\t\t\tclass=\"lightbox-trigger\"\n\t\t\ttype=\"button\"\n\t\t\taria-haspopup=\"dialog\"\n\t\t\taria-label=\"Vergr\u00f6\u00dfern\"\n\t\t\tdata-wp-init=\"callbacks.initTriggerButton\"\n\t\t\tdata-wp-on--click=\"actions.showLightbox\"\n\t\t\tdata-wp-style--right=\"state.imageButtonRight\"\n\t\t\tdata-wp-style--top=\"state.imageButtonTop\"\n\t\t>\n\t\t\t<svg xmlns=\"http:\/\/www.w3.org\/2000\/svg\" width=\"12\" height=\"12\" fill=\"none\" viewBox=\"0 0 12 12\">\n\t\t\t\t<path fill=\"#fff\" d=\"M2 0a2 2 0 0 0-2 2v2h1.5V2a.5.5 0 0 1 .5-.5h2V0H2Zm2 10.5H2a.5.5 0 0 1-.5-.5V8H0v2a2 2 0 0 0 2 2h2v-1.5ZM8 12v-1.5h2a.5.5 0 0 0 .5-.5V8H12v2a2 2 0 0 1-2 2H8Zm2-12a2 2 0 0 1 2 2v2h-1.5V2a.5.5 0 0 0-.5-.5H8V0h2Z\" \/>\n\t\t\t<\/svg>\n\t\t<\/button><figcaption class=\"wp-element-caption\">Whirlwanne<\/figcaption><\/figure>\n<\/div><\/div><\/div>\n\n\n\n<div class=\"wp-block-stackable-column stk-block-column stk-column stk-block stk-d4b45a9\" data-v=\"4\" data-block-id=\"d4b45a9\"><div class=\"stk-column-wrapper stk-block-column__content stk-container stk-d4b45a9-container stk--no-background stk--no-padding\"><div class=\"stk-block-content stk-inner-blocks stk-d4b45a9-inner-blocks\">\n<figure data-wp-context=\"{&quot;imageId&quot;:&quot;69f5f303a8331&quot;}\" data-wp-interactive=\"core\/image\" data-wp-key=\"69f5f303a8331\" class=\"wp-block-image aligncenter size-large wp-lightbox-container\"><img loading=\"lazy\" decoding=\"async\" width=\"1024\" height=\"768\" data-wp-class--hide=\"state.isContentHidden\" data-wp-class--show=\"state.isContentVisible\" data-wp-init=\"callbacks.setButtonStyles\" data-wp-on--click=\"actions.showLightbox\" data-wp-on--load=\"callbacks.setButtonStyles\" data-wp-on-window--resize=\"callbacks.setButtonStyles\" src=\"https:\/\/vakantiehuis-oostenrijk.be\/wp-content\/uploads\/2023\/01\/IMG_4428-Vooraanzicht-1024x768.jpg\" alt=\"Ferienhaus in &#xD6;sterreich - Genie&#xDF;en Sie unter der &#xFC;berdachten Terrasse mit gem&#xFC;tlichem Tisch und Lounge-Set.\" class=\"wp-image-465\" srcset=\"https:\/\/vakantiehuis-oostenrijk.be\/wp-content\/uploads\/2023\/01\/IMG_4428-Vooraanzicht-1024x768.jpg 1024w, https:\/\/vakantiehuis-oostenrijk.be\/wp-content\/uploads\/2023\/01\/IMG_4428-Vooraanzicht-300x225.jpg 300w, https:\/\/vakantiehuis-oostenrijk.be\/wp-content\/uploads\/2023\/01\/IMG_4428-Vooraanzicht-768x576.jpg 768w, https:\/\/vakantiehuis-oostenrijk.be\/wp-content\/uploads\/2023\/01\/IMG_4428-Vooraanzicht-1536x1152.jpg 1536w, https:\/\/vakantiehuis-oostenrijk.be\/wp-content\/uploads\/2023\/01\/IMG_4428-Vooraanzicht-2048x1536.jpg 2048w\" sizes=\"auto, (max-width: 1024px) 100vw, 1024px\" \/><button\n\t\t\tclass=\"lightbox-trigger\"\n\t\t\ttype=\"button\"\n\t\t\taria-haspopup=\"dialog\"\n\t\t\taria-label=\"Vergr\u00f6\u00dfern\"\n\t\t\tdata-wp-init=\"callbacks.initTriggerButton\"\n\t\t\tdata-wp-on--click=\"actions.showLightbox\"\n\t\t\tdata-wp-style--right=\"state.imageButtonRight\"\n\t\t\tdata-wp-style--top=\"state.imageButtonTop\"\n\t\t>\n\t\t\t<svg xmlns=\"http:\/\/www.w3.org\/2000\/svg\" width=\"12\" height=\"12\" fill=\"none\" viewBox=\"0 0 12 12\">\n\t\t\t\t<path fill=\"#fff\" d=\"M2 0a2 2 0 0 0-2 2v2h1.5V2a.5.5 0 0 1 .5-.5h2V0H2Zm2 10.5H2a.5.5 0 0 1-.5-.5V8H0v2a2 2 0 0 0 2 2h2v-1.5ZM8 12v-1.5h2a.5.5 0 0 0 .5-.5V8H12v2a2 2 0 0 1-2 2H8Zm2-12a2 2 0 0 1 2 2v2h-1.5V2a.5.5 0 0 0-.5-.5H8V0h2Z\" \/>\n\t\t\t<\/svg>\n\t\t<\/button><figcaption class=\"wp-element-caption\">Wundersch\u00f6ne \u00fcberdachte Sommerterrasse <\/figcaption><\/figure>\n<\/div><\/div><\/div>\n\n\n\n<div class=\"wp-block-stackable-column stk-block-column stk-column stk-block stk-569c45b\" data-v=\"4\" data-block-id=\"569c45b\"><div class=\"stk-column-wrapper stk-block-column__content stk-container stk-569c45b-container stk--no-background stk--no-padding\"><div class=\"stk-block-content stk-inner-blocks stk-569c45b-inner-blocks\">\n<figure data-wp-context=\"{&quot;imageId&quot;:&quot;69f5f303a880a&quot;}\" data-wp-interactive=\"core\/image\" data-wp-key=\"69f5f303a880a\" class=\"wp-block-image aligncenter size-large wp-lightbox-container\"><img loading=\"lazy\" decoding=\"async\" width=\"1024\" height=\"768\" data-wp-class--hide=\"state.isContentHidden\" data-wp-class--show=\"state.isContentVisible\" data-wp-init=\"callbacks.setButtonStyles\" data-wp-on--click=\"actions.showLightbox\" data-wp-on--load=\"callbacks.setButtonStyles\" data-wp-on-window--resize=\"callbacks.setButtonStyles\" src=\"https:\/\/vakantiehuis-oostenrijk.be\/wp-content\/uploads\/2023\/01\/42-Ambiance-Close-up-1024x768.jpg\" alt=\"Von der &#xFC;berdachten Terrasse aus k&#xF6;nnen Sie die fantastische Aussicht genie&#xDF;en.\" class=\"wp-image-591\" srcset=\"https:\/\/vakantiehuis-oostenrijk.be\/wp-content\/uploads\/2023\/01\/42-Ambiance-Close-up-1024x768.jpg 1024w, https:\/\/vakantiehuis-oostenrijk.be\/wp-content\/uploads\/2023\/01\/42-Ambiance-Close-up-300x225.jpg 300w, https:\/\/vakantiehuis-oostenrijk.be\/wp-content\/uploads\/2023\/01\/42-Ambiance-Close-up-768x576.jpg 768w, https:\/\/vakantiehuis-oostenrijk.be\/wp-content\/uploads\/2023\/01\/42-Ambiance-Close-up-1536x1152.jpg 1536w, https:\/\/vakantiehuis-oostenrijk.be\/wp-content\/uploads\/2023\/01\/42-Ambiance-Close-up.jpg 1920w\" sizes=\"auto, (max-width: 1024px) 100vw, 1024px\" \/><button\n\t\t\tclass=\"lightbox-trigger\"\n\t\t\ttype=\"button\"\n\t\t\taria-haspopup=\"dialog\"\n\t\t\taria-label=\"Vergr\u00f6\u00dfern\"\n\t\t\tdata-wp-init=\"callbacks.initTriggerButton\"\n\t\t\tdata-wp-on--click=\"actions.showLightbox\"\n\t\t\tdata-wp-style--right=\"state.imageButtonRight\"\n\t\t\tdata-wp-style--top=\"state.imageButtonTop\"\n\t\t>\n\t\t\t<svg xmlns=\"http:\/\/www.w3.org\/2000\/svg\" width=\"12\" height=\"12\" fill=\"none\" viewBox=\"0 0 12 12\">\n\t\t\t\t<path fill=\"#fff\" d=\"M2 0a2 2 0 0 0-2 2v2h1.5V2a.5.5 0 0 1 .5-.5h2V0H2Zm2 10.5H2a.5.5 0 0 1-.5-.5V8H0v2a2 2 0 0 0 2 2h2v-1.5ZM8 12v-1.5h2a.5.5 0 0 0 .5-.5V8H12v2a2 2 0 0 1-2 2H8Zm2-12a2 2 0 0 1 2 2v2h-1.5V2a.5.5 0 0 0-.5-.5H8V0h2Z\" \/>\n\t\t\t<\/svg>\n\t\t<\/button><figcaption class=\"wp-element-caption\">Gedeckter Tisch mit Weber-Gasgrill<\/figcaption><\/figure>\n<\/div><\/div><\/div>\n<\/div><\/div>\n\n<div class=\"wp-block-stackable-columns stk-block-columns stk-block stk-860c877\" data-block-id=\"860c877\"><div class=\"stk-row stk-inner-blocks stk-block-content stk-content-align stk-860c877-column\">\n<div class=\"wp-block-stackable-column stk-block-column stk-column stk-block stk-6f1d4f2\" data-v=\"4\" data-block-id=\"6f1d4f2\"><div class=\"stk-column-wrapper stk-block-column__content stk-container stk-6f1d4f2-container stk--no-background stk--no-padding\"><div class=\"stk-block-content stk-inner-blocks stk-6f1d4f2-inner-blocks\">\n<figure class=\"wp-block-image aligncenter size-large\"><img loading=\"lazy\" decoding=\"async\" width=\"1024\" height=\"768\" src=\"https:\/\/vakantiehuis-oostenrijk.be\/wp-content\/uploads\/2023\/02\/IMG_3973-Chalet-park-1024x768.jpg\" alt=\"Das Haus Erna geh&#xF6;rt zum Feriendorf Riesneralm, einem kleinen, stimmungsvollen Ferienpark mit rund 35 freistehenden Chalets\" class=\"wp-image-1244\" srcset=\"https:\/\/vakantiehuis-oostenrijk.be\/wp-content\/uploads\/2023\/02\/IMG_3973-Chalet-park-1024x768.jpg 1024w, https:\/\/vakantiehuis-oostenrijk.be\/wp-content\/uploads\/2023\/02\/IMG_3973-Chalet-park-300x225.jpg 300w, https:\/\/vakantiehuis-oostenrijk.be\/wp-content\/uploads\/2023\/02\/IMG_3973-Chalet-park-768x576.jpg 768w, https:\/\/vakantiehuis-oostenrijk.be\/wp-content\/uploads\/2023\/02\/IMG_3973-Chalet-park-1536x1152.jpg 1536w, https:\/\/vakantiehuis-oostenrijk.be\/wp-content\/uploads\/2023\/02\/IMG_3973-Chalet-park-2048x1536.jpg 2048w\" sizes=\"auto, (max-width: 1024px) 100vw, 1024px\" \/><figcaption class=\"wp-element-caption\">Feriendorf Riesneralm im malerischen Donnersbachwald.<\/figcaption><\/figure>\n<\/div><\/div><\/div>\n\n\n\n<div class=\"wp-block-stackable-column stk-block-column stk-column stk-block stk-002ead0\" data-v=\"4\" data-block-id=\"002ead0\"><div class=\"stk-column-wrapper stk-block-column__content stk-container stk-002ead0-container stk--no-background stk--no-padding\"><div class=\"stk-block-content stk-inner-blocks stk-002ead0-inner-blocks\">\n<div class=\"wp-block-stackable-heading stk-block-heading stk-block-heading--v2 stk-block stk-d367d7e\" id=\"over-het-chaletpark\" data-block-id=\"d367d7e\"><style>.stk-d367d7e {margin-bottom:20px !important;}.stk-d367d7e .stk-block-heading__text{line-height:1.2em !important;}<\/style><h2 class=\"stk-block-heading__text stk-block-heading--use-theme-margins\">\u00dcber das Chaletdorf<\/h2><\/div>\n\n\n\n<div class=\"wp-block-stackable-text stk-block-text stk-block stk-6463b33\" data-block-id=\"6463b33\"><style>.stk-6463b33 {margin-bottom:10px !important;}<\/style><p class=\"stk-block-text__text\">Das Feriendorf Donnersbachwald liegt mitten in der Natur, 1,5 km von der Talstation der Riesneralm entfernt. Es ist an einem sanft abfallenden Hang neben einem pl\u00e4tschernden Bach gebaut. Alle Chalets stehen getrennt voneinander auf einem 500 &#8211; 600 m2 gro\u00dfen Grundst\u00fcck. So haben Sie viel Privatsph\u00e4re.<\/p><\/div>\n\n\n\n<div class=\"wp-block-stackable-text stk-block-text stk-block stk-e83b982\" data-block-id=\"e83b982\"><style>.stk-e83b982 {margin-bottom:10px !important;}<\/style><p class=\"stk-block-text__text\">Haus Erna liegt zentral im Park, unweit des \u00f6ffentlichen Parkplatzes. Von der \u00fcberdachten Terrasse aus k\u00f6nnen Sie den Blick auf den Talschluss genie\u00dfen. Von diesem Ferienhaus aus k\u00f6nnen Sie \u00d6sterreich pur erleben.<\/p><\/div>\n\n\n\n<div class=\"wp-block-stackable-text stk-block-text stk-block stk-205a83e\" data-block-id=\"205a83e\"><p class=\"stk-block-text__text\">Die Buchungen des Ferienhauses Erna in Donnersbachwald (\u00d6sterreich) werden von Villa For You durchgef\u00fchrt. Informationen \u00fcber Preise und Verf\u00fcgbarkeit finden Sie <a href=\"http:\/\/www.villaforyou.com\/ho-12716\/AT.8953.20\" target=\"_blank\" rel=\"noreferrer noopener\">hier<\/a>.<\/p><\/div>\n<\/div><\/div><\/div>\n<\/div><\/div>\n\n<div class=\"wp-block-stackable-columns alignwide stk-block-columns stk-block stk-14818bf stk-block-background\" data-block-id=\"14818bf\"><style>.stk-14818bf {background-color:var(--theme-palette-color-5, #EBEBEB) !important;margin-bottom:50px !important;}.stk-14818bf:before{background-color:var(--theme-palette-color-5, #EBEBEB) !important;}<\/style><div class=\"stk-row stk-inner-blocks stk-block-content stk-content-align stk-14818bf-column alignwide\">\n<div class=\"wp-block-stackable-column stk-block-column stk-column stk-block stk-bafc9db\" data-v=\"4\" data-block-id=\"bafc9db\"><div class=\"stk-column-wrapper stk-block-column__content stk-container stk-bafc9db-container stk--no-background stk--no-padding\"><div class=\"stk-block-content stk-inner-blocks stk-bafc9db-inner-blocks\">\n<div class=\"wp-block-stackable-heading stk-block-heading stk-block-heading--v2 stk-block stk-79a8fe1\" id=\"over-de-regio\" data-block-id=\"79a8fe1\"><style>.stk-79a8fe1 .stk-block-heading__text{font-family:\"IBM Plex Sans\", Sans-serif !important;}<\/style><h2 class=\"stk-block-heading__text has-text-align-center\">\u00dcber die Region<\/h2><\/div>\n\n\n\n<div class=\"wp-block-stackable-columns stk-block-columns stk-block stk-5529ff8\" data-block-id=\"5529ff8\"><div class=\"stk-row stk-inner-blocks stk-block-content stk-content-align stk-5529ff8-column\">\n<div class=\"wp-block-stackable-column stk-block-column stk-column stk-block stk-c42b3fa\" data-v=\"4\" data-block-id=\"c42b3fa\"><div class=\"stk-column-wrapper stk-block-column__content stk-container stk-c42b3fa-container stk--no-background stk--no-padding\"><div class=\"stk-block-content stk-inner-blocks stk-c42b3fa-inner-blocks\">\n<div class=\"wp-block-stackable-card stk-block-card stk-block stk-6df894d is-style-default\" data-v=\"2\" data-block-id=\"6df894d\"><div class=\"stk--no-padding stk-container stk-6df894d-container stk-hover-parent\"><figure class=\"stk-block-card__image stk-img-wrapper stk-image--shape-stretch\"><img loading=\"lazy\" decoding=\"async\" class=\"stk-img wp-image-761\" src=\"https:\/\/vakantiehuis-oostenrijk.be\/wp-content\/uploads\/2023\/01\/IMG_4626-Zicht-op-Donnersbachtal-scaled.jpg\" width=\"1920\" height=\"2560\" alt=\"Wundersch\u00f6ne Aussicht auf das Donnersbachtal\" srcset=\"https:\/\/vakantiehuis-oostenrijk.be\/wp-content\/uploads\/2023\/01\/IMG_4626-Zicht-op-Donnersbachtal-scaled.jpg 1920w, https:\/\/vakantiehuis-oostenrijk.be\/wp-content\/uploads\/2023\/01\/IMG_4626-Zicht-op-Donnersbachtal-225x300.jpg 225w, https:\/\/vakantiehuis-oostenrijk.be\/wp-content\/uploads\/2023\/01\/IMG_4626-Zicht-op-Donnersbachtal-768x1024.jpg 768w, https:\/\/vakantiehuis-oostenrijk.be\/wp-content\/uploads\/2023\/01\/IMG_4626-Zicht-op-Donnersbachtal-1152x1536.jpg 1152w, https:\/\/vakantiehuis-oostenrijk.be\/wp-content\/uploads\/2023\/01\/IMG_4626-Zicht-op-Donnersbachtal-1536x2048.jpg 1536w\" sizes=\"auto, (max-width: 1920px) 100vw, 1920px\" \/><\/figure><div class=\"stk-container-padding stk-block-card__content\"><div class=\"stk-block-content stk-inner-blocks stk-6df894d-inner-blocks\">\n<div class=\"wp-block-stackable-heading stk-block-heading stk-block-heading--v2 stk-block stk-c99bcf8\" id=\"in-de-zomer\" data-block-id=\"c99bcf8\"><style>.stk-c99bcf8 .stk-block-heading__text{font-size:32px !important;}@media screen and (max-width:999px){.stk-c99bcf8 .stk-block-heading__text{font-size:32px !important;}}<\/style><h3 class=\"stk-block-heading__text has-text-align-center\">Im Sommer<\/h3><\/div>\n\n\n\n<div class=\"wp-block-stackable-text stk-block-text stk-block stk-1376afd\" data-block-id=\"1376afd\"><style>.stk-1376afd {min-height:155px !important;margin-bottom:6px !important;}<\/style><p class=\"stk-block-text__text\">Im Sommer kommen Sie hierher, um Natur, Abenteuer und Kultur zu erleben. Sie k\u00f6nnen hier endlose Wanderungen machen. Dar\u00fcber hinaus k\u00f6nnen Sie E-Bike, E-Motorcross (f\u00fcr Kinder), Bogenschie\u00dfen, Fliegenfischen, Schwimmen und vieles mehr.<\/p><\/div>\n\n\n\n<div class=\"wp-block-stackable-button-group stk-block-button-group stk-block stk-54bdb46\" data-block-id=\"54bdb46\"><style>.stk-54bdb46 .stk-button-group{flex-direction:row !important;}@media screen and (max-width:999px){.stk-54bdb46 .stk-button-group{flex-direction:row !important;}}@media screen and (max-width:689px){.stk-54bdb46 .stk-button-group{flex-direction:row !important;}}<\/style><div class=\"stk-row stk-inner-blocks has-text-align-center stk-block-content stk-button-group\">\n<div class=\"wp-block-stackable-button stk-block-button stk-block stk-08ce485\" data-block-id=\"08ce485\"><style>.stk-08ce485 .stk-button{padding-right:32px !important;padding-left:32px !important;background:#9d9a53 !important;}.stk-08ce485 .stk-button__inner-text{font-family:\"IBM Plex Sans\", Sans-serif !important;}<\/style><a class=\"stk-link stk-button stk--hover-effect-darken\" href=\"https:\/\/vakantiehuis-oostenrijk.be\/zomervakantie\/\"><span class=\"stk-button__inner-text\">Mehr infos<\/span><\/a><\/div>\n<\/div><\/div>\n<\/div><\/div><\/div><\/div>\n<\/div><\/div><\/div>\n\n\n\n<div class=\"wp-block-stackable-column stk-block-column stk-column stk-block stk-2f079e6\" data-v=\"4\" data-block-id=\"2f079e6\"><div class=\"stk-column-wrapper stk-block-column__content stk-container stk-2f079e6-container stk--no-background stk--no-padding\"><div class=\"stk-block-content stk-inner-blocks stk-2f079e6-inner-blocks\">\n<div class=\"wp-block-stackable-card stk-block-card stk-block stk-55a5b7b is-style-default\" data-v=\"2\" data-block-id=\"55a5b7b\"><div class=\"stk--no-padding stk-container stk-55a5b7b-container stk-hover-parent\"><figure class=\"stk-block-card__image stk-img-wrapper stk-image--shape-stretch\"><img loading=\"lazy\" decoding=\"async\" class=\"stk-img wp-image-537\" src=\"https:\/\/vakantiehuis-oostenrijk.be\/wp-content\/uploads\/2023\/01\/skigebiet_riesneralm_n3270-60637-1_raw-scaled.jpg\" width=\"2560\" height=\"1714\" alt=\"Herrliche Aussicht auf das Donnersbachtal von der Panoramapiste auf der Riesneralm, 2 km vom Ferienhaus Haus Erna entfernt.\" srcset=\"https:\/\/vakantiehuis-oostenrijk.be\/wp-content\/uploads\/2023\/01\/skigebiet_riesneralm_n3270-60637-1_raw-scaled.jpg 2560w, https:\/\/vakantiehuis-oostenrijk.be\/wp-content\/uploads\/2023\/01\/skigebiet_riesneralm_n3270-60637-1_raw-300x201.jpg 300w, https:\/\/vakantiehuis-oostenrijk.be\/wp-content\/uploads\/2023\/01\/skigebiet_riesneralm_n3270-60637-1_raw-1024x685.jpg 1024w, https:\/\/vakantiehuis-oostenrijk.be\/wp-content\/uploads\/2023\/01\/skigebiet_riesneralm_n3270-60637-1_raw-768x514.jpg 768w, https:\/\/vakantiehuis-oostenrijk.be\/wp-content\/uploads\/2023\/01\/skigebiet_riesneralm_n3270-60637-1_raw-1536x1028.jpg 1536w, https:\/\/vakantiehuis-oostenrijk.be\/wp-content\/uploads\/2023\/01\/skigebiet_riesneralm_n3270-60637-1_raw-2048x1371.jpg 2048w\" sizes=\"auto, (max-width: 2560px) 100vw, 2560px\" \/><\/figure><div class=\"stk-container-padding stk-block-card__content\"><div class=\"stk-block-content stk-inner-blocks stk-55a5b7b-inner-blocks\">\n<div class=\"wp-block-stackable-heading stk-block-heading stk-block-heading--v2 stk-block stk-35256d7\" id=\"in-de-winter\" data-block-id=\"35256d7\"><style>.stk-35256d7 .stk-block-heading__text{font-size:32px !important;}@media screen and (max-width:999px){.stk-35256d7 .stk-block-heading__text{font-size:32px !important;}}<\/style><h3 class=\"stk-block-heading__text has-text-align-center\">Im Winter<\/h3><\/div>\n\n\n\n<div class=\"wp-block-stackable-text stk-block-text stk-block stk-52ae289\" data-block-id=\"52ae289\"><style>.stk-52ae289 {min-height:155px !important;margin-bottom:5px !important;}<\/style><p class=\"stk-block-text__text\">Im Winter k\u00f6nnen Sie hier Skifahren, Langlaufen oder Wandern. Der Skilift Riesneralm ist weniger als 2 km entfernt. Die Langlaufloipe beginnt direkt am Chaletpark. Sie wollen etwas Abwechslung? Andere Skigebiete sind nicht so weit entfernt und k\u00f6nnen leicht mit dem Auto erreicht werden.<\/p><\/div>\n\n\n\n<div class=\"wp-block-stackable-button-group stk-block-button-group stk-block stk-e6a121d\" data-block-id=\"e6a121d\"><style>.stk-e6a121d .stk-button-group{flex-direction:row !important;}@media screen and (max-width:999px){.stk-e6a121d .stk-button-group{flex-direction:row !important;}}@media screen and (max-width:689px){.stk-e6a121d .stk-button-group{flex-direction:row !important;}}<\/style><div class=\"stk-row stk-inner-blocks has-text-align-center stk-block-content stk-button-group\">\n<div class=\"wp-block-stackable-button stk-block-button has-text-align-center stk-block stk-a38e822\" data-block-id=\"a38e822\"><style>.stk-a38e822 .stk-button{padding-right:32px !important;padding-left:32px !important;background:#9d9a53 !important;}.stk-a38e822 .stk-button__inner-text{font-family:\"IBM Plex Sans\", Sans-serif !important;}<\/style><a class=\"stk-link stk-button stk--hover-effect-darken\" href=\"https:\/\/vakantiehuis-oostenrijk.be\/en\/ski-holidays\/\"><span class=\"stk-button__inner-text\">Mehr infos<\/span><\/a><\/div>\n<\/div><\/div>\n<\/div><\/div><\/div><\/div>\n<\/div><\/div><\/div>\n<\/div><\/div>\n<\/div><\/div><\/div>\n<\/div><\/div>\n","protected":false},"excerpt":{"rendered":"<p>Haus Erna ist ein luxuri\u00f6ses Ferienhaus in \u00d6sterreich. 2 km von den Skipisten. Es verf\u00fcgt \u00fcber eine \u00fcberdachte Terrasse, eine Sauna und einen Whirlwanne.<\/p>\n","protected":false},"author":1,"featured_media":1570,"parent":0,"menu_order":0,"comment_status":"closed","ping_status":"closed","template":"","meta":{"footnotes":""},"class_list":["post-1781","page","type-page","status-publish","has-post-thumbnail","hentry"],"blocksy_meta":{"page_title_panel":"","has_hero_section":"disabled","94d8266d861ee2b6716f6fd6d3d1a6be":"","hero_section":"type-1","hero_elements":[{"id":"custom_title","enabled":true,"heading_tag":"h1","title":"Home"},{"id":"custom_description","enabled":true,"description_visibility":{"desktop":true,"tablet":true,"mobile":false}},{"id":"custom_meta","enabled":false,"meta_elements":[{"id":"author","enabled":true,"label":"By","has_author_avatar":"yes","avatar_size":25},{"id":"post_date","enabled":true,"label":"On","date_format_source":"default","date_format":"M j, Y"},{"id":"updated_date","enabled":false,"label":"On","date_format_source":"default","date_format":"M j, Y"},{"id":"categories","enabled":false,"label":"In","style":"simple"},{"id":"comments","enabled":true}],"page_meta_elements":{"joined":true,"articles_count":true,"comments":true}},{"id":"breadcrumbs","enabled":false}],"f41aead3c6029a63e8b257ac6a2ca3e7":"","hero_alignment1":"CT_CSS_SKIP_RULE","hero_margin":40,"hero_alignment2":"center","hero_vertical_alignment":"center","958dd5eda46e66e7c247ff10323fe14a":"","hero_structure":"narrow","e76ba1b6387eed561df1f2c7aebbb52f":"","page_title_bg_type":"featured_image","custom_hero_background":{"attachment_id":null},"parallax":{"desktop":false,"tablet":false,"mobile":false},"69745599bfaa2aa0fb056d487524d265":"","hero_height":"250px","pageTitleFont":{"family":"Default","variation":"Default","size":"30px","line-height":"CT_CSS_SKIP_RULE","letter-spacing":"CT_CSS_SKIP_RULE","text-transform":"CT_CSS_SKIP_RULE","text-decoration":"CT_CSS_SKIP_RULE"},"pageTitleFontColor":{"default":{"color":"CT_CSS_SKIP_RULEDEFAULT"}},"pageMetaFont":{"family":"Default","variation":"n6","size":"12px","line-height":"1.3","letter-spacing":"CT_CSS_SKIP_RULE","text-transform":"uppercase","text-decoration":"CT_CSS_SKIP_RULE"},"pageMetaFontColor":{"default":{"color":"CT_CSS_SKIP_RULEDEFAULT"},"hover":{"color":"CT_CSS_SKIP_RULEDEFAULT"}},"page_meta_button_type_font_colors":{"default":{"color":"CT_CSS_SKIP_RULEDEFAULT"},"hover":{"color":"CT_CSS_SKIP_RULEDEFAULT"}},"page_meta_button_type_background_colors":{"default":{"color":"CT_CSS_SKIP_RULEDEFAULT"},"hover":{"color":"CT_CSS_SKIP_RULEDEFAULT"}},"pageExcerptFont":{"family":"Default","variation":"Default","size":"CT_CSS_SKIP_RULE","line-height":"CT_CSS_SKIP_RULE","letter-spacing":"CT_CSS_SKIP_RULE","text-transform":"CT_CSS_SKIP_RULE","text-decoration":"CT_CSS_SKIP_RULE"},"pageExcerptColor":{"default":{"color":"CT_CSS_SKIP_RULEDEFAULT"}},"breadcrumbsFont":{"family":"Default","variation":"Default","size":"CT_CSS_SKIP_RULE","line-height":"CT_CSS_SKIP_RULE","letter-spacing":"CT_CSS_SKIP_RULE","text-transform":"CT_CSS_SKIP_RULE","text-decoration":"CT_CSS_SKIP_RULE"},"breadcrumbsFontColor":{"default":{"color":"CT_CSS_SKIP_RULEDEFAULT"},"initial":{"color":"CT_CSS_SKIP_RULEDEFAULT"},"hover":{"color":"CT_CSS_SKIP_RULEDEFAULT"}},"pageTitleOverlay":{"background_type":"color","background_pattern":"type-1","background_image":{"attachment_id":null,"x":0,"y":0},"gradient":"linear-gradient(135deg,rgba(6,147,227,1) 0%,rgb(155,81,224) 100%)","background_repeat":"repeat","background_size":"auto","background_attachment":"scroll","patternColor":{"default":{"color":"#e5e7ea"}},"overlayColor":{"default":{"color":"CT_CSS_SKIP_RULE"}},"backgroundColor":{"default":{"color":"CT_CSS_SKIP_RULE"}}},"pageTitleBackground":{"background_type":"color","background_pattern":"type-1","background_image":{"attachment_id":null,"x":0,"y":0},"gradient":"linear-gradient(135deg,rgba(6,147,227,1) 0%,rgb(155,81,224) 100%)","background_repeat":"repeat","background_size":"auto","background_attachment":"scroll","patternColor":{"default":{"color":"#e5e7ea"}},"overlayColor":{"default":{"color":"CT_CSS_SKIP_RULE"}},"backgroundColor":{"default":{"color":"var(--theme-palette-color-6)"}}},"pageTitlePadding":{"top":"50px","bottom":"50px","left":"auto","right":"auto","linked":true},"1d93e8be71fc37159bd056a6b4eb4d5f":"","page_structure_type":"default","4cb75e1abd4c273f3e6ebcb528cec230":"","content_style_source":"inherit","content_style":"wide","vertical_spacing_source":"custom","content_area_spacing":"none","background":{"background_type":"color","background_pattern":"type-1","background_image":{"attachment_id":null,"x":0,"y":0},"gradient":"linear-gradient(135deg,rgba(6,147,227,1) 0%,rgb(155,81,224) 100%)","background_repeat":"repeat","background_size":"auto","background_attachment":"scroll","patternColor":{"default":{"color":"#e5e7ea"}},"overlayColor":{"default":{"color":"CT_CSS_SKIP_RULE"}},"backgroundColor":{"default":{"color":"CT_CSS_SKIP_RULE"}}},"content_background":{"background_type":"color","background_pattern":"type-1","background_image":{"attachment_id":null,"x":0,"y":0},"gradient":"linear-gradient(135deg,rgba(6,147,227,1) 0%,rgb(155,81,224) 100%)","background_repeat":"repeat","background_size":"auto","background_attachment":"scroll","patternColor":{"default":{"color":"#e5e7ea"}},"overlayColor":{"default":{"color":"CT_CSS_SKIP_RULE"}},"backgroundColor":{"default":{"color":"var(--theme-palette-color-8)"}}},"content_boxed_shadow":{"inherit":false,"blur":18,"spread":-6,"v_offset":12,"h_offset":0,"inset":false,"enable":true,"color":{"color":"rgba(34, 56, 101, 0.04)"}},"boxed_content_spacing":{"desktop":{"top":"40px","bottom":"40px","left":"40px","right":"40px","linked":true},"tablet":{"top":"35px","bottom":"35px","left":"35px","right":"35px","linked":true},"mobile":{"top":"20px","bottom":"20px","left":"20px","right":"20px","linked":true}},"content_boxed_radius":{"top":"3px","bottom":"3px","left":"3px","right":"3px","linked":true},"ce8d94c2c91a29d6c4a43d5fbe270ee8":"","disable_featured_image":"no","disable_share_box":"no","disable_header":"no","disable_footer":"no","styles_descriptor":{"styles":{"desktop":"","tablet":"","mobile":""},"google_fonts":[],"version":6},"0bdd0234b28097fc42e445f7265d2d97":"","1dba879f1a3512beca8ecaa67c8826cf":"","01608b75f526e026d1a10c5a6a605905":"","a9a164a284b2f069eae6794fed043719":"","page_title_image_size":"full","99ba9445fef6fce08f5ddb841c111b4f":"","1da22788892fe5dbd68c28abc1f238ac":"","dbe5ab7daaf70bb3dbf48f8490e292db":"","content_boxed_border":{"width":1,"style":"none","color":{"color":"rgba(44,62,80,0.2)"}},"324ce83596d3bf215652f28da66f0f6c":"","af7d949a3007292a70facdbe3fbdc449":"","44d7fea772623e7f906f526dc09105c4":"","79afdc3aa8ac1721e8f37c6987ef931c":"","69cd9ca2d01a6f1bd95bbde7dde3013f":"","9527b33741fa22ce90f46fd55a9bb8a7":"","d741c7fa1b3263320ba6f6a1c2145989":"","32ce9aa0ebfbdfe6893fd4e260da77b3":"","c176f6a6b55f4f84bb93e992c27eeba3":""},"yoast_head":"<!-- This site is optimized with the Yoast SEO plugin v27.5 - https:\/\/yoast.com\/product\/yoast-seo-wordpress\/ -->\n<title>Haus Erna | Luxuri\u00f6ses Ferienhaus in \u00d6sterreich in der N\u00e4he der Skipisten<\/title>\n<meta name=\"description\" content=\"Haus Erna ist ein luxuri\u00f6ses Ferienhaus in \u00d6sterreich. 2 km von den Skipisten. Es verf\u00fcgt \u00fcber eine \u00fcberdachte Terrasse, eine Sauna und einen Whirlwanne.\" \/>\n<meta name=\"robots\" content=\"index, follow, max-snippet:-1, max-image-preview:large, max-video-preview:-1\" \/>\n<link rel=\"canonical\" href=\"https:\/\/vakantiehuis-oostenrijk.be\/de\/\" \/>\n<meta property=\"og:locale\" content=\"de_DE\" \/>\n<meta property=\"og:type\" content=\"article\" \/>\n<meta property=\"og:title\" content=\"Haus Erna | Luxuri\u00f6ses Ferienhaus in \u00d6sterreich in der N\u00e4he der Skipisten\" \/>\n<meta property=\"og:description\" content=\"Haus Erna ist ein luxuri\u00f6ses Ferienhaus in \u00d6sterreich. 2 km von den Skipisten. Es verf\u00fcgt \u00fcber eine \u00fcberdachte Terrasse, eine Sauna und einen Whirlwanne.\" \/>\n<meta property=\"og:url\" content=\"https:\/\/vakantiehuis-oostenrijk.be\/de\/\" \/>\n<meta property=\"og:site_name\" content=\"Luxuri\u00f6ses Ferienhaus in \u00d6sterreich in der N\u00e4he der Skipisten\" \/>\n<meta property=\"article:modified_time\" content=\"2025-01-29T20:24:26+00:00\" \/>\n<meta property=\"og:image\" content=\"https:\/\/vakantiehuis-oostenrijk.be\/wp-content\/uploads\/2023\/01\/IMG_4428-Vooraanzicht-scaled.jpg\" \/>\n\t<meta property=\"og:image:width\" content=\"2560\" \/>\n\t<meta property=\"og:image:height\" content=\"1920\" \/>\n\t<meta property=\"og:image:type\" content=\"image\/jpeg\" \/>\n<meta name=\"twitter:card\" content=\"summary_large_image\" \/>\n<meta name=\"twitter:label1\" content=\"Gesch\u00e4tzte Lesezeit\" \/>\n\t<meta name=\"twitter:data1\" content=\"1\u00a0Minute\" \/>\n<script type=\"application\/ld+json\" class=\"yoast-schema-graph\">{\"@context\":\"https:\\\/\\\/schema.org\",\"@graph\":[{\"@type\":\"WebPage\",\"@id\":\"https:\\\/\\\/vakantiehuis-oostenrijk.be\\\/de\\\/\",\"url\":\"https:\\\/\\\/vakantiehuis-oostenrijk.be\\\/de\\\/\",\"name\":\"Haus Erna | Luxuri\u00f6ses Ferienhaus in \u00d6sterreich in der N\u00e4he der Skipisten\",\"isPartOf\":{\"@id\":\"https:\\\/\\\/vakantiehuis-oostenrijk.be\\\/de\\\/#website\"},\"primaryImageOfPage\":{\"@id\":\"https:\\\/\\\/vakantiehuis-oostenrijk.be\\\/de\\\/#primaryimage\"},\"image\":{\"@id\":\"https:\\\/\\\/vakantiehuis-oostenrijk.be\\\/de\\\/#primaryimage\"},\"thumbnailUrl\":\"https:\\\/\\\/vakantiehuis-oostenrijk.be\\\/wp-content\\\/uploads\\\/2023\\\/01\\\/IMG_4428-Vooraanzicht-scaled.jpg\",\"datePublished\":\"2023-02-14T10:05:06+00:00\",\"dateModified\":\"2025-01-29T20:24:26+00:00\",\"description\":\"Haus Erna ist ein luxuri\u00f6ses Ferienhaus in \u00d6sterreich. 2 km von den Skipisten. Es verf\u00fcgt \u00fcber eine \u00fcberdachte Terrasse, eine Sauna und einen Whirlwanne.\",\"breadcrumb\":{\"@id\":\"https:\\\/\\\/vakantiehuis-oostenrijk.be\\\/de\\\/#breadcrumb\"},\"inLanguage\":\"de\",\"potentialAction\":[{\"@type\":\"ReadAction\",\"target\":[\"https:\\\/\\\/vakantiehuis-oostenrijk.be\\\/de\\\/\"]}]},{\"@type\":\"ImageObject\",\"inLanguage\":\"de\",\"@id\":\"https:\\\/\\\/vakantiehuis-oostenrijk.be\\\/de\\\/#primaryimage\",\"url\":\"https:\\\/\\\/vakantiehuis-oostenrijk.be\\\/wp-content\\\/uploads\\\/2023\\\/01\\\/IMG_4428-Vooraanzicht-scaled.jpg\",\"contentUrl\":\"https:\\\/\\\/vakantiehuis-oostenrijk.be\\\/wp-content\\\/uploads\\\/2023\\\/01\\\/IMG_4428-Vooraanzicht-scaled.jpg\",\"width\":2560,\"height\":1920,\"caption\":\"Sommerterrasse des Ferienchalets Haus Erna in \u00d6sterreich\"},{\"@type\":\"BreadcrumbList\",\"@id\":\"https:\\\/\\\/vakantiehuis-oostenrijk.be\\\/de\\\/#breadcrumb\",\"itemListElement\":[{\"@type\":\"ListItem\",\"position\":1,\"name\":\"Home\",\"item\":\"https:\\\/\\\/vakantiehuis-oostenrijk.be\\\/de\\\/\"},{\"@type\":\"ListItem\",\"position\":2,\"name\":\"Haus Erna\"}]},{\"@type\":\"WebSite\",\"@id\":\"https:\\\/\\\/vakantiehuis-oostenrijk.be\\\/de\\\/#website\",\"url\":\"https:\\\/\\\/vakantiehuis-oostenrijk.be\\\/de\\\/\",\"name\":\"Vakantiehuis - Oostenrijk - Haus Erna - Skivakantie - Zomervakantie\",\"description\":\"Ferienhaus Haus Erna mit \u00fcberdachter Terrasse, Sauna und Whirlpool in \u00d6sterreich direkt an der Skipiste\",\"publisher\":{\"@id\":\"https:\\\/\\\/vakantiehuis-oostenrijk.be\\\/de\\\/#organization\"},\"alternateName\":\"Luxe chalet - wellness - dichtbij skigebied - Oostenrijk\",\"potentialAction\":[{\"@type\":\"SearchAction\",\"target\":{\"@type\":\"EntryPoint\",\"urlTemplate\":\"https:\\\/\\\/vakantiehuis-oostenrijk.be\\\/de\\\/?s={search_term_string}\"},\"query-input\":{\"@type\":\"PropertyValueSpecification\",\"valueRequired\":true,\"valueName\":\"search_term_string\"}}],\"inLanguage\":\"de\"},{\"@type\":\"Organization\",\"@id\":\"https:\\\/\\\/vakantiehuis-oostenrijk.be\\\/de\\\/#organization\",\"name\":\"Haus Erna\",\"alternateName\":\"Vakantiehuis Oostenrijk\",\"url\":\"https:\\\/\\\/vakantiehuis-oostenrijk.be\\\/de\\\/\",\"logo\":{\"@type\":\"ImageObject\",\"inLanguage\":\"de\",\"@id\":\"https:\\\/\\\/vakantiehuis-oostenrijk.be\\\/de\\\/#\\\/schema\\\/logo\\\/image\\\/\",\"url\":\"https:\\\/\\\/vakantiehuis-oostenrijk.be\\\/wp-content\\\/uploads\\\/2023\\\/02\\\/Logo-Erna-lijndikte-7-Verkleind-1-e1676494405536.jpg\",\"contentUrl\":\"https:\\\/\\\/vakantiehuis-oostenrijk.be\\\/wp-content\\\/uploads\\\/2023\\\/02\\\/Logo-Erna-lijndikte-7-Verkleind-1-e1676494405536.jpg\",\"width\":100,\"height\":100,\"caption\":\"Haus Erna\"},\"image\":{\"@id\":\"https:\\\/\\\/vakantiehuis-oostenrijk.be\\\/de\\\/#\\\/schema\\\/logo\\\/image\\\/\"}}]}<\/script>\n<!-- \/ Yoast SEO plugin. -->","yoast_head_json":{"title":"Haus Erna | Luxuri\u00f6ses Ferienhaus in \u00d6sterreich in der N\u00e4he der Skipisten","description":"Haus Erna ist ein luxuri\u00f6ses Ferienhaus in \u00d6sterreich. 2 km von den Skipisten. Es verf\u00fcgt \u00fcber eine \u00fcberdachte Terrasse, eine Sauna und einen Whirlwanne.","robots":{"index":"index","follow":"follow","max-snippet":"max-snippet:-1","max-image-preview":"max-image-preview:large","max-video-preview":"max-video-preview:-1"},"canonical":"https:\/\/vakantiehuis-oostenrijk.be\/de\/","og_locale":"de_DE","og_type":"article","og_title":"Haus Erna | Luxuri\u00f6ses Ferienhaus in \u00d6sterreich in der N\u00e4he der Skipisten","og_description":"Haus Erna ist ein luxuri\u00f6ses Ferienhaus in \u00d6sterreich. 2 km von den Skipisten. Es verf\u00fcgt \u00fcber eine \u00fcberdachte Terrasse, eine Sauna und einen Whirlwanne.","og_url":"https:\/\/vakantiehuis-oostenrijk.be\/de\/","og_site_name":"Luxuri\u00f6ses Ferienhaus in \u00d6sterreich in der N\u00e4he der Skipisten","article_modified_time":"2025-01-29T20:24:26+00:00","og_image":[{"width":2560,"height":1920,"url":"https:\/\/vakantiehuis-oostenrijk.be\/wp-content\/uploads\/2023\/01\/IMG_4428-Vooraanzicht-scaled.jpg","type":"image\/jpeg"}],"twitter_card":"summary_large_image","twitter_misc":{"Gesch\u00e4tzte Lesezeit":"1\u00a0Minute"},"schema":{"@context":"https:\/\/schema.org","@graph":[{"@type":"WebPage","@id":"https:\/\/vakantiehuis-oostenrijk.be\/de\/","url":"https:\/\/vakantiehuis-oostenrijk.be\/de\/","name":"Haus Erna | Luxuri\u00f6ses Ferienhaus in \u00d6sterreich in der N\u00e4he der Skipisten","isPartOf":{"@id":"https:\/\/vakantiehuis-oostenrijk.be\/de\/#website"},"primaryImageOfPage":{"@id":"https:\/\/vakantiehuis-oostenrijk.be\/de\/#primaryimage"},"image":{"@id":"https:\/\/vakantiehuis-oostenrijk.be\/de\/#primaryimage"},"thumbnailUrl":"https:\/\/vakantiehuis-oostenrijk.be\/wp-content\/uploads\/2023\/01\/IMG_4428-Vooraanzicht-scaled.jpg","datePublished":"2023-02-14T10:05:06+00:00","dateModified":"2025-01-29T20:24:26+00:00","description":"Haus Erna ist ein luxuri\u00f6ses Ferienhaus in \u00d6sterreich. 2 km von den Skipisten. Es verf\u00fcgt \u00fcber eine \u00fcberdachte Terrasse, eine Sauna und einen Whirlwanne.","breadcrumb":{"@id":"https:\/\/vakantiehuis-oostenrijk.be\/de\/#breadcrumb"},"inLanguage":"de","potentialAction":[{"@type":"ReadAction","target":["https:\/\/vakantiehuis-oostenrijk.be\/de\/"]}]},{"@type":"ImageObject","inLanguage":"de","@id":"https:\/\/vakantiehuis-oostenrijk.be\/de\/#primaryimage","url":"https:\/\/vakantiehuis-oostenrijk.be\/wp-content\/uploads\/2023\/01\/IMG_4428-Vooraanzicht-scaled.jpg","contentUrl":"https:\/\/vakantiehuis-oostenrijk.be\/wp-content\/uploads\/2023\/01\/IMG_4428-Vooraanzicht-scaled.jpg","width":2560,"height":1920,"caption":"Sommerterrasse des Ferienchalets Haus Erna in \u00d6sterreich"},{"@type":"BreadcrumbList","@id":"https:\/\/vakantiehuis-oostenrijk.be\/de\/#breadcrumb","itemListElement":[{"@type":"ListItem","position":1,"name":"Home","item":"https:\/\/vakantiehuis-oostenrijk.be\/de\/"},{"@type":"ListItem","position":2,"name":"Haus Erna"}]},{"@type":"WebSite","@id":"https:\/\/vakantiehuis-oostenrijk.be\/de\/#website","url":"https:\/\/vakantiehuis-oostenrijk.be\/de\/","name":"Vakantiehuis - Oostenrijk - Haus Erna - Skivakantie - Zomervakantie","description":"Ferienhaus Haus Erna mit \u00fcberdachter Terrasse, Sauna und Whirlpool in \u00d6sterreich direkt an der Skipiste","publisher":{"@id":"https:\/\/vakantiehuis-oostenrijk.be\/de\/#organization"},"alternateName":"Luxe chalet - wellness - dichtbij skigebied - Oostenrijk","potentialAction":[{"@type":"SearchAction","target":{"@type":"EntryPoint","urlTemplate":"https:\/\/vakantiehuis-oostenrijk.be\/de\/?s={search_term_string}"},"query-input":{"@type":"PropertyValueSpecification","valueRequired":true,"valueName":"search_term_string"}}],"inLanguage":"de"},{"@type":"Organization","@id":"https:\/\/vakantiehuis-oostenrijk.be\/de\/#organization","name":"Haus Erna","alternateName":"Vakantiehuis Oostenrijk","url":"https:\/\/vakantiehuis-oostenrijk.be\/de\/","logo":{"@type":"ImageObject","inLanguage":"de","@id":"https:\/\/vakantiehuis-oostenrijk.be\/de\/#\/schema\/logo\/image\/","url":"https:\/\/vakantiehuis-oostenrijk.be\/wp-content\/uploads\/2023\/02\/Logo-Erna-lijndikte-7-Verkleind-1-e1676494405536.jpg","contentUrl":"https:\/\/vakantiehuis-oostenrijk.be\/wp-content\/uploads\/2023\/02\/Logo-Erna-lijndikte-7-Verkleind-1-e1676494405536.jpg","width":100,"height":100,"caption":"Haus Erna"},"image":{"@id":"https:\/\/vakantiehuis-oostenrijk.be\/de\/#\/schema\/logo\/image\/"}}]}},"_links":{"self":[{"href":"https:\/\/vakantiehuis-oostenrijk.be\/de\/wp-json\/wp\/v2\/pages\/1781","targetHints":{"allow":["GET"]}}],"collection":[{"href":"https:\/\/vakantiehuis-oostenrijk.be\/de\/wp-json\/wp\/v2\/pages"}],"about":[{"href":"https:\/\/vakantiehuis-oostenrijk.be\/de\/wp-json\/wp\/v2\/types\/page"}],"author":[{"embeddable":true,"href":"https:\/\/vakantiehuis-oostenrijk.be\/de\/wp-json\/wp\/v2\/users\/1"}],"replies":[{"embeddable":true,"href":"https:\/\/vakantiehuis-oostenrijk.be\/de\/wp-json\/wp\/v2\/comments?post=1781"}],"version-history":[{"count":10,"href":"https:\/\/vakantiehuis-oostenrijk.be\/de\/wp-json\/wp\/v2\/pages\/1781\/revisions"}],"predecessor-version":[{"id":4373,"href":"https:\/\/vakantiehuis-oostenrijk.be\/de\/wp-json\/wp\/v2\/pages\/1781\/revisions\/4373"}],"wp:featuredmedia":[{"embeddable":true,"href":"https:\/\/vakantiehuis-oostenrijk.be\/de\/wp-json\/wp\/v2\/media\/1570"}],"wp:attachment":[{"href":"https:\/\/vakantiehuis-oostenrijk.be\/de\/wp-json\/wp\/v2\/media?parent=1781"}],"curies":[{"name":"wp","href":"https:\/\/api.w.org\/{rel}","templated":true}]}}